{"id":8614,"date":"2023-02-07T13:53:55","date_gmt":"2023-02-07T12:53:55","guid":{"rendered":"https:\/\/www.maimarkt-turnier.de\/?page_id=8614"},"modified":"2026-06-17T08:21:12","modified_gmt":"2026-06-17T07:21:12","slug":"presse","status":"publish","type":"page","link":"https:\/\/www.maimarkt-turnier.de\/presse\/","title":{"rendered":"Presse"},"content":{"rendered":"[et_pb_section fb_built=&#8221;1&#8243; custom_padding_last_edited=&#8221;on|phone&#8221; admin_label=&#8221;Header&#8221; _builder_version=&#8221;4.16&#8243; _module_preset=&#8221;default&#8221; background_color=&#8221;#002744&#8243; module_alignment=&#8221;center&#8221; height=&#8221;600px&#8221; height_tablet=&#8221;500px&#8221; height_phone=&#8221;500px&#8221; height_last_edited=&#8221;on|tablet&#8221; custom_padding=&#8221;80px|25px|80px|25px|false|false&#8221; custom_padding_tablet=&#8221;60px|25px|60px|25px|false|false&#8221; custom_padding_phone=&#8221;40px|20px|40px|20px|false|false&#8221; global_colors_info=&#8221;{}&#8221;][et_pb_row column_structure=&#8221;1_2,1_2&#8243; use_custom_gutter=&#8221;on&#8221; module_class=&#8221;header-mobile&#8221; _builder_version=&#8221;4.16&#8243; _module_preset=&#8221;default&#8221; width=&#8221;100%&#8221; width_tablet=&#8221;100%&#8221; width_phone=&#8221;100%&#8221; width_last_edited=&#8221;on|phone&#8221; max_width=&#8221;1200px&#8221; max_width_tablet=&#8221;none&#8221; max_width_phone=&#8221;none&#8221; max_width_last_edited=&#8221;on|phone&#8221; module_alignment=&#8221;center&#8221; custom_margin=&#8221;||||false|false&#8221; custom_padding=&#8221;||||false|false&#8221; module_alignment_tablet=&#8221;&#8221; module_alignment_phone=&#8221;&#8221; module_alignment_last_edited=&#8221;on|tablet&#8221; global_colors_info=&#8221;{}&#8221;][et_pb_column type=&#8221;1_2&#8243; _builder_version=&#8221;4.16&#8243; _module_preset=&#8221;default&#8221; custom_padding=&#8221;||||false|false&#8221; global_colors_info=&#8221;{}&#8221;][et_pb_text _builder_version=&#8221;4.20.2&#8243; _module_preset=&#8221;default&#8221; background_layout=&#8221;dark&#8221; custom_margin_tablet=&#8221;&#8221; custom_margin_phone=&#8221;&#8221; custom_margin_last_edited=&#8221;on|phone&#8221; custom_padding=&#8221;0px|0px|0px|0px|false|false&#8221; text_orientation_tablet=&#8221;left&#8221; text_orientation_phone=&#8221;center&#8221; text_orientation_last_edited=&#8221;on|phone&#8221; global_colors_info=&#8221;{}&#8221;]\n<h1>Presse<\/h1>\n[\/et_pb_text][\/et_pb_column][et_pb_column type=&#8221;1_2&#8243; _builder_version=&#8221;4.16&#8243; _module_preset=&#8221;default&#8221; global_colors_info=&#8221;{}&#8221;][et_pb_image src=&#8221;https:\/\/www.maimarkt-turnier.de\/wp-content\/uploads\/2023\/02\/Grafik_MMT_Dressur.png&#8221; title_text=&#8221;Grafik_MMT_Dressur&#8221; align_tablet=&#8221;&#8221; align_phone=&#8221;center&#8221; align_last_edited=&#8221;on|desktop&#8221; _builder_version=&#8221;4.16&#8243; _module_preset=&#8221;default&#8221; width_tablet=&#8221;&#8221; width_phone=&#8221;&#8221; width_last_edited=&#8221;on|desktop&#8221; max_width=&#8221;450px&#8221; max_width_tablet=&#8221;350px&#8221; max_width_phone=&#8221;300px&#8221; max_width_last_edited=&#8221;on|phone&#8221; global_colors_info=&#8221;{}&#8221;][\/et_pb_image][\/et_pb_column][\/et_pb_row][\/et_pb_section][et_pb_section fb_built=&#8221;1&#8243; custom_padding_last_edited=&#8221;on|phone&#8221; admin_label=&#8221;Presse&#8221; _builder_version=&#8221;4.16&#8243; _module_preset=&#8221;default&#8221; background_enable_color=&#8221;off&#8221; module_alignment=&#8221;center&#8221; custom_padding=&#8221;80px|25px|80px|25px|false|false&#8221; custom_padding_tablet=&#8221;60px||60px||false|false&#8221; custom_padding_phone=&#8221;40px|20px|0px|20px|false|false&#8221; global_colors_info=&#8221;{}&#8221;][et_pb_row column_structure=&#8221;1_2,1_2&#8243; use_custom_gutter=&#8221;on&#8221; make_equal=&#8221;on&#8221; admin_label=&#8221;Zeile&#8221; _builder_version=&#8221;4.16&#8243; _module_preset=&#8221;default&#8221; width=&#8221;auto&#8221; max_width=&#8221;1200px&#8221; module_alignment=&#8221;center&#8221; custom_margin=&#8221;||||false|false&#8221; custom_padding=&#8221;||||false|false&#8221; global_colors_info=&#8221;{}&#8221;][et_pb_column type=&#8221;1_2&#8243; _builder_version=&#8221;4.16&#8243; _module_preset=&#8221;default&#8221; custom_padding=&#8221;||||false|false&#8221; global_colors_info=&#8221;{}&#8221;][et_pb_accordion open_toggle_text_color=&#8221;#002744&#8243; open_toggle_background_color=&#8221;#FFFFFF&#8221; closed_toggle_text_color=&#8221;#002744&#8243; closed_toggle_background_color=&#8221;#FFFFFF&#8221; toggle_icon=&#8221;&#xf0d7;||fa||900&#8243; icon_color=&#8221;#E1054A&#8221; use_icon_font_size=&#8221;on&#8221; icon_font_size=&#8221;18px&#8221; _builder_version=&#8221;4.27.5&#8243; toggle_text_color=&#8221;#002744&#8243; toggle_level=&#8221;h3&#8243; toggle_text_align=&#8221;left&#8221; toggle_font_size=&#8221;16px&#8221; closed_toggle_line_height=&#8221;1.5em&#8221; body_text_color=&#8221;#000000&#8243; background_color=&#8221;RGBA(255,255,255,0)&#8221; text_orientation=&#8221;left&#8221; custom_margin=&#8221;||||false|false&#8221; custom_padding=&#8221;0px||||false|false&#8221; link_option_url_new_window=&#8221;on&#8221; body_line_height_tablet=&#8221;&#8221; body_line_height_phone=&#8221;&#8221; body_line_height_last_edited=&#8221;on|desktop&#8221; locked=&#8221;off&#8221; global_colors_info=&#8221;{}&#8221;][et_pb_accordion_item title=&#8221;Presseinfos Maimarkt-Turnier 2026&#8243; open=&#8221;on&#8221; _builder_version=&#8221;4.27.5&#8243; _module_preset=&#8221;default&#8221; global_colors_info=&#8221;{}&#8221;]\n<p><strong>Aktuelles<\/strong><\/p>\n<p><a href=\"https:\/\/www.maimarkt-turnier.de\/wp-content\/uploads\/2026\/04\/PI-allgemein-PK-13042026.pdf\" target=\"_blank\" rel=\"noopener\">Pressemitteilung allgemein<\/a><br \/><a href=\"https:\/\/www.maimarkt-turnier.de\/wp-content\/uploads\/2026\/04\/PI-Springen-PK-13042026.pdf\" target=\"_blank\" rel=\"noopener\">Pressemitteilung Springen<\/a><\/p>\n<hr \/>\n<p><a href=\"https:\/\/www.maimarkt-turnier.de\/wp-content\/uploads\/2026\/05\/PI-09-U25-Quali-04052026.pdf\" target=\"_blank\" rel=\"noopener\">Pressemitteilung Nr. 9<\/a><\/p>\n<p><a href=\"https:\/\/www.maimarkt-turnier.de\/wp-content\/uploads\/2026\/05\/ROTH-Britt-GER-Jeffrey_SL.jpg\" target=\"_blank\" rel=\"noopener\">ROTH-Britt-GER-Jeffrey_SL<\/a><br \/><span class=\"media-list-subtitle\">Quellenangabe\/Foto: Stefan Lafrentz<\/span><\/p>\n<hr \/>\n<p><a href=\"https:\/\/www.maimarkt-turnier.de\/wp-content\/uploads\/2026\/05\/PI-08-Christa-Jung-04052026.pdf\" target=\"_blank\" rel=\"noopener\">Pressemitteilung Nr. 8<\/a><\/p>\n<p><a href=\"https:\/\/www.maimarkt-turnier.de\/wp-content\/uploads\/2026\/05\/JUNG-Christa-Parcourschef_SL_1321-008-998.jpg\" target=\"_blank\" rel=\"noopener\">JUNG-Christa-Parcourschef<\/a><br \/><span class=\"media-list-subtitle\">Quellenangabe\/Foto: Stefan Lafrentz<\/span><\/p>\n<hr \/>\n<p><a href=\"https:\/\/www.maimarkt-turnier.de\/wp-content\/uploads\/2026\/05\/PI-07-Longines-EEF-Nationenpreis-Mannheim.pdf\" target=\"_blank\" rel=\"noopener\">Pressemitteilung Nr. 7<\/a><\/p>\n<p><a href=\"https:\/\/www.maimarkt-turnier.de\/wp-content\/uploads\/2026\/05\/Team-Germany_Siegerehrung-MVV-Stadion.jpg\" target=\"_blank\" rel=\"noopener\">Team-Germany_Siegerehrung-MVV-Stadion<\/a><br \/><span class=\"media-list-subtitle\">Quellenangabe\/Foto: Veranstalter<\/span><\/p>\n<hr \/>\n<p><a href=\"https:\/\/www.maimarkt-turnier.de\/wp-content\/uploads\/2026\/05\/PI-06-100-Jahre-RV-Mannheim.pdf\" target=\"_blank\" rel=\"noopener\">Pressemitteilung Nr. 6<\/a><\/p>\n<p><a href=\"https:\/\/www.maimarkt-turnier.de\/wp-content\/uploads\/2026\/05\/100-Jahre-Reiter-Verein-Mannheim.jpg\" target=\"_blank\" rel=\"noopener\">100. Geburtstages des Reiter-Verein Mannheim<\/a><br \/><span class=\"media-list-subtitle\">Quellenangabe\/Foto: Veranstalter<\/span><\/p>\n<hr \/>\n<p><a href=\"https:\/\/www.maimarkt-turnier.de\/wp-content\/uploads\/2026\/05\/PI-05-Piaff-Foerderpreis.pdf\" target=\"_blank\" rel=\"noopener\">Pressemitteilung Nr. 5<\/a><\/p>\n<p><a href=\"https:\/\/www.maimarkt-turnier.de\/wp-content\/uploads\/2026\/05\/TREFFINGER-Moritz-GER-Morricone.jpg\" target=\"_blank\" rel=\"noopener\">TREFFINGER-Moritz<\/a><br \/><span class=\"media-list-subtitle\">Quellenangabe\/Foto: Stefan Lafrentz<\/span><\/p>\n<hr \/>\n<p><a href=\"https:\/\/www.maimarkt-turnier.de\/wp-content\/uploads\/2026\/05\/PI-04-Championat.pdf\" target=\"_blank\" rel=\"noopener\">Pressemitteilung Nr. 4<\/a><\/p>\n<p><a href=\"https:\/\/www.maimarkt-turnier.de\/wp-content\/uploads\/2026\/05\/WEISHAUPT-Maximilian-GER-DSP-Omerta-Incipit.jpg\" target=\"_blank\" rel=\"noopener\">Foto des Siegers im Maimarkt-Championat pr\u00e4sentiert von Berrang SE<\/a><br \/><span class=\"media-list-subtitle\">Quellenangabe\/Foto: Stefan Lafrentz<\/span><\/p>\n<hr \/>\n<p><a href=\"https:\/\/www.maimarkt-turnier.de\/wp-content\/uploads\/2026\/05\/PI-03-GPS.pdf\" target=\"_blank\" rel=\"noopener\">Pressemitteilung Nr. 3<\/a><\/p>\n<p><a href=\"https:\/\/www.maimarkt-turnier.de\/wp-content\/uploads\/2026\/05\/WERTH-Isabell-GER-Viva-Gold-OLD-Talia-Klefenz.jpg\" target=\"_blank\" rel=\"noopener\">Siegerin im Grand Prix Special, Isabell Werth<\/a><br \/><span class=\"media-list-subtitle\">Quellenangabe\/Foto: Talia Klefenz<\/span><\/p>\n<hr \/>\n<p><a href=\"https:\/\/www.maimarkt-turnier.de\/wp-content\/uploads\/2026\/05\/PI-02-Zusammenfassung-1.-Tag.pdf\" target=\"_blank\" rel=\"noopener\">Pressemitteilung Nr. 2<\/a><\/p>\n<p><a href=\"https:\/\/www.maimarkt-turnier.de\/wp-content\/uploads\/2026\/05\/WERTH-Isabell-GER-Viva-Gold-OLD_SL_1321-002-1730-002.jpg\" target=\"_blank\" rel=\"noopener\">Isabell Werth<\/a><br \/><span class=\"media-list-subtitle\">Quellenangabe\/Foto: Stefan Lafrentz<\/span><\/p>\n<hr \/>\n<p><a href=\"https:\/\/www.maimarkt-turnier.de\/wp-content\/uploads\/2026\/04\/PI-10-fuenfter-Mann-Nationenrpreis-29042026.pdf\" target=\"_blank\" rel=\"noopener\">Pressemitteilung Nr. 10<\/a><\/p>\n<p>Longines EEF Nationenpreis<\/p>\n<hr \/>\n<p><a href=\"https:\/\/www.maimarkt-turnier.de\/wp-content\/uploads\/2026\/04\/PI-09-TV-vom-MMT-28042026.pdf\" target=\"_blank\" rel=\"noopener\">Pressemitteilung Nr. 9<\/a><\/p>\n<p>Wenn der Vater nicht nur mit dem Sohne\u2026<\/p>\n<p><a href=\"https:\/\/www.maimarkt-turnier.de\/wp-content\/uploads\/2026\/04\/GULLIKSEN-Victoria-NOR-Billy-Etna_SL_1274-022-1022.jpg\" target=\"_blank\" rel=\"noopener\">Bild GULLIKSEN-Victoria-NOR-Billy-Etna<\/a><br \/><span class=\"media-list-subtitle\">Quellenangabe\/Foto: Stefan Lafrentz<\/span><\/p>\n<hr \/>\n<p><a href=\"https:\/\/www.maimarkt-turnier.de\/wp-content\/uploads\/2026\/04\/PI-08-Doppelinterview-21042026.pdf\" target=\"_blank\" rel=\"noopener\">Pressemitteilung Nr. 8<\/a><\/p>\n<p>Das Maimarkt-Erfolgs-Duo: Jan Goschmann und Peter Hofmann<\/p>\n<p><a href=\"https:\/\/www.maimarkt-turnier.de\/wp-content\/uploads\/2026\/04\/Maimarkt-21042026-scaled.jpg\" target=\"_blank\" rel=\"noopener\">Bild Maimarkt<\/a><br \/><span class=\"media-list-subtitle\">Quellenangabe\/Foto: Maimarkt-Gesellschaft<\/span><\/p>\n<hr \/>\n<p><a href=\"https:\/\/www.maimarkt-turnier.de\/wp-content\/uploads\/2026\/04\/PI-07-31032026-Jubilaeums-Show.pdf\" target=\"_blank\" rel=\"noopener\">Pressemitteilung Nr. 7<\/a><\/p>\n<p>Jubil\u00e4ums-Show zum 100. Geburtstag des Reiter-Verein Mannheim<\/p>\n<p><a href=\"https:\/\/www.maimarkt-turnier.de\/wp-content\/uploads\/2026\/04\/Lisa-Roeckener-Foto-Lenka-Silhova-.jpg\" target=\"_blank\" rel=\"noopener\">Bild von Lisa R\u00f6ckener<\/a><br \/><span class=\"media-list-subtitle\">Quellenangabe\/Foto: Lenka Silhova<\/span><\/p>\n<hr \/>\n<p><a href=\"https:\/\/www.maimarkt-turnier.de\/wp-content\/uploads\/2026\/03\/PI-06-17032026-Luciana-Diniz.pdf\" target=\"_blank\" rel=\"noopener\">Pressemitteilung Nr. 6<\/a><\/p>\n<p>Von Mannheim zur Weltmeisterschaft<\/p>\n<p><a href=\"https:\/\/www.maimarkt-turnier.de\/wp-content\/uploads\/2026\/03\/DINIZ-Luciana-BRA-Vertigo-du-Desert.jpg\" target=\"_blank\" rel=\"noopener\">Bild von Luciana Diniz <\/a><br \/><span class=\"media-list-subtitle\">Quellenangabe\/Foto: Stefan Lafrentz<\/span><\/p>\n<hr \/>\n<p><a href=\"https:\/\/www.maimarkt-turnier.de\/wp-content\/uploads\/2026\/03\/PI-PG-03032026-KK.pdf\" target=\"_blank\" rel=\"noopener\">WM-Kandidaten wollen in Mannheim starten <\/a><\/p>\n<p>WM-Kandidaten wollen in Mannheim starten<\/p>\n<p><a href=\"https:\/\/www.maimarkt-turnier.de\/wp-content\/uploads\/2026\/03\/PG_Mannheim-03032026.jpeg\" target=\"_blank\" rel=\"noopener\">Foto<\/a><br \/><span class=\"media-list-subtitle\">Quellenangabe\/Foto: @welcommedia<\/span><\/p>\n<hr \/>\n<p><a href=\"https:\/\/www.maimarkt-turnier.de\/wp-content\/uploads\/2026\/02\/PK-03032026-Einladung.pdf\" target=\"_blank\" rel=\"noopener\">Einladung zum Pressegespr\u00e4ch<\/a><\/p>\n<p>Einladung zum Pressegespr\u00e4ch anl\u00e4sslich des U25 Trainingslagers<br \/>im Reiter-Verein Mannheim am 3. M\u00e4rz 2026 \/ 11:30 Uhr<\/p>\n<hr \/>\n<p><a href=\"https:\/\/www.maimarkt-turnier.de\/wp-content\/uploads\/2026\/02\/PI-05-18022026-Inklusion.pdf\" target=\"_blank\" rel=\"noopener\">Pressemitteilung Nr. 5<\/a><\/p>\n<p><span class=\"media-list-subtitle\">MANNHEIM &#8211; Maimarkt-Turnier 2025<br \/><a href=\"https:\/\/www.maimarkt-turnier.de\/wp-content\/uploads\/2026\/02\/Team-Germany_SL_1274-015-251.jpg\" target=\"_blank\" rel=\"noopener\">Team-Germany<\/a><br \/><a href=\"https:\/\/www.maimarkt-turnier.de\/wp-content\/uploads\/2026\/02\/DRESING-Heidemarie-GER-Horse24-Dooloop_SL_1274-019-722.jpg\" target=\"_blank\" rel=\"noopener\">DRESING-Heidemarie<\/a><br \/>Quellenangabe\/Foto: Stefan Lafrentz<\/span><\/p>\n<hr \/>\n<p><a href=\"https:\/\/www.maimarkt-turnier.de\/wp-content\/uploads\/2026\/02\/PI-04-03022026-Dressur-Programm.pdf\" target=\"_blank\" rel=\"noopener\">Pressemitteilung Nr. 4<\/a><\/p>\n<p><a href=\"https:\/\/www.maimarkt-turnier.de\/wp-content\/uploads\/2026\/02\/MMT24_Werth_PM4_Moehler-scaled.jpg\" target=\"_blank\" rel=\"noopener\">Isabell Werth<\/a><br \/><span class=\"media-list-subtitle\">Quellenangabe\/Foto: Yadel M\u00f6hler<\/span><\/p>\n<hr \/>\n<p><a href=\"https:\/\/www.maimarkt-turnier.de\/wp-content\/uploads\/2026\/01\/PI-03-21012026-Noch-100-Tage.pdf\" target=\"_blank\" rel=\"noopener\">Pressemitteilung Nr. 3<\/a><\/p>\n<p><a href=\"https:\/\/www.maimarkt-turnier.de\/wp-content\/uploads\/2026\/01\/Team-Germany-_Nationenpreissieger-Mannheim-2025.jpg\" target=\"_blank\" rel=\"noopener\">Team-Germany-_Nationenpreissieger-Mannheim-2025.jpg<\/a><br \/><span class=\"media-list-subtitle\">Quellenangabe\/Foto: Stefan Lafrentz<\/span><\/p>\n<hr \/>\n<p><a href=\"https:\/\/www.maimarkt-turnier.de\/wp-content\/uploads\/2025\/12\/PI-02-17122025.pdf\" target=\"_blank\" rel=\"noopener\">Pressemitteilung Nr. 2<\/a><\/p>\n<p><a href=\"https:\/\/www.maimarkt-turnier.de\/wp-content\/uploads\/2025\/12\/HINNERS-Sophie-GER-Iron-Dames-Combella_SL_1274-011-5391-1.jpg\" target=\"_blank\" rel=\"noopener\"><span class=\"media-list-subtitle\">HINNERS-Sophie-GER-Iron-Dames-Combella_SL_1274-011-5391-1.jpg <\/span><\/a><span class=\"media-list-subtitle\">Quellenangabe\/Foto: Stefan Lafrentz<\/span><\/p>\n<hr \/>\n<p><a href=\"https:\/\/www.maimarkt-turnier.de\/wp-content\/uploads\/2025\/12\/MMT26_PM1_StartTicketVVK.pdf\" target=\"_blank\" rel=\"noopener\">Pressemitteilung Nr. 1<\/a><\/p>\n<p><a href=\"https:\/\/www.maimarkt-turnier.de\/wp-content\/uploads\/2025\/12\/FREDRICSON-Peder-SWE-SV-Vroom-de-la-Pomme-Z-_SL_1274-022-1658-1-scaled.jpg\" target=\"_blank\" rel=\"noopener\">FREDRICSON-Peder-SWE-SV-Vroom-de-la-Pomme-Z<\/a><\/p>\n<hr \/>\n<p>&nbsp;<\/p>\n<p>&nbsp;<\/p>\n[\/et_pb_accordion_item][et_pb_accordion_item title=&#8221;Presseinfos Maimarkt-Turnier 2025&#8243; _builder_version=&#8221;4.20.2&#8243; _module_preset=&#8221;default&#8221; global_colors_info=&#8221;{}&#8221; open=&#8221;off&#8221;]\n<p>Aktuelles<\/p>\n<p><a href=\"https:\/\/www.sportschau.de\/regional\/swr\/swr-maimarkt-turnier-mannheim-ehrenamt-rockt-das-reitsport-highlight-100.html\" target=\"_blank\" rel=\"noopener\">https:\/\/www.sportschau.de\/regional\/swr\/swr-maimarkt-turnier-mannheim-ehrenamt-rockt-das-reitsport-highlight-100.html<\/a><\/p>\n<p><a href=\"https:\/\/www.swr.de\/sport\/mehr-sport\/reiten\/olympiasieger-christian-kukuk-maimarkt-turnier-mannheim-100.html\" target=\"_blank\" rel=\"noopener\">https:\/\/www.swr.de\/sport\/mehr-sport\/reiten\/olympiasieger-christian-kukuk-maimarkt-turnier-mannheim-100.html<\/a><\/p>\n<p><a href=\"https:\/\/www.sportschau.de\/regional\/swr\/swr-maimarkt-turnier-will-siegt-im-championat-schneider-gewinnt-grand-prix-100.html\" target=\"_blank\" rel=\"noopener\">Reiten: Maimarkt-Turnier: Will siegt im Championat, Schneider gewinnt Grand Prix | sportschau.de<\/a><\/p>\n<p><a href=\"https:\/\/reitturniere.de\/news\/03052025-mannheim-auftaktsieg-f-r-moritz-treffinger\" target=\"_blank\" rel=\"noopener\">Mannheim: Auftaktsieg f\u00fcr Moritz Treffinger | reitturniere.de | News &#8211; Ergebnisse &#8211; Turnierkalender &#8211; Ranglisten<\/a><\/p>\n<p><a href=\"https:\/\/www.sportschau.de\/regional\/swr\/swr-maimarkt-turnier-will-siegt-im-championat-schneider-gewinnt-grand-prix-100.html\" target=\"_blank\" rel=\"noopener\">Reiten: Maimarkt-Turnier: Will siegt im Championat, Schneider gewinnt Grand Prix | sportschau.de<\/a><\/p>\n<p><a href=\"https:\/\/reitturniere.de\/news\/04052025-david-will-und-xixo-waren-im-maimarkt-championat-von-mannheim-pr-sentiert-von-berrang\" target=\"_blank\" rel=\"noopener\">David Will und Xixo waren im Maimarkt-Championat von Mannheim pr\u00e4sentiert von Berrang SE die Schnellsten | reitturniere.de | News &#8211; Ergebnisse &#8211; Turnierkalender &#8211; Ranglisten<\/a><\/p>\n<p><a href=\"https:\/\/www.swr.de\/sport\/mehr-sport\/reiten\/mannheimer-maimarkt-deutschland-gewinnt-nationenpreis-102.html\" target=\"_blank\" rel=\"noopener\">Mannheimer Maimarkt-Turnier: Deutschland gewinnt Nationenpreis &#8211; SWR Sport<\/a><\/p>\n<p><a href=\"https:\/\/reitturniere.de\/news\/05052025-elena-malin-reitzner-gewinnt-u25-springpokal\" target=\"_blank\" rel=\"noopener\">Elena-Malin Reitzner gewinnt U25 Springpokal | reitturniere.de | News &#8211; Ergebnisse &#8211; Turnierkalender &#8211; Ranglisten<\/a><\/p>\n<p><a href=\"https:\/\/reitturniere.de\/news\/05052025-knappe-entscheidung-im-grand-prix-special-henri-ruoste-gewinnt-vor-s-nke-rothenberger#\" target=\"_blank\" rel=\"noopener\">Knappe Entscheidung im Grand Prix Special: Henri Ruoste gewinnt vor S\u00f6nke Rothenberger und Dorothee Schneider | reitturniere.de | News &#8211; Ergebnisse &#8211; Turnierkalender &#8211; Ranglisten<\/a><\/p>\n<p><a href=\"https:\/\/www.swr.de\/sport\/mehr-sport\/reiten\/maimarkt-mannheim-dressur-kuer-dorothee-schneider-siegt-100.html\" target=\"_blank\" rel=\"noopener\">Dorothee Schneider siegt auch in der K\u00fcr beim Maimarkt &#8211; SWR Sport<\/a><\/p>\n<p><a href=\"https:\/\/reitturniere.de\/news\/06052025-n-rnberger-burg-pokal-2025-von-mannheim-zur-finalpremiere-nach-frankfurt\" target=\"_blank\" rel=\"noopener\">https:\/\/reitturniere.de\/news\/06052025-n-rnberger-burg-pokal-2025-von-mannheim-zur-finalpremiere-nach-frankfurt<\/a> <\/p>\n<p>&nbsp;<\/p>\n<p>&nbsp;<\/p>\n<p>&nbsp;<\/p>\n<p>&nbsp;<\/p>\n<p>&nbsp;<\/p>\n<p>&nbsp;<\/p>\n<p>Pressemappe<\/p>\n<p><a href=\"https:\/\/www.maimarkt-turnier.de\/wp-content\/uploads\/2025\/05\/PI-01-Rothenberger.pdf\" target=\"_blank\" rel=\"attachment noopener wp-att-10087\">PI-01-Rothenberger<\/a><br \/><a href=\"https:\/\/www.maimarkt-turnier.de\/wp-content\/uploads\/2025\/05\/PI-02-PK.pdf\" target=\"_blank\" rel=\"attachment noopener wp-att-10093\">PI-02-PK<\/a><br \/><a href=\"https:\/\/www.maimarkt-turnier.de\/wp-content\/uploads\/2025\/05\/PI-03-Wendy.pdf\" target=\"_blank\" rel=\"attachment noopener wp-att-10088\">PI-03-Wendy<\/a><br \/><a href=\"https:\/\/www.maimarkt-turnier.de\/wp-content\/uploads\/2025\/05\/PI-04-Fuchs-Sieg.pdf\" target=\"_blank\" rel=\"attachment noopener wp-att-10094\">PI-04-Fuchs-Sieg<\/a><br \/><a href=\"https:\/\/www.maimarkt-turnier.de\/wp-content\/uploads\/2025\/05\/PI-05-Gebers-Pony-TourMuster-2025.pdf\" target=\"_blank\" rel=\"attachment noopener wp-att-10095\">PI-05-Gebers-Pony-TourMuster-2025<\/a><br \/><a href=\"https:\/\/www.maimarkt-turnier.de\/wp-content\/uploads\/2025\/05\/PI-06-Allspan.pdf\" target=\"_blank\" rel=\"attachment noopener wp-att-10096\">PI-06-Allspan<\/a><br \/><a href=\"https:\/\/www.maimarkt-turnier.de\/wp-content\/uploads\/2025\/05\/PI-07-Piaff.pdf\" target=\"_blank\" rel=\"attachment noopener wp-att-10101\">PI-07-Piaff<\/a><\/p>\n<div id=\"attachment_10102\" style=\"width: 310px\" class=\"wp-caption alignnone\"><a href=\"https:\/\/www.maimarkt-turnier.de\/wp-content\/uploads\/2025\/05\/TREFFINGER-Moritz-GER-Fiderdance_SL_1274-004-057.jpg\" target=\"_blank\" rel=\"noopener\"><img decoding=\"async\" aria-describedby=\"caption-attachment-10102\" class=\"wp-image-10102 size-medium\" src=\"https:\/\/www.maimarkt-turnier.de\/wp-content\/uploads\/2025\/05\/TREFFINGER-Moritz-GER-Fiderdance_SL_1274-004-057-300x200.jpg\" alt=\"\" width=\"300\" height=\"200\" \/><\/a><p id=\"caption-attachment-10102\" class=\"wp-caption-text\">MANNHEIM &#8211; Maimarkt-Turnier 2025 TREFFINGER Moritz (GER), Fiderdance CDIU25 \u2013 Grand Prix Piaff-F\u00f6rderpreis-Wertungspr\u00fcfung -Preis der Liselott-Schindling-Stiftung- Mannheim, Reitstadion Maimarkt 03. May 2025 \u00a9 www.sportfotos-lafrentz.de\/Stefan Lafrentz<\/p><\/div><div id=\"attachment_10103\" style=\"width: 310px\" class=\"wp-caption alignnone\"><a href=\"https:\/\/www.maimarkt-turnier.de\/wp-content\/uploads\/2025\/05\/WILL-David-GER-Xixo-Borgia-_TH_1274-007-001.jpg\" target=\"_blank\" rel=\"noopener\"><img decoding=\"async\" aria-describedby=\"caption-attachment-10103\" class=\"wp-image-10103 size-medium\" src=\"https:\/\/www.maimarkt-turnier.de\/wp-content\/uploads\/2025\/05\/WILL-David-GER-Xixo-Borgia-_TH_1274-007-001-300x200.jpg\" alt=\"\" width=\"300\" height=\"200\" \/><\/a><p id=\"caption-attachment-10103\" class=\"wp-caption-text\">MANNHEIM &#8211; Maimarkt-Turnier 2025 WILL David (GER), Xixo Borgia CSIO3* &#8211; Maimarkt-Championat presented by Karl Berrang Int. jumping competition against the clock (1.45 m) Mannheim, Reitstadion Maimarkt 03. May 2025 \u00a9 www.sportfotos-lafrentz.de\/Tomas Holcbecher<\/p><\/div><div id=\"attachment_10111\" style=\"width: 310px\" class=\"wp-caption alignnone\"><a href=\"https:\/\/www.maimarkt-turnier.de\/wp-content\/uploads\/2025\/05\/SUESS-Jessica-GER-Dynoro_SL_1274-006-2397.jpg\" target=\"_blank\" rel=\"noopener\"><img decoding=\"async\" aria-describedby=\"caption-attachment-10111\" class=\"wp-image-10111 size-medium\" src=\"https:\/\/www.maimarkt-turnier.de\/wp-content\/uploads\/2025\/05\/SUESS-Jessica-GER-Dynoro_SL_1274-006-2397-300x200.jpg\" alt=\"\" width=\"300\" height=\"200\" \/><\/a><p id=\"caption-attachment-10111\" class=\"wp-caption-text\">MANNHEIM &#8211; Maimarkt-Turnier 2025 SUESS Jessica (GER), Dynoro Finalqualifikation f\u00fcr den N\u00dcRNBERGER BURG-POKAL 2025 Prix St. Georges Special Mannheim, Reitstadion Maimarkt 03. May 2025 \u00a9 www.sportfotos-lafrentz.de\/Stefan Lafrentz<\/p><\/div><div id=\"attachment_10112\" style=\"width: 310px\" class=\"wp-caption alignnone\"><a href=\"https:\/\/www.maimarkt-turnier.de\/wp-content\/uploads\/2025\/05\/SCHNEIDER-Dorothee-GER-First-Romance-_SL_1274-005-382.jpg\" target=\"_blank\" rel=\"noopener\"><img decoding=\"async\" aria-describedby=\"caption-attachment-10112\" class=\"wp-image-10112 size-medium\" src=\"https:\/\/www.maimarkt-turnier.de\/wp-content\/uploads\/2025\/05\/SCHNEIDER-Dorothee-GER-First-Romance-_SL_1274-005-382-300x200.jpg\" alt=\"\" width=\"300\" height=\"200\" \/><\/a><p id=\"caption-attachment-10112\" class=\"wp-caption-text\">MANNHEIM &#8211; Maimarkt-Turnier 2025 SCHNEIDER Dorothee (GER), First Romance CDI4* &#8211; Grand Prix Prize of &#8220;Liselott und Klaus Rheinberger Stiftung&#8221; Mannheim, Reitstadion Maimarkt 03. May 2025 \u00a9 www.sportfotos-lafrentz.de\/Stefan Lafrentz<\/p><\/div>\n<p><a href=\"https:\/\/www.maimarkt-turnier.de\/wp-content\/uploads\/2025\/05\/PI-08-Dressur-GP.pdf\" target=\"_blank\" rel=\"attachment noopener wp-att-10109\">PI-08-Dressur-GP<\/a><\/p>\n<p><a href=\"https:\/\/www.maimarkt-turnier.de\/wp-content\/uploads\/2025\/05\/PI-09-Burgpokal.pdf\" target=\"_blank\" rel=\"attachment noopener wp-att-10113\">PI-09-Burgpokal<\/a><\/p>\n<p><a href=\"https:\/\/www.maimarkt-turnier.de\/wp-content\/uploads\/2025\/05\/PI-10-Championat-1.pdf\" target=\"_blank\" rel=\"attachment noopener wp-att-10110\">PI-10-Championat-1<\/a><\/p>\n<p><a href=\"https:\/\/www.maimarkt-turnier.de\/wp-content\/uploads\/2025\/05\/PI-11-U25.pdf\" target=\"_blank\" rel=\"attachment noopener wp-att-10138\">PI-11-U25<\/a><\/p>\n<p><a href=\"https:\/\/www.maimarkt-turnier.de\/wp-content\/uploads\/2025\/05\/PI-12-GPS.pdf\" target=\"_blank\" rel=\"attachment noopener wp-att-10139\">PI-12-GPS<\/a><\/p>\n<p><a href=\"https:\/\/www.maimarkt-turnier.de\/wp-content\/uploads\/2025\/05\/PI-13-Fuehrzuegel.pdf\" target=\"_blank\" rel=\"attachment noopener wp-att-10140\">PI-13-F\u00fchrz\u00fcgel<\/a><\/p>\n<p><a href=\"https:\/\/www.maimarkt-turnier.de\/wp-content\/uploads\/2025\/05\/PI-14-LONGINES-EEF-Nations-Cup.pdf\" target=\"_blank\" rel=\"attachment noopener wp-att-10136\">PI-14-LONGINES-EEF-Nations Cup<\/a><\/p>\n<p><a href=\"https:\/\/www.maimarkt-turnier.de\/wp-content\/uploads\/2025\/05\/PI-15-Para-Sonntag.pdf\" target=\"_blank\" rel=\"attachment noopener wp-att-10137\">PI-15-Para-Sonntag<\/a><\/p>\n<div id=\"attachment_10135\" style=\"width: 310px\" class=\"wp-caption alignnone\"><a href=\"https:\/\/www.maimarkt-turnier.de\/wp-content\/uploads\/2025\/05\/KRAUS-Greta-Maria-GER-Puzzle_SL_1274-009-1303.jpg\" target=\"_blank\" rel=\"noopener\"><img decoding=\"async\" aria-describedby=\"caption-attachment-10135\" class=\"wp-image-10135 size-medium\" src=\"https:\/\/www.maimarkt-turnier.de\/wp-content\/uploads\/2025\/05\/KRAUS-Greta-Maria-GER-Puzzle_SL_1274-009-1303-300x200.jpg\" alt=\"\" width=\"300\" height=\"200\" \/><\/a><p id=\"caption-attachment-10135\" class=\"wp-caption-text\">MANNHEIM &#8211; Maimarkt-Turnier 2025 KRAUS Greta-Maria (GER), Puzzle N\u00dcRNBERGER-F\u00dcHRZ\u00dcGEL WB F\u00fchrz\u00fcgel WB Mannheim, Reitstadion Maimarkt 04. May 2025 \u00a9 www.sportfotos-lafrentz.de\/Stefan Lafrentz<\/p><\/div><div id=\"attachment_10134\" style=\"width: 310px\" class=\"wp-caption alignnone\"><a href=\"https:\/\/www.maimarkt-turnier.de\/wp-content\/uploads\/2025\/05\/HINNERS-Sophie-GER-Iron-Dames-Combella_SL_1274-010-2627.jpg\" target=\"_blank\" rel=\"noopener\"><img decoding=\"async\" aria-describedby=\"caption-attachment-10134\" class=\"wp-image-10134 size-medium\" src=\"https:\/\/www.maimarkt-turnier.de\/wp-content\/uploads\/2025\/05\/HINNERS-Sophie-GER-Iron-Dames-Combella_SL_1274-010-2627-300x200.jpg\" alt=\"\" width=\"300\" height=\"200\" \/><\/a><p id=\"caption-attachment-10134\" class=\"wp-caption-text\">MANNHEIM &#8211; Maimarkt-Turnier 2025 HINNERS Sophie (GER), Iron Dames Combella CSIO3* &#8211; LONGINES EEF Nations Cup Mannheim \/ 1. Runde, 1st round Nations Cup over two rounds Mannheim, Reitstadion Maimarkt 04. May 2025 \u00a9 www.sportfotos-lafrentz.de\/Stefan Lafrentz<\/p><\/div><div id=\"attachment_10133\" style=\"width: 310px\" class=\"wp-caption alignnone\"><a href=\"https:\/\/www.maimarkt-turnier.de\/wp-content\/uploads\/2025\/05\/CHARLES-Mimi-GER-No-No_SL_1274-009-1378.jpg\" target=\"_blank\" rel=\"noopener\"><img decoding=\"async\" aria-describedby=\"caption-attachment-10133\" class=\"wp-image-10133 size-medium\" src=\"https:\/\/www.maimarkt-turnier.de\/wp-content\/uploads\/2025\/05\/CHARLES-Mimi-GER-No-No_SL_1274-009-1378-300x200.jpg\" alt=\"\" width=\"300\" height=\"200\" \/><\/a><p id=\"caption-attachment-10133\" class=\"wp-caption-text\">MANNHEIM &#8211; Maimarkt-Turnier 2025 CHARLES Mimi (GER), No-No N\u00dcRNBERGER-F\u00dcHRZ\u00dcGEL WB F\u00fchrz\u00fcgel WB Mannheim, Reitstadion Maimarkt 04. May 2025 \u00a9 www.sportfotos-lafrentz.de\/Stefan Lafrentz<\/p><\/div><div id=\"attachment_10132\" style=\"width: 310px\" class=\"wp-caption alignnone\"><a href=\"https:\/\/www.maimarkt-turnier.de\/wp-content\/uploads\/2025\/05\/BERRANG-Philipp-GER-Poldi_SL_1274-009-1674.jpg\" target=\"_blank\" rel=\"noopener\"><img decoding=\"async\" aria-describedby=\"caption-attachment-10132\" class=\"wp-image-10132 size-medium\" src=\"https:\/\/www.maimarkt-turnier.de\/wp-content\/uploads\/2025\/05\/BERRANG-Philipp-GER-Poldi_SL_1274-009-1674-300x200.jpg\" alt=\"\" width=\"300\" height=\"200\" \/><\/a><p id=\"caption-attachment-10132\" class=\"wp-caption-text\">MANNHEIM &#8211; Maimarkt-Turnier 2025 BERRANG Philipp (GER), Poldi N\u00dcRNBERGER-F\u00dcHRZ\u00dcGEL WB F\u00fchrz\u00fcgel WB Mannheim, Reitstadion Maimarkt 04. May 2025 \u00a9 www.sportfotos-lafrentz.de\/Stefan Lafrentz<\/p><\/div><div id=\"attachment_10131\" style=\"width: 310px\" class=\"wp-caption alignnone\"><a href=\"https:\/\/www.maimarkt-turnier.de\/wp-content\/uploads\/2025\/05\/Team-Germany-_SL_1274-011-7034.jpg\" target=\"_blank\" rel=\"noopener\"><img decoding=\"async\" aria-describedby=\"caption-attachment-10131\" class=\"wp-image-10131 size-medium\" src=\"https:\/\/www.maimarkt-turnier.de\/wp-content\/uploads\/2025\/05\/Team-Germany-_SL_1274-011-7034-300x200.jpg\" alt=\"\" width=\"300\" height=\"200\" \/><\/a><p id=\"caption-attachment-10131\" class=\"wp-caption-text\">MANNHEIM &#8211; Maimarkt-Turnier 2025 Team Germany SPREHE Joerne (GER), KUKUK Christian (GER), NIEBERG Gerrit (GER), HINNERS Sophie (GER), RUNGE Ralf (Chef d\u00b4Equipe) CSIO3* &#8211; LONGINES EEF Nations Cup Mannheim \/ 2. Runde, 2nd round Nations Cup over two rounds Mannheim, Reitstadion Maimarkt 04. May 2025 \u00a9 www.sportfotos-lafrentz.de\/Stefan Lafrentz<\/p><\/div><div id=\"attachment_10130\" style=\"width: 310px\" class=\"wp-caption alignnone\"><a href=\"https:\/\/www.maimarkt-turnier.de\/wp-content\/uploads\/2025\/05\/Team-Germany-_SL_1274-011-6945.jpg\" target=\"_blank\" rel=\"noopener\"><img decoding=\"async\" aria-describedby=\"caption-attachment-10130\" class=\"wp-image-10130 size-medium\" src=\"https:\/\/www.maimarkt-turnier.de\/wp-content\/uploads\/2025\/05\/Team-Germany-_SL_1274-011-6945-300x200.jpg\" alt=\"\" width=\"300\" height=\"200\" \/><\/a><p id=\"caption-attachment-10130\" class=\"wp-caption-text\">MANNHEIM &#8211; Maimarkt-Turnier 2025 Team Germany SPREHE Joerne (GER), KUKUK Christian (GER), NIEBERG Gerrit (GER), HINNERS Sophie (GER), RUNGE Ralf (Chef d\u00b4Equipe) HOFMANN Peter, SPECHT Christian (OB) Mannheim), RICHENHAGEN Dr. Martin (FN) CSIO3* &#8211; LONGINES EEF Nations Cup Mannheim \/ 2. Runde, 2nd round Nations Cup over two rounds Mannheim, Reitstadion Maimarkt 04. May 2025 \u00a9 www.sportfotos-lafrentz.de\/Stefan Lafrentz<\/p><\/div>\n<p><a href=\"https:\/\/www.maimarkt-turnier.de\/wp-content\/uploads\/2025\/05\/PI-16-Youngster-Einlauf.pdf\" target=\"_blank\" rel=\"attachment noopener wp-att-10151\">PI-16-Youngster-Einlauf<\/a><\/p>\n<p><a href=\"https:\/\/www.maimarkt-turnier.de\/wp-content\/uploads\/2025\/05\/PI-17-Dressur-Kuer.pdf\" target=\"_blank\" rel=\"attachment noopener wp-att-10152\">PI-17-Dressur-K\u00fcr<\/a><\/p>\n<p><a href=\"https:\/\/www.maimarkt-turnier.de\/wp-content\/uploads\/2025\/05\/PI-18-Award.pdf\" target=\"_blank\" rel=\"attachment noopener wp-att-10153\">PI-18-Award<\/a><\/p>\n<p><a href=\"https:\/\/www.maimarkt-turnier.de\/wp-content\/uploads\/2025\/05\/PI-19-Para-Montag.pdf\" target=\"_blank\" rel=\"attachment noopener wp-att-10154\">PI-19-Para-Montag<\/a><\/p>\n<p><a href=\"https:\/\/www.maimarkt-turnier.de\/wp-content\/uploads\/2025\/05\/PI-20-Diringer.pdf\" target=\"_blank\" rel=\"attachment noopener wp-att-10155\">PI-20-Diringer<\/a><\/p>\n<div id=\"attachment_10156\" style=\"width: 310px\" class=\"wp-caption alignnone\"><a href=\"https:\/\/www.maimarkt-turnier.de\/wp-content\/uploads\/2025\/05\/REITZNER-Elena-Malin-GER-Cavallo-PBZ_SL_1274-008-1424-1.jpg\" target=\"_blank\" rel=\"noopener\"><img decoding=\"async\" aria-describedby=\"caption-attachment-10156\" class=\"wp-image-10156 size-medium\" src=\"https:\/\/www.maimarkt-turnier.de\/wp-content\/uploads\/2025\/05\/REITZNER-Elena-Malin-GER-Cavallo-PBZ_SL_1274-008-1424-1-300x200.jpg\" alt=\"\" width=\"300\" height=\"200\" \/><\/a><p id=\"caption-attachment-10156\" class=\"wp-caption-text\">MANNHEIM &#8211; Maimarkt-Turnier 2025 REITZNER Elena-Malin (GER), Cavallo PBZ Deutschlands U25 Springpokal der Stiftung deutscher Pferdesport und Holger Hetzel Prize of Holger Hetzel Final qualification U25 Springpokal U25 Springpokal: Nat. jumping competition with jump-off S*** (1.50 m) Mannheim, Reitstadion Maimarkt 04. May 2025 \u00a9 www.sportfotos-lafrentz.de\/Stefan Lafrentz<\/p><\/div><div id=\"attachment_10157\" style=\"width: 310px\" class=\"wp-caption alignnone\"><a href=\"https:\/\/www.maimarkt-turnier.de\/wp-content\/uploads\/2025\/05\/RUOSTE-Henri-FIN-Tiffanys-Diamond_SL_1274-005-692-1.jpg\" target=\"_blank\" rel=\"noopener\"><img decoding=\"async\" aria-describedby=\"caption-attachment-10157\" class=\"wp-image-10157 size-medium\" src=\"https:\/\/www.maimarkt-turnier.de\/wp-content\/uploads\/2025\/05\/RUOSTE-Henri-FIN-Tiffanys-Diamond_SL_1274-005-692-1-300x200.jpg\" alt=\"\" width=\"300\" height=\"200\" \/><\/a><p id=\"caption-attachment-10157\" class=\"wp-caption-text\">MANNHEIM &#8211; Maimarkt-Turnier 2025 RUOSTE Henri (FIN), Tiffanys Diamond CDI4* &#8211; Grand Prix Prize of &#8220;Liselott und Klaus Rheinberger Stiftung&#8221; Mannheim, Reitstadion Maimarkt 03. May 2025 \u00a9 www.sportfotos-lafrentz.de\/Stefan Lafrentz<\/p><\/div>\n<p><a href=\"https:\/\/www.maimarkt-turnier.de\/wp-content\/uploads\/2025\/05\/PI-21-Finale-Youngster.pdf\" rel=\"attachment wp-att-10172\">PI-21-Finale Youngster<\/a><\/p>\n<div id=\"attachment_10169\" style=\"width: 310px\" class=\"wp-caption alignnone\"><a href=\"https:\/\/www.maimarkt-turnier.de\/wp-content\/uploads\/2025\/05\/FREDRICSON-Peder-SWE-SV-Vroom-de-la-Pomme-Z-_SL_1274-022-4105.jpg\" target=\"_blank\" rel=\"noopener\"><img decoding=\"async\" aria-describedby=\"caption-attachment-10169\" class=\"wp-image-10169 size-medium\" src=\"https:\/\/www.maimarkt-turnier.de\/wp-content\/uploads\/2025\/05\/FREDRICSON-Peder-SWE-SV-Vroom-de-la-Pomme-Z-_SL_1274-022-4105-300x200.jpg\" alt=\"\" width=\"300\" height=\"200\" \/><\/a><p id=\"caption-attachment-10169\" class=\"wp-caption-text\">MANNHEIM &#8211; Maimarkt-Turnier 2025 FREDRICSON Peder (SWE), SV Vroom de la Pomme Z Stechen \/ Jump-Off &#8211; Die Badenia &#8211; Grand Prix of MVV Int. jumping competition with jump-off (1.60 m) Mannheim, Reitstadion Maimarkt 06. May 2025 \u00a9 www.sportfotos-lafrentz.de\/Stefan Lafrentz<\/p><\/div><div id=\"attachment_10170\" style=\"width: 310px\" class=\"wp-caption alignnone\"><a href=\"https:\/\/www.maimarkt-turnier.de\/wp-content\/uploads\/2025\/05\/LOEHDEN-Josch-GER-Cornets-Lady-_SL_1274-020-1164.jpg\" target=\"_blank\" rel=\"noopener\"><img decoding=\"async\" aria-describedby=\"caption-attachment-10170\" class=\"wp-image-10170 size-medium\" src=\"https:\/\/www.maimarkt-turnier.de\/wp-content\/uploads\/2025\/05\/LOEHDEN-Josch-GER-Cornets-Lady-_SL_1274-020-1164-300x200.jpg\" alt=\"\" width=\"300\" height=\"200\" \/><\/a><p id=\"caption-attachment-10170\" class=\"wp-caption-text\">MANNHEIM &#8211; Maimarkt-Turnier 2025 LOEHDEN Josch (GER), Cornets Lady Final Youngster &#8211; Tour CSIYH1*: Int. jumping competition with jump-off (1.40\/1.45 m) Mannheim, Reitstadion Maimarkt 06. May 2025 \u00a9 www.sportfotos-lafrentz.de\/Stefan Lafrentz<\/p><\/div>\n<p><a href=\"https:\/\/www.maimarkt-turnier.de\/wp-content\/uploads\/2025\/05\/PI-22-Abschluss-PK.pdf\" target=\"_blank\" rel=\"attachment noopener wp-att-10173\">PI-22-Abschluss-PK<\/a><\/p>\n<p><a href=\"https:\/\/www.maimarkt-turnier.de\/wp-content\/uploads\/2025\/05\/PI-23-Para-Dienstag.pdf\" target=\"_blank\" rel=\"attachment noopener wp-att-10174\">PI-23-Para-Dienstag<\/a><\/p>\n<p><a href=\"https:\/\/www.maimarkt-turnier.de\/wp-content\/uploads\/2025\/05\/PI-24-Badenia.pdf\" target=\"_blank\" rel=\"attachment noopener wp-att-10175\">PI-24-Badenia<\/a><\/p>\n<p><a href=\"https:\/\/www.maimarkt-turnier.de\/wp-content\/uploads\/2025\/05\/PM-RR-KUR-Reiter.pdf\" target=\"_blank\" rel=\"attachment noopener wp-att-10176\">PM RR KUR Reiter<\/a><\/p>\n<div id=\"attachment_10177\" style=\"width: 310px\" class=\"wp-caption alignnone\"><a href=\"https:\/\/www.maimarkt-turnier.de\/wp-content\/uploads\/2025\/05\/SPACHMANN-Gregor-Radio-Regenbogen-BERGER-KUEHN-Dr.-Christiane-Stv.-Vorstand-HOFMANN-Peter-Vorstand_SL_1274-021-2430.jpg\" target=\"_blank\" rel=\"noopener\"><img decoding=\"async\" aria-describedby=\"caption-attachment-10177\" class=\"wp-image-10177 size-medium\" src=\"https:\/\/www.maimarkt-turnier.de\/wp-content\/uploads\/2025\/05\/SPACHMANN-Gregor-Radio-Regenbogen-BERGER-KUEHN-Dr.-Christiane-Stv.-Vorstand-HOFMANN-Peter-Vorstand_SL_1274-021-2430-300x200.jpg\" alt=\"\" width=\"300\" height=\"200\" \/><\/a><p id=\"caption-attachment-10177\" class=\"wp-caption-text\">MANNHEIM &#8211; Maimarkt-Turnier 2025 SPACHMANN Gregor Radio Regenbogen), BERGER-KUEHN Dr. Christiane (Stv. Vorstand), HOFMANN Peter (Vorstand) Scheck\u00fcbergabe \u201eRadio Regenbogen\u201c Mannheim, Reitstadion Maimarkt 06. May 2025 \u00a9 www.sportfotos-lafrentz.de\/Stefan Lafrentz<\/p><\/div><div id=\"attachment_10178\" style=\"width: 310px\" class=\"wp-caption alignnone\"><a href=\"https:\/\/www.maimarkt-turnier.de\/wp-content\/uploads\/2025\/05\/VOGEL-Richard-GER-Uppsala-JPS-_SL_1274-020-1104.jpg\" target=\"_blank\" rel=\"noopener\"><img decoding=\"async\" aria-describedby=\"caption-attachment-10178\" class=\"wp-image-10178 size-medium\" src=\"https:\/\/www.maimarkt-turnier.de\/wp-content\/uploads\/2025\/05\/VOGEL-Richard-GER-Uppsala-JPS-_SL_1274-020-1104-300x200.jpg\" alt=\"\" width=\"300\" height=\"200\" \/><\/a><p id=\"caption-attachment-10178\" class=\"wp-caption-text\">MANNHEIM &#8211; Maimarkt-Turnier 2025 VOGEL Richard (GER), Uppsala JPS Final Youngster &#8211; Tour CSIYH1*: Int. jumping competition with jump-off (1.40\/1.45 m) Mannheim, Reitstadion Maimarkt 06. May 2025 \u00a9 www.sportfotos-lafrentz.de\/Stefan Lafrentz<\/p><\/div><div id=\"attachment_10168\" style=\"width: 310px\" class=\"wp-caption alignnone\"><a href=\"https:\/\/www.maimarkt-turnier.de\/wp-content\/uploads\/2025\/05\/FREDRICSON-Peder-SWE-SV-Vroom-de-la-Pomme-Z-_SL_1274-022-1658.jpg\" target=\"_blank\" rel=\"noopener\"><img decoding=\"async\" aria-describedby=\"caption-attachment-10168\" class=\"wp-image-10168 size-medium\" src=\"https:\/\/www.maimarkt-turnier.de\/wp-content\/uploads\/2025\/05\/FREDRICSON-Peder-SWE-SV-Vroom-de-la-Pomme-Z-_SL_1274-022-1658-300x200.jpg\" alt=\"\" width=\"300\" height=\"200\" \/><\/a><p id=\"caption-attachment-10168\" class=\"wp-caption-text\">MANNHEIM &#8211; Maimarkt-Turnier 2025 FREDRICSON Peder (SWE), SV Vroom de la Pomme Z &#8211; Die Badenia &#8211; Grand Prix of MVV Int. jumping competition with jump-off (1.60 m) Mannheim, Reitstadion Maimarkt 06. May 2025 \u00a9 www.sportfotos-lafrentz.de\/Stefan Lafrentz<\/p><\/div>[\/et_pb_accordion_item][et_pb_accordion_item title=&#8221;Presseinfos Maimarkt-Turnier 2024&#8243; _builder_version=&#8221;4.20.2&#8243; link_option_url_new_window=&#8221;on&#8221; global_colors_info=&#8221;{}&#8221; open=&#8221;off&#8221;]\n<p>&nbsp;<\/p>\n<p>Aktuelles<\/p>\n<p>&nbsp;<\/p>\n<ul>\n<li><a href=\"https:\/\/www.wochenblatt-reporter.de\/mannheim\/c-sport\/peter-hofmann-wurde-fuer-sein-lebenswerk-mit-dem-sportaward-rhein-neckar-ausgezeichnet_a597880\">Sportehrung: Peter Hofmann wurde f\u00fcr sein Lebenswerk mit dem SportAward Rhein-Neckar ausgezeichnet &#8211; Mannheim<\/a><\/li>\n<li><a href=\"https:\/\/www.wochenblatt-reporter.de\/mutterstadt\/c-sport\/die-gewinner-stehen-fest_a597934\">Sport Award Rhein-Neckar 2024: Die Gewinner stehen fest &#8211; Mutterstadt<\/a><\/li>\n<li><a href=\"https:\/\/www.maimarkt-turnier.de\/wp-content\/uploads\/2024\/10\/Rhein-Neckar-Zeitung.jpg\" target=\"_blank\" rel=\"noopener\">&#8220;Eine Anerkennung und ein Anspon&#8221;<\/a><\/li>\n<li><a href=\"https:\/\/www.maimarkt-turnier.de\/wp-content\/uploads\/2024\/10\/Mannheimer-Morgen-e1729674862463.jpg\" target=\"_blank\" rel=\"noopener\">Zeichen der Familie<\/a><\/li>\n<li><a href=\"https:\/\/www.st-georg.de\/news\/mehr-sport\/paralympics-bronze-fuer-debuetantin-anna-lena-niehues\/\" target=\"_blank\" rel=\"noopener\">Paralympics-Bronze f\u00fcr Debuetantin Anna-Lena Niehues<\/a><\/li>\n<li><a href=\"https:\/\/www.maimarkt-turnier.de\/wp-content\/uploads\/2024\/04\/Screenshot-2024-04-15-155957.jpg\">60 Jahre Maimarkt-Turnier<\/a><\/li>\n<li><a href=\"https:\/\/www.maimarkt-turnier.de\/wp-content\/uploads\/2024\/06\/ECONO.pdf\" rel=\"attachment wp-att-9711\">ECONO trifft Wirtschaft<\/a><\/li>\n<\/ul>\n<p>&nbsp;<\/p>\n<p>Pressemappe 2024<\/p>\n<ul>\n<li><a href=\"https:\/\/www.maimarkt-turnier.de\/wp-content\/uploads\/2022\/04\/PIN_PK_Maimarktturnier-Mannheim_220426.pdf\" rel=\"attachment wp-att-8048\">PIN_PK_Maimarktturnier Mannheim_220426<\/a><\/li>\n<li><a href=\"https:\/\/www.maimarkt-turnier.de\/wp-content\/uploads\/2022\/04\/Siegerliste-Badenia-und-Championat.pdf\" rel=\"attachment wp-att-8049\">Siegerliste Badenia und Championat<\/a><\/li>\n<li><a href=\"https:\/\/www.maimarkt-turnier.de\/wp-content\/uploads\/2024\/05\/PI-2024.pdf\" rel=\"attachment wp-att-9629\">PI 2024<\/a><\/li>\n<li><a href=\"https:\/\/www.maimarkt-turnier.de\/wp-content\/uploads\/2024\/05\/PI-01-PK.pdf\" rel=\"attachment wp-att-9641\">PI-01-PK<\/a><\/li>\n<li><a href=\"https:\/\/www.maimarkt-turnier.de\/wp-content\/uploads\/2024\/05\/PI-02-Familientag.pdf\" rel=\"attachment wp-att-9642\">PI-02-Familientag<\/a><\/li>\n<li><a href=\"https:\/\/www.maimarkt-turnier.de\/wp-content\/uploads\/2024\/05\/PI-03-Dressur-GP.pdf\" rel=\"attachment wp-att-9643\">PI-03-Dressur-GP<\/a><\/li>\n<li><a href=\"https:\/\/www.maimarkt-turnier.de\/wp-content\/uploads\/2024\/05\/PI-04-Treffinger-Piaff.pdf\" rel=\"attachment wp-att-9644\">PI-04-Treffinger-Piaff<\/a><\/li>\n<li><a href=\"https:\/\/www.maimarkt-turnier.de\/wp-content\/uploads\/2024\/05\/PI-05-Werth-GPS-Freitag.pdf\" rel=\"attachment wp-att-9645\">PI-05-Werth-GPS-Freitag<\/a><\/li>\n<li><a href=\"https:\/\/www.maimarkt-turnier.de\/wp-content\/uploads\/2024\/05\/PI-06-Helferfest.pdf\" rel=\"attachment wp-att-9648\">PI-06-Helferfest<\/a><\/li>\n<li><a href=\"https:\/\/www.maimarkt-turnier.de\/wp-content\/uploads\/2024\/05\/PI-07-Para-Tag-1.pdf\" rel=\"attachment wp-att-9649\">PI-07-Para-Tag 1<\/a><\/li>\n<li><a href=\"https:\/\/www.maimarkt-turnier.de\/wp-content\/uploads\/2024\/05\/PI-08-GP-Kuer.pdf\" rel=\"attachment wp-att-9650\">PI-08-GP K\u00fcr<\/a><\/li>\n<li><a href=\"https:\/\/www.maimarkt-turnier.de\/wp-content\/uploads\/2024\/05\/PI-09-Championat.pdf\" rel=\"attachment wp-att-9651\">PI-09-Championat<\/a><\/li>\n<li><a href=\"https:\/\/www.maimarkt-turnier.de\/wp-content\/uploads\/2024\/05\/PI-10-Badenia-Sieger.pdf\" rel=\"attachment wp-att-9654\">PI-10-Badenia-Sieger<\/a><\/li>\n<li><a href=\"https:\/\/www.maimarkt-turnier.de\/wp-content\/uploads\/2024\/05\/PI-11-U25.pdf\" rel=\"attachment wp-att-9655\">PI-11-U25<\/a><\/li>\n<li><a href=\"https:\/\/www.maimarkt-turnier.de\/wp-content\/uploads\/2024\/05\/PI-12-LONGINES-EEF-Nations-Cup.pdf\" rel=\"attachment wp-att-9656\">PI-12-LONGINES-EEF-Nations Cup<\/a><\/li>\n<li><a href=\"https:\/\/www.maimarkt-turnier.de\/wp-content\/uploads\/2024\/05\/PI-13-Para-Tag-3.pdf\" rel=\"attachment wp-att-9657\">PI-13-Para-Tag-3<\/a><\/li>\n<li><a href=\"https:\/\/www.maimarkt-turnier.de\/wp-content\/uploads\/2024\/05\/PI-14-Youngster.pdf\" rel=\"attachment wp-att-9658\">PI-14-Youngster<\/a><\/li>\n<li><a href=\"https:\/\/www.maimarkt-turnier.de\/wp-content\/uploads\/2024\/05\/PI-15-Para-Tag-3.pdf\" rel=\"attachment wp-att-9659\">PI-15-Para-Tag-3<\/a><\/li>\n<li><a href=\"https:\/\/www.maimarkt-turnier.de\/wp-content\/uploads\/2024\/05\/PI-16-Amateure.pdf\" rel=\"attachment wp-att-9660\">PI-16-Amateure<\/a><\/li>\n<li><a href=\"https:\/\/www.maimarkt-turnier.de\/wp-content\/uploads\/2024\/05\/PI-17-Diringer-Scheidel.pdf\" rel=\"attachment wp-att-9661\">PI-17-Diringer+ Scheidel<\/a><\/li>\n<li><a href=\"https:\/\/www.maimarkt-turnier.de\/wp-content\/uploads\/2024\/05\/PI-18-Vitakraft.pdf\" rel=\"attachment wp-att-9664\">PI-18- Vitakraft<\/a><\/li>\n<li><a href=\"https:\/\/www.maimarkt-turnier.de\/wp-content\/uploads\/2024\/05\/PI-19-Brose.pdf\" rel=\"attachment wp-att-9665\">PI-19-Brose<\/a><\/li>\n<li><a href=\"https:\/\/www.maimarkt-turnier.de\/wp-content\/uploads\/2024\/05\/PI-20-Abschluss-PK.pdf\" rel=\"attachment wp-att-9666\">PI-20-Abschluss-PK<\/a><\/li>\n<li><a href=\"https:\/\/www.maimarkt-turnier.de\/wp-content\/uploads\/2024\/05\/PI-21-Para-Tag-4.pdf\" rel=\"attachment wp-att-9667\">PI-21-Para-Tag-4<\/a><\/li>\n<li><a href=\"https:\/\/www.maimarkt-turnier.de\/wp-content\/uploads\/2024\/05\/PI-22-Badenia.pdf\" rel=\"attachment wp-att-9668\">PI-22-Badenia<\/a><\/li>\n<li><a href=\"https:\/\/www.maimarkt-turnier.de\/wp-content\/uploads\/2024\/05\/PM-RR-KUR-Reiter-070524.pdf\" rel=\"attachment wp-att-9669\">PM RR KUR Reiter 070524<\/a><\/li>\n<\/ul>\n<p>&nbsp;<\/p>\n<p>Fach-Zeitschriften<\/p>\n<ul>\n<li><a href=\"https:\/\/www.maimarkt-turnier.de\/wp-content\/uploads\/2024\/03\/60-Jahre-auf-dem-Weg-nach-oben.pdf\" rel=\"attachment wp-att-9309\">60 Jahre auf dem Weg nach oben<\/a><\/li>\n<li><a href=\"https:\/\/www.maimarkt-turnier.de\/wp-content\/uploads\/2024\/05\/Kuer-Premiere.pdf\" target=\"_blank\" rel=\"attachment noopener wp-att-9702\">K\u00fcr Premiere<\/a><\/li>\n<li><a href=\"https:\/\/www.maimarkt-turnier.de\/wp-content\/uploads\/2024\/05\/Reiter-Revue.pdf\" target=\"_blank\" rel=\"attachment noopener wp-att-9703\">Reiter-Revue<\/a><\/li>\n<li><a href=\"https:\/\/www.maimarkt-turnier.de\/wp-content\/uploads\/2024\/06\/Ein-Abo-auf-den-zweiten-Platz.pdf\" target=\"_blank\" rel=\"attachment noopener wp-att-9707\">Ein Abo auf den zweiten Platz<\/a><\/li>\n<\/ul>\n<p>&nbsp;<\/p>\n<p>Zeitungen<\/p>\n<ul>\n<li><a href=\"https:\/\/www.maimarkt-turnier.de\/wp-content\/uploads\/2024\/04\/20240415171903865.pdf\" rel=\"attachment wp-att-9493\">60 Jahre Maimarkt-Turnier<\/a><\/li>\n<li><a href=\"https:\/\/www.rheinpfalz.de\/sport_artikel,-maimarkt-turnier-runder-geburtstag-ein-geschenk-und-viel-pfalz-_arid,5640559.html\">Runder Geburtstag, ein Geschenk und viel Pfalz<\/a><\/li>\n<\/ul>\n<p>&nbsp;<\/p>\n<p>Rhein-Neckar-Zeitung<\/p>\n<ul>\n<li><a href=\"https:\/\/www.maimarkt-turnier.de\/wp-content\/uploads\/2024\/05\/60-Jahre-Maimarkt-Turnier.pdf\" target=\"_blank\" rel=\"attachment noopener wp-att-9675\">60 Jahre Maimarkt Turnier<\/a><\/li>\n<li><a href=\"https:\/\/www.maimarkt-turnier.de\/wp-content\/uploads\/2024\/05\/Der-Maimarkt-war-ihr-Ziel.pdf\" target=\"_blank\" rel=\"attachment noopener wp-att-9676\">Der Maimarkt war ihr Ziel<\/a><\/li>\n<li><a href=\"https:\/\/www.maimarkt-turnier.de\/wp-content\/uploads\/2024\/05\/Ein-Pferd-ohne-Schwaechen.pdf\" target=\"_blank\" rel=\"attachment noopener wp-att-9677\">Ein Pferd ohne Schw\u00e4chen<\/a><\/li>\n<li><a href=\"https:\/\/www.maimarkt-turnier.de\/wp-content\/uploads\/2024\/05\/Fuer-speziell-ausgebildete-Pferde-und-Personal.pdf\" target=\"_blank\" rel=\"attachment noopener wp-att-9678\">F\u00fcr speziell ausgebildete Pferde und Personal<\/a><\/li>\n<li><a href=\"https:\/\/www.maimarkt-turnier.de\/wp-content\/uploads\/2024\/05\/Hier-wurde-Geschichte-geschrieben.pdf\" target=\"_blank\" rel=\"attachment noopener wp-att-9679\">Hier wurde Geschichte geschrieben<\/a><\/li>\n<li><a href=\"https:\/\/www.maimarkt-turnier.de\/wp-content\/uploads\/2024\/05\/Nur-wer-begeistert-ist-kann-begeistern.pdf\" target=\"_blank\" rel=\"attachment noopener wp-att-9680\">Nur wer begeistert ist, kann begeistern<\/a><\/li>\n<li><a href=\"https:\/\/www.maimarkt-turnier.de\/wp-content\/uploads\/2024\/05\/Richard-Vogels-naechster-Hoehenflug.pdf\" target=\"_blank\" rel=\"attachment noopener wp-att-9681\">Richard Vogels n\u00e4chster H\u00f6henflug<\/a><\/li>\n<li><a href=\"https:\/\/www.maimarkt-turnier.de\/wp-content\/uploads\/2024\/05\/Vogel-flog-hoch-und-weit.pdf\" target=\"_blank\" rel=\"attachment noopener wp-att-9682\">Vogel flog hoch und weit<\/a><\/li>\n<li><a href=\"https:\/\/www.maimarkt-turnier.de\/wp-content\/uploads\/2024\/05\/Vom-Wasserturm-zum-Eiffelturm.pdf\" target=\"_blank\" rel=\"attachment noopener wp-att-9683\">Vom Wasserturm zum Eiffelturm<\/a><\/li>\n<\/ul>\n<p>&nbsp;<\/p>\n<p>Mannheimer Morgen<\/p>\n<ul>\n<li><a href=\"https:\/\/www.maimarkt-turnier.de\/wp-content\/uploads\/2024\/05\/Bringt-die-EM-den-Aufschwung.pdf\" target=\"_blank\" rel=\"attachment noopener wp-att-9689\">Bringt die EM den Aufschwung<\/a><\/li>\n<li><a href=\"https:\/\/www.maimarkt-turnier.de\/wp-content\/uploads\/2024\/05\/Die-alte-und-neue-Koenigin.pdf\" target=\"_blank\" rel=\"attachment noopener wp-att-9690\">Die alte und neue K\u00f6nigin<\/a><\/li>\n<li><a href=\"https:\/\/www.maimarkt-turnier.de\/wp-content\/uploads\/2024\/05\/Dreher-hat-das-Nachsehen.pdf\" target=\"_blank\" rel=\"attachment noopener wp-att-9691\">Dreher hat das Nachsehen<\/a><\/li>\n<li><a href=\"https:\/\/www.maimarkt-turnier.de\/wp-content\/uploads\/2024\/05\/Nur-Hetzel-fehlerlos.pdf\" target=\"_blank\" rel=\"attachment noopener wp-att-9693\">Nur Hetzel fehlerlos<\/a><\/li>\n<li><a href=\"https:\/\/www.maimarkt-turnier.de\/wp-content\/uploads\/2024\/05\/Rang-zwei-fuer-Vogel-und-Co.pdf\" target=\"_blank\" rel=\"attachment noopener wp-att-9694\">Rang zwei f\u00fcr Vogel und Co.<\/a><\/li>\n<li><a href=\"https:\/\/www.maimarkt-turnier.de\/wp-content\/uploads\/2024\/05\/So-wirbt-eine-junge-Frau-per-Handy-fuer-das-Reitturnier.pdf\" target=\"_blank\" rel=\"attachment noopener wp-att-9695\">So wirbt eine junge Frau per Handy f\u00fcr das Reitturnier<\/a><\/li>\n<li><a href=\"https:\/\/www.maimarkt-turnier.de\/wp-content\/uploads\/2024\/05\/Volckmann-Geschwister-nutzen-ihre-Chance.pdf\" target=\"_blank\" rel=\"attachment noopener wp-att-9697\">Volckmann-Geschwister nutzen ihre Chance<\/a><\/li>\n<\/ul>\n[\/et_pb_accordion_item][et_pb_accordion_item title=&#8221;Presseinfos Maimarkt-Turnier 2023&#8243; _builder_version=&#8221;4.20.2&#8243; link_option_url_new_window=&#8221;on&#8221; global_colors_info=&#8221;{}&#8221; open=&#8221;off&#8221;]\n<p>&nbsp;<\/p>\n<p>Aktuelles<\/p>\n<ul>\n<li><a href=\"https:\/\/www.maimarkt-turnier.de\/wp-content\/uploads\/2023\/05\/PI-01-Para-Tag-1.pdf\" target=\"_blank\" rel=\"attachment noopener wp-att-9047\">PI-01-Para-Tag-1<\/a><\/li>\n<li><a href=\"https:\/\/www.maimarkt-turnier.de\/wp-content\/uploads\/2023\/05\/PI-03-Para-Tag-2.pdf\" target=\"_blank\" rel=\"attachment noopener wp-att-9042\">PI-02-Para-Tag-2<\/a><\/li>\n<li><a href=\"https:\/\/www.maimarkt-turnier.de\/wp-content\/uploads\/2023\/05\/PI-06052023-Para-Tag-3.pdf\" target=\"_blank\" rel=\"attachment noopener wp-att-9046\">PI-03-Para-Tag-3<\/a><\/li>\n<li><a href=\"https:\/\/www.maimarkt-turnier.de\/wp-content\/uploads\/2023\/05\/PI-05-Gerhard-Sparber.pdf\" target=\"_blank\" rel=\"attachment noopener wp-att-9043\">PI-05-Gerhard-Sparber<\/a><\/li>\n<li><a href=\"https:\/\/www.maimarkt-turnier.de\/wp-content\/uploads\/2023\/05\/PI-07-Championat.pdf\" target=\"_blank\" rel=\"attachment noopener wp-att-9044\">PI-07-Championat<\/a><\/li>\n<li><a href=\"https:\/\/www.maimarkt-turnier.de\/wp-content\/uploads\/2023\/05\/PI-08-Portraits-Nationenpreis.pdf\" target=\"_blank\" rel=\"attachment noopener wp-att-9045\">PI-08-Portraits-Nationenpreis<\/a><\/li>\n<li><a href=\"https:\/\/www.maimarkt-turnier.de\/wp-content\/uploads\/2023\/05\/Auslosung_CSIO.pdf\" target=\"_blank\" rel=\"attachment noopener wp-att-9041\">Auslosung_CSIO<\/a><\/li>\n<li><a href=\"https:\/\/www.maimarkt-turnier.de\/wp-content\/uploads\/2023\/05\/PI-09-U25.pdf\" target=\"_blank\" rel=\"attachment noopener wp-att-9055\">PI-09-U25<\/a><\/li>\n<li><a href=\"https:\/\/www.maimarkt-turnier.de\/wp-content\/uploads\/2023\/05\/PI-10-Fuehrzuegel.pdf\" target=\"_blank\" rel=\"attachment noopener wp-att-9056\">PI-10-F\u00fchrz\u00fcgel<\/a><\/li>\n<li><a href=\"https:\/\/www.maimarkt-turnier.de\/wp-content\/uploads\/2023\/05\/PI-11-Grand-Prix-GPS-Tour.pdf\" target=\"_blank\" rel=\"attachment noopener wp-att-9050\">PI-11-Grand-Prix-GPS-Tour<\/a><\/li>\n<li><a href=\"https:\/\/www.maimarkt-turnier.de\/wp-content\/uploads\/2023\/05\/PI-12-LONGINES-EEF-Nations-Cup.pdf\" target=\"_blank\" rel=\"attachment noopener wp-att-9051\">PI-12-LONGINES-EEF-Nations Cup<\/a><\/li>\n<li><a href=\"https:\/\/www.maimarkt-turnier.de\/wp-content\/uploads\/2023\/05\/PI-13-Piaff.pdf\" target=\"_blank\" rel=\"attachment noopener wp-att-9052\">PI-13-Piaff<\/a><\/li>\n<li><a href=\"https:\/\/www.maimarkt-turnier.de\/wp-content\/uploads\/2023\/05\/PI-14-Grand-Prix-Kuer-Tour.pdf\" target=\"_blank\" rel=\"attachment noopener wp-att-9053\">PI-14-Grand Prix K\u00fcr-Tour<\/a><\/li>\n<li><a href=\"https:\/\/www.maimarkt-turnier.de\/wp-content\/uploads\/2023\/05\/PI-15-GPS.pdf\" target=\"_blank\" rel=\"attachment noopener wp-att-9054\">PI-15-GPS<\/a><\/li>\n<li><a href=\"https:\/\/www.maimarkt-turnier.de\/wp-content\/uploads\/2023\/05\/PI-16-Burg-Pokal.pdf\" target=\"_blank\" rel=\"attachment noopener wp-att-9060\">PI-16-Burg-Pokal<\/a><\/li>\n<li><a href=\"https:\/\/www.maimarkt-turnier.de\/wp-content\/uploads\/2023\/05\/PI-18-Dressur-Kuer.pdf\" target=\"_blank\" rel=\"attachment noopener wp-att-9058\">PI-18-Dressur-K\u00fcr<\/a><\/li>\n<li><a href=\"https:\/\/www.maimarkt-turnier.de\/wp-content\/uploads\/2023\/05\/PI-19-Badenia.pdf\" target=\"_blank\" rel=\"attachment noopener wp-att-9059\">PI-19-Badenia<\/a><\/li>\n<li><a href=\"https:\/\/www.maimarkt-turnier.de\/wp-content\/uploads\/2023\/05\/PI-Abschluss-PK.pdf\" target=\"_blank\" rel=\"attachment noopener wp-att-9062\">PI-Abschluss-PK<\/a><\/li>\n<li><a href=\"https:\/\/www.maimarkt-turnier.de\/wp-content\/uploads\/2023\/05\/PM-RR-KUR_Spende_Reiterverein23-090523.pdf\" target=\"_blank\" rel=\"attachment noopener wp-att-9061\">PM RR KUR_Spende_Reiterverein23 090523<\/a><\/li>\n<\/ul>\n<p>&nbsp;<\/p>\n<p>Pressemappe 2023<\/p>\n<ul>\n<li><a href=\"https:\/\/www.maimarkt-turnier.de\/wp-content\/uploads\/2023\/05\/PIN_PK_Maimarktturnier-Mannheim_20230421.pdf\" target=\"_blank\" rel=\"attachment noopener wp-att-9068\">PIN_PK_Maimarktturnier Mannheim_20230421<\/a><\/li>\n<li><a href=\"https:\/\/www.maimarkt-turnier.de\/wp-content\/uploads\/2023\/05\/PI-PK-24042023-Logo.pdf\" target=\"_blank\" rel=\"attachment noopener wp-att-9069\">PI-PK-24042023-Logo<\/a><\/li>\n<li><a href=\"https:\/\/www.maimarkt-turnier.de\/wp-content\/uploads\/2023\/05\/Maimarktturnier-econo-01-2023-1.pdf\" target=\"_blank\" rel=\"attachment noopener wp-att-9067\">Maimarktturnier, econo 01-2023-1<\/a><\/li>\n<li><a href=\"https:\/\/www.maimarkt-turnier.de\/wp-content\/uploads\/2023\/05\/Portrait-Vogel.pdf\" target=\"_blank\" rel=\"attachment noopener wp-att-9070\">Portrait-Vogel<\/a><\/li>\n<li><a href=\"https:\/\/www.maimarkt-turnier.de\/wp-content\/uploads\/2023\/05\/Siegerliste-Badenia-und-Championat.pdf\" target=\"_blank\" rel=\"attachment noopener wp-att-9071\">Siegerliste Badenia und Championat<\/a><\/li>\n<\/ul>\n<p>&nbsp;<\/p>\n[\/et_pb_accordion_item][\/et_pb_accordion][\/et_pb_column][et_pb_column type=&#8221;1_2&#8243; _builder_version=&#8221;4.16&#8243; _module_preset=&#8221;default&#8221; custom_padding=&#8221;||||false|false&#8221; global_colors_info=&#8221;{}&#8221;][et_pb_image src=&#8221;https:\/\/www.maimarkt-turnier.de\/wp-content\/uploads\/2022\/02\/AndreasHenn-145-DS2A3070-m-scaled.jpg&#8221; title_text=&#8221;AndreasHenn-145-DS2A3070-m&#8221; _builder_version=&#8221;4.16&#8243; _module_preset=&#8221;default&#8221; global_colors_info=&#8221;{}&#8221;][\/et_pb_image][\/et_pb_column][\/et_pb_row][\/et_pb_section][et_pb_section fb_built=&#8221;1&#8243; custom_padding_last_edited=&#8221;on|phone&#8221; admin_label=&#8221;Akkreditierung&#8221; _builder_version=&#8221;4.16&#8243; _module_preset=&#8221;default&#8221; background_enable_color=&#8221;off&#8221; module_alignment=&#8221;center&#8221; custom_padding=&#8221;0px|25px|80px|25px|false|false&#8221; custom_padding_tablet=&#8221;0px||60px||false|false&#8221; custom_padding_phone=&#8221;|20px|40px|20px|false|false&#8221; global_colors_info=&#8221;{}&#8221;][et_pb_row use_custom_gutter=&#8221;on&#8221; make_equal=&#8221;on&#8221; admin_label=&#8221;Zeile&#8221; _builder_version=&#8221;4.16&#8243; _module_preset=&#8221;default&#8221; width=&#8221;auto&#8221; max_width=&#8221;1200px&#8221; module_alignment=&#8221;center&#8221; custom_margin=&#8221;||||false|false&#8221; custom_padding=&#8221;||||false|false&#8221; global_colors_info=&#8221;{}&#8221;][et_pb_column type=&#8221;4_4&#8243; _builder_version=&#8221;4.16&#8243; _module_preset=&#8221;default&#8221; custom_padding=&#8221;||||false|false&#8221; global_colors_info=&#8221;{}&#8221;][et_pb_text disabled_on=&#8221;off|off|off&#8221; admin_label=&#8221;Text&#8221; _builder_version=&#8221;4.20.2&#8243; _module_preset=&#8221;default&#8221; header_2_text_color=&#8221;#002744&#8243; custom_margin=&#8221;||||false|false&#8221; custom_padding=&#8221;||||false|false&#8221; sticky_limit_bottom=&#8221;column&#8221; global_colors_info=&#8221;{}&#8221;]\n<h2>Akkreditierung<\/h2>\n[\/et_pb_text][\/et_pb_column][\/et_pb_row][et_pb_row column_structure=&#8221;1_2,1_2&#8243; use_custom_gutter=&#8221;on&#8221; make_equal=&#8221;on&#8221; admin_label=&#8221;Zeile&#8221; _builder_version=&#8221;4.16&#8243; _module_preset=&#8221;default&#8221; width=&#8221;auto&#8221; max_width=&#8221;1200px&#8221; module_alignment=&#8221;center&#8221; custom_margin=&#8221;||||false|false&#8221; custom_padding=&#8221;||||false|false&#8221; global_colors_info=&#8221;{}&#8221;][et_pb_column type=&#8221;1_2&#8243; _builder_version=&#8221;4.16&#8243; _module_preset=&#8221;default&#8221; custom_padding=&#8221;||||false|false&#8221; global_colors_info=&#8221;{}&#8221;][et_pb_text disabled_on=&#8221;off|off|off&#8221; admin_label=&#8221;Text&#8221; _builder_version=&#8221;4.27.5&#8243; _module_preset=&#8221;default&#8221; text_font_size=&#8221;18px&#8221; header_2_text_color=&#8221;#002744&#8243; custom_margin=&#8221;||||false|false&#8221; custom_padding=&#8221;||||false|false&#8221; sticky_limit_bottom=&#8221;column&#8221; global_colors_info=&#8221;{}&#8221;]\n<p>Das Pressezentrum bietet Platz f\u00fcr ca. 50 Journalisten. Es ist in der zweiten Ebene des Richterturms gelegen und bietet besten Blick auf das MVV-Reitstadion. Wenn Sie eine Akkreditierung f\u00fcr das Maimarkt-Turnier ben\u00f6tigen, senden Sie bitte das <a href=\"https:\/\/www.maimarkt-turnier.de\/wp-content\/uploads\/2026\/03\/Akkreditierungsantrag-2026.pdf\" target=\"_blank\" rel=\"attachment noopener wp-att-9312\">Akkreditierungsformular\u00a0<\/a> vollst\u00e4ndig ausgef\u00fcllt an folgende E-Mail: <a href=\"mailto:hartmut.binder@pressebuero-binder.de\">hartmut.binder@pressebuero-binder.de<\/a><\/p>\n<p>W\u00e4hrend dem Maimarkt-Turnier erreichen Sie das Pressezentrum unter der Telefon-Nr.: <a href=\"tel:+4962176211692\">+49 621 397 289 90<\/a><\/p>\n[\/et_pb_text][\/et_pb_column][et_pb_column type=&#8221;1_2&#8243; _builder_version=&#8221;4.16&#8243; _module_preset=&#8221;default&#8221; custom_padding=&#8221;||||false|false&#8221; global_colors_info=&#8221;{}&#8221;][et_pb_image src=&#8221;https:\/\/www.maimarkt-turnier.de\/wp-content\/uploads\/2016\/03\/AndreasHenn-005-DS2A4881-m.jpg&#8221; title_text=&#8221;AndreasHenn-005-DS2A4881-m&#8221; disabled_on=&#8221;off|off|off&#8221; _builder_version=&#8221;4.16&#8243; _module_preset=&#8221;default&#8221; global_colors_info=&#8221;{}&#8221;][\/et_pb_image][\/et_pb_column][\/et_pb_row][\/et_pb_section][et_pb_section fb_built=&#8221;1&#8243; custom_padding_last_edited=&#8221;on|desktop&#8221; admin_label=&#8221;Footer NEU&#8221; _builder_version=&#8221;4.14.8&#8243; _module_preset=&#8221;default&#8221; background_color=&#8221;#002744&#8243; custom_padding=&#8221;40px||0px||false|false&#8221; custom_padding_tablet=&#8221;40px||0px||false|false&#8221; custom_padding_phone=&#8221;40px||0px||false|false&#8221; global_module=&#8221;8546&#8243; saved_tabs=&#8221;all&#8221; global_colors_info=&#8221;{}&#8221;][et_pb_row column_structure=&#8221;1_4,1_4,1_4,1_4&#8243; use_custom_gutter=&#8221;on&#8221; make_equal=&#8221;on&#8221; custom_padding_last_edited=&#8221;on|tablet&#8221; admin_label=&#8221;Footer Infos&#8221; _builder_version=&#8221;4.16&#8243; _module_preset=&#8221;default&#8221; background_size=&#8221;initial&#8221; background_position=&#8221;top_left&#8221; background_repeat=&#8221;repeat&#8221; width=&#8221;100%&#8221; max_width=&#8221;1200px&#8221; module_alignment=&#8221;center&#8221; custom_margin=&#8221;||||false|false&#8221; custom_margin_tablet=&#8221;||||false|false&#8221; custom_margin_phone=&#8221;||||false|false&#8221; custom_margin_last_edited=&#8221;on|desktop&#8221; custom_padding=&#8221;|25px|0px|25px|false|false&#8221; custom_padding_tablet=&#8221;|25px|0|25px|false|false&#8221; custom_padding_phone=&#8221;|20px||20px|false|false&#8221; module_alignment_tablet=&#8221;center&#8221; module_alignment_phone=&#8221;center&#8221; module_alignment_last_edited=&#8221;on|phone&#8221; global_colors_info=&#8221;{}&#8221;][et_pb_column type=&#8221;1_4&#8243; _builder_version=&#8221;4.16&#8243; _module_preset=&#8221;default&#8221; custom_padding=&#8221;||||false|false&#8221; custom_padding_tablet=&#8221;||20px||false|false&#8221; custom_padding_phone=&#8221;||20px||false|false&#8221; custom_padding_last_edited=&#8221;on|phone&#8221; global_colors_info=&#8221;{}&#8221;][et_pb_text disabled_on=&#8221;on|off|off&#8221; _builder_version=&#8221;4.16&#8243; _module_preset=&#8221;default&#8221; text_text_color=&#8221;#FFFFFF&#8221; background_layout=&#8221;dark&#8221; text_orientation_tablet=&#8221;left&#8221; text_orientation_phone=&#8221;center&#8221; text_orientation_last_edited=&#8221;on|tablet&#8221; locked=&#8221;off&#8221; global_colors_info=&#8221;{}&#8221;]\n<h2>Maimarkt-<br \/>Turnier<br \/>Mannheim<\/h2>\n[\/et_pb_text][et_pb_text disabled_on=&#8221;off|on|on&#8221; _builder_version=&#8221;4.16&#8243; _module_preset=&#8221;default&#8221; text_text_color=&#8221;#FFFFFF&#8221; background_layout=&#8221;dark&#8221; text_orientation_tablet=&#8221;&#8221; text_orientation_phone=&#8221;center&#8221; text_orientation_last_edited=&#8221;on|tablet&#8221; locked=&#8221;off&#8221; global_colors_info=&#8221;{}&#8221;]\n<h2>Maimarkt-Turnier Mannheim<\/h2>\n[\/et_pb_text][\/et_pb_column][et_pb_column type=&#8221;1_4&#8243; _builder_version=&#8221;4.16&#8243; _module_preset=&#8221;default&#8221; custom_padding=&#8221;||||false|false&#8221; custom_padding_tablet=&#8221;||20px||false|false&#8221; custom_padding_phone=&#8221;||20px||false|false&#8221; custom_padding_last_edited=&#8221;on|phone&#8221; global_colors_info=&#8221;{}&#8221;][et_pb_text _builder_version=&#8221;4.16&#8243; _module_preset=&#8221;default&#8221; text_font=&#8221;||||||||&#8221; text_text_color=&#8221;#FFFFFF&#8221; text_font_size=&#8221;14px&#8221; text_line_height=&#8221;2em&#8221; text_orientation_tablet=&#8221;&#8221; text_orientation_phone=&#8221;center&#8221; text_orientation_last_edited=&#8221;on|phone&#8221; global_colors_info=&#8221;{}&#8221;]\n<p><b>EquinMA Reitsport Veranstaltungs GmbH<br \/><\/b>Bassermannstrasse 65<br \/>68165 Mannheim<\/p>\n[\/et_pb_text][\/et_pb_column][et_pb_column type=&#8221;1_4&#8243; _builder_version=&#8221;4.16&#8243; _module_preset=&#8221;default&#8221; global_colors_info=&#8221;{}&#8221;][et_pb_text _builder_version=&#8221;4.27.5&#8243; _module_preset=&#8221;default&#8221; text_text_color=&#8221;#FFFFFF&#8221; text_font_size=&#8221;14px&#8221; text_line_height=&#8221;2em&#8221; link_option_url_new_window=&#8221;on&#8221; text_orientation_tablet=&#8221;left&#8221; text_orientation_phone=&#8221;center&#8221; text_orientation_last_edited=&#8221;on|tablet&#8221; global_colors_info=&#8221;{}&#8221;]\n<p>Tel.: <span style=\"color: #cf2f28;\">0621 8786012<\/span><br \/>E-Mail: <a href=\"mailto:info@maimarkt-turnier-mannheim.de\">info@maimarkt-turnier-mannheim.de<\/a><\/p>\n[\/et_pb_text][\/et_pb_column][et_pb_column type=&#8221;1_4&#8243; _builder_version=&#8221;4.16&#8243; _module_preset=&#8221;default&#8221; custom_padding=&#8221;0px||||false|false&#8221; custom_padding_tablet=&#8221;0px||||false|false&#8221; custom_padding_phone=&#8221;20px||||false|false&#8221; custom_padding_last_edited=&#8221;on|phone&#8221; global_colors_info=&#8221;{}&#8221;][et_pb_button button_text=&#8221;Jetzt Tickets bestellen&#8221; button_alignment=&#8221;left&#8221; button_alignment_tablet=&#8221;right&#8221; button_alignment_phone=&#8221;center&#8221; button_alignment_last_edited=&#8221;on|phone&#8221; _builder_version=&#8221;4.16&#8243; _module_preset=&#8221;default&#8221; global_colors_info=&#8221;{}&#8221;][\/et_pb_button][et_pb_text _builder_version=&#8221;4.16&#8243; _module_preset=&#8221;default&#8221; text_text_color=&#8221;#FFFFFF&#8221; text_font_size=&#8221;14px&#8221; text_line_height=&#8221;2em&#8221; link_text_color=&#8221;#CF2F28&#8243; custom_padding_tablet=&#8221;||||false|false&#8221; custom_padding_phone=&#8221;||||false|false&#8221; custom_padding_last_edited=&#8221;on|tablet&#8221; link_option_url_new_window=&#8221;on&#8221; text_orientation_tablet=&#8221;right&#8221; text_orientation_phone=&#8221;center&#8221; text_orientation_last_edited=&#8221;on|phone&#8221; global_colors_info=&#8221;{}&#8221;]\n<p><a href=\"https:\/\/www.maimarkt-turnier.de\/kontaktanfahrt\/\">Kontakt Reitturnier<\/a><\/p>\n[\/et_pb_text][et_pb_social_media_follow icon_color=&#8221;#CF2F28&#8243; use_icon_font_size=&#8221;on&#8221; icon_font_size=&#8221;24px&#8221; admin_label=&#8221;Social Media&#8221; _builder_version=&#8221;4.16&#8243; _module_preset=&#8221;default&#8221; text_orientation=&#8221;left&#8221; custom_margin=&#8221;||||false|false&#8221; custom_padding=&#8221;0px||0px||false|false&#8221; custom_padding_tablet=&#8221;0px||0px||false|false&#8221; custom_padding_phone=&#8221;0px||0px||false|false&#8221; custom_padding_last_edited=&#8221;on|phone&#8221; text_orientation_tablet=&#8221;right&#8221; text_orientation_phone=&#8221;center&#8221; text_orientation_last_edited=&#8221;on|phone&#8221; border_radii=&#8221;on|0px|0px|0px|0px&#8221; global_colors_info=&#8221;{}&#8221;][et_pb_social_media_follow_network social_network=&#8221;instagram&#8221; url=&#8221;https:\/\/instagram.com\/maimarktturniermannheim&#8221; _builder_version=&#8221;4.16&#8243; _module_preset=&#8221;default&#8221; border_radii=&#8221;on|0px|0px|0px|0px&#8221; border_color_all=&#8221;RGBA(255,255,255,0)&#8221; global_colors_info=&#8221;{}&#8221; follow_button=&#8221;off&#8221; url_new_window=&#8221;on&#8221;]instagram[\/et_pb_social_media_follow_network][et_pb_social_media_follow_network social_network=&#8221;facebook&#8221; url=&#8221;https:\/\/www.facebook.com\/maimarktturniermannheim&#8221; _builder_version=&#8221;4.16&#8243; _module_preset=&#8221;default&#8221; global_colors_info=&#8221;{}&#8221; follow_button=&#8221;off&#8221; url_new_window=&#8221;on&#8221;]facebook[\/et_pb_social_media_follow_network][\/et_pb_social_media_follow][\/et_pb_column][\/et_pb_row][et_pb_row column_structure=&#8221;1_2,1_2&#8243; use_custom_gutter=&#8221;on&#8221; gutter_width=&#8221;1&#8243; admin_label=&#8221;Impressum Datenschutz&#8221; _builder_version=&#8221;4.16&#8243; _module_preset=&#8221;default&#8221; background_color=&#8221;#88BCE7&#8243; width=&#8221;100%&#8221; max_width=&#8221;none&#8221; module_alignment=&#8221;center&#8221; custom_margin=&#8221;40px||||false|false&#8221; custom_padding=&#8221;8px||8px||false|false&#8221; custom_css_main_element=&#8221;display: flex;&#8221; global_colors_info=&#8221;{}&#8221;][et_pb_column type=&#8221;1_2&#8243; _builder_version=&#8221;4.16&#8243; _module_preset=&#8221;default&#8221; global_colors_info=&#8221;{}&#8221;][et_pb_text _builder_version=&#8221;4.16&#8243; _module_preset=&#8221;default&#8221; text_text_color=&#8221;#002744&#8243; text_font_size=&#8221;14px&#8221; text_line_height=&#8221;2em&#8221; link_text_color=&#8221;#002744&#8243; text_orientation=&#8221;right&#8221; module_alignment=&#8221;right&#8221; custom_margin=&#8221;0px||0px||false|false&#8221; custom_padding=&#8221;0px|16px|0px|0px|false|false&#8221; link_option_url=&#8221;https:\/\/www.maimarkt-turnier.de\/kontaktanfahrt\/&#8221; link_option_url_new_window=&#8221;on&#8221; global_colors_info=&#8221;{}&#8221;]\n<p style=\"text-align: right;\"><a href=\"https:\/\/www.maimarkt-turnier.de\/impressum\/\">Impressum<\/a><\/p>\n[\/et_pb_text][\/et_pb_column][et_pb_column type=&#8221;1_2&#8243; _builder_version=&#8221;4.16&#8243; _module_preset=&#8221;default&#8221; global_colors_info=&#8221;{}&#8221;][et_pb_text _builder_version=&#8221;4.16&#8243; _module_preset=&#8221;default&#8221; text_text_color=&#8221;#002744&#8243; text_font_size=&#8221;14px&#8221; text_line_height=&#8221;2em&#8221; link_text_color=&#8221;#002744&#8243; custom_margin=&#8221;0px||0px||false|false&#8221; custom_padding=&#8221;0px|0px|0px|16px|false|false&#8221; link_option_url=&#8221;https:\/\/www.maimarkt-turnier.de\/kontaktanfahrt\/&#8221; link_option_url_new_window=&#8221;on&#8221; global_colors_info=&#8221;{}&#8221;]\n<p><a href=\"https:\/\/www.maimarkt-turnier.de\/datenschutz\/\">Datenschutz<\/a><\/p>\n[\/et_pb_text][\/et_pb_column][\/et_pb_row][\/et_pb_section]\n","protected":false},"excerpt":{"rendered":"<p>PresseAktuelles Pressemitteilung allgemeinPressemitteilung Springen Pressemitteilung Nr. 9 ROTH-Britt-GER-Jeffrey_SLQuellenangabe\/Foto: Stefan Lafrentz Pressemitteilung Nr. 8 JUNG-Christa-ParcourschefQuellenangabe\/Foto: Stefan Lafrentz Pressemitteilung Nr. 7 Team-Germany_Siegerehrung-MVV-StadionQuellenangabe\/Foto: Veranstalter Pressemitteilung Nr. 6 100. Geburtstages des Reiter-Verein MannheimQuellenangabe\/Foto: Veranstalter Pressemitteilung Nr. 5 TREFFINGER-MoritzQuellenangabe\/Foto: Stefan Lafrentz Pressemitteilung Nr. 4 Foto des Siegers im Maimarkt-Championat pr\u00e4sentiert von Berrang SEQuellenangabe\/Foto: Stefan Lafrentz Pressemitteilung Nr. 3 Siegerin im [&hellip;]<\/p>\n","protected":false},"author":21,"featured_media":0,"parent":0,"menu_order":1,"comment_status":"closed","ping_status":"closed","template":"","meta":{"_acf_changed":false,"_et_pb_use_builder":"on","_et_pb_old_content":"","_et_gb_content_width":"","footnotes":"","_members_access_role":[],"_members_access_error":""},"class_list":["post-8614","page","type-page","status-publish","hentry"],"acf":[],"yoast_head":"<!-- This site is optimized with the Yoast SEO plugin v28.0 - https:\/\/yoast.com\/product\/yoast-seo-wordpress\/ -->\n<title>Presse - Maimarkt Turnier<\/title>\n<meta name=\"robots\" content=\"index, follow, max-snippet:-1, max-image-preview:large, max-video-preview:-1\" \/>\n<link rel=\"canonical\" href=\"https:\/\/www.maimarkt-turnier.de\/presse\/\" \/>\n<meta property=\"og:locale\" content=\"de_DE\" \/>\n<meta property=\"og:type\" content=\"article\" \/>\n<meta property=\"og:title\" content=\"Presse - Maimarkt Turnier\" \/>\n<meta property=\"og:description\" content=\"PresseAktuelles Pressemitteilung allgemeinPressemitteilung Springen Pressemitteilung Nr. 9 ROTH-Britt-GER-Jeffrey_SLQuellenangabe\/Foto: Stefan Lafrentz Pressemitteilung Nr. 8 JUNG-Christa-ParcourschefQuellenangabe\/Foto: Stefan Lafrentz Pressemitteilung Nr. 7 Team-Germany_Siegerehrung-MVV-StadionQuellenangabe\/Foto: Veranstalter Pressemitteilung Nr. 6 100. Geburtstages des Reiter-Verein MannheimQuellenangabe\/Foto: Veranstalter Pressemitteilung Nr. 5 TREFFINGER-MoritzQuellenangabe\/Foto: Stefan Lafrentz Pressemitteilung Nr. 4 Foto des Siegers im Maimarkt-Championat pr\u00e4sentiert von Berrang SEQuellenangabe\/Foto: Stefan Lafrentz Pressemitteilung Nr. 3 Siegerin im [&hellip;]\" \/>\n<meta property=\"og:url\" content=\"https:\/\/www.maimarkt-turnier.de\/presse\/\" \/>\n<meta property=\"og:site_name\" content=\"Maimarkt Turnier\" \/>\n<meta property=\"article:modified_time\" content=\"2026-06-17T07:21:12+00:00\" \/>\n<meta property=\"og:image\" content=\"https:\/\/www.maimarkt-turnier.de\/wp-content\/uploads\/2025\/05\/TREFFINGER-Moritz-GER-Fiderdance_SL_1274-004-057-300x200.jpg\" \/>\n<meta name=\"twitter:label1\" content=\"Gesch\u00e4tzte Lesezeit\" \/>\n\t<meta name=\"twitter:data1\" content=\"11\u00a0Minuten\" \/>\n<script type=\"application\/ld+json\" class=\"yoast-schema-graph\">{\"@context\":\"https:\\\/\\\/schema.org\",\"@graph\":[{\"@type\":\"WebPage\",\"@id\":\"https:\\\/\\\/www.maimarkt-turnier.de\\\/presse\\\/\",\"url\":\"https:\\\/\\\/www.maimarkt-turnier.de\\\/presse\\\/\",\"name\":\"Presse - Maimarkt Turnier\",\"isPartOf\":{\"@id\":\"https:\\\/\\\/www.maimarkt-turnier.de\\\/#website\"},\"primaryImageOfPage\":{\"@id\":\"https:\\\/\\\/www.maimarkt-turnier.de\\\/presse\\\/#primaryimage\"},\"image\":{\"@id\":\"https:\\\/\\\/www.maimarkt-turnier.de\\\/presse\\\/#primaryimage\"},\"thumbnailUrl\":\"https:\\\/\\\/www.maimarkt-turnier.de\\\/wp-content\\\/uploads\\\/2025\\\/05\\\/TREFFINGER-Moritz-GER-Fiderdance_SL_1274-004-057-300x200.jpg\",\"datePublished\":\"2023-02-07T12:53:55+00:00\",\"dateModified\":\"2026-06-17T07:21:12+00:00\",\"breadcrumb\":{\"@id\":\"https:\\\/\\\/www.maimarkt-turnier.de\\\/presse\\\/#breadcrumb\"},\"inLanguage\":\"de\",\"potentialAction\":[{\"@type\":\"ReadAction\",\"target\":[\"https:\\\/\\\/www.maimarkt-turnier.de\\\/presse\\\/\"]}]},{\"@type\":\"ImageObject\",\"inLanguage\":\"de\",\"@id\":\"https:\\\/\\\/www.maimarkt-turnier.de\\\/presse\\\/#primaryimage\",\"url\":\"https:\\\/\\\/www.maimarkt-turnier.de\\\/wp-content\\\/uploads\\\/2025\\\/05\\\/TREFFINGER-Moritz-GER-Fiderdance_SL_1274-004-057.jpg\",\"contentUrl\":\"https:\\\/\\\/www.maimarkt-turnier.de\\\/wp-content\\\/uploads\\\/2025\\\/05\\\/TREFFINGER-Moritz-GER-Fiderdance_SL_1274-004-057.jpg\",\"width\":2000,\"height\":1332,\"caption\":\"MANNHEIM - Maimarkt-Turnier 2025 TREFFINGER Moritz (GER), Fiderdance CDIU25 \u2013 Grand Prix Piaff-F\u00f6rderpreis-Wertungspr\u00fcfung -Preis der Liselott-Schindling-Stiftung- Mannheim, Reitstadion Maimarkt 03. May 2025 \u00a9 www.sportfotos-lafrentz.de\\\/Stefan Lafrentz\"},{\"@type\":\"BreadcrumbList\",\"@id\":\"https:\\\/\\\/www.maimarkt-turnier.de\\\/presse\\\/#breadcrumb\",\"itemListElement\":[{\"@type\":\"ListItem\",\"position\":1,\"name\":\"Startseite\",\"item\":\"https:\\\/\\\/www.maimarkt-turnier.de\\\/\"},{\"@type\":\"ListItem\",\"position\":2,\"name\":\"Presse\"}]},{\"@type\":\"WebSite\",\"@id\":\"https:\\\/\\\/www.maimarkt-turnier.de\\\/#website\",\"url\":\"https:\\\/\\\/www.maimarkt-turnier.de\\\/\",\"name\":\"Maimarkt Turnier\",\"description\":\"62. MAIMARKT-TURNIER AM 01. \u2013 06. MAI 2026\",\"publisher\":{\"@id\":\"https:\\\/\\\/www.maimarkt-turnier.de\\\/#organization\"},\"potentialAction\":[{\"@type\":\"SearchAction\",\"target\":{\"@type\":\"EntryPoint\",\"urlTemplate\":\"https:\\\/\\\/www.maimarkt-turnier.de\\\/?s={search_term_string}\"},\"query-input\":{\"@type\":\"PropertyValueSpecification\",\"valueRequired\":true,\"valueName\":\"search_term_string\"}}],\"inLanguage\":\"de\"},{\"@type\":\"Organization\",\"@id\":\"https:\\\/\\\/www.maimarkt-turnier.de\\\/#organization\",\"name\":\"Maimarkt Turnier\",\"url\":\"https:\\\/\\\/www.maimarkt-turnier.de\\\/\",\"logo\":{\"@type\":\"ImageObject\",\"inLanguage\":\"de\",\"@id\":\"https:\\\/\\\/www.maimarkt-turnier.de\\\/#\\\/schema\\\/logo\\\/image\\\/\",\"url\":\"https:\\\/\\\/www.maimarkt-turnier.de\\\/wp-content\\\/uploads\\\/2022\\\/03\\\/MMT_Logo_footer_2022.png\",\"contentUrl\":\"https:\\\/\\\/www.maimarkt-turnier.de\\\/wp-content\\\/uploads\\\/2022\\\/03\\\/MMT_Logo_footer_2022.png\",\"width\":2560,\"height\":2382,\"caption\":\"Maimarkt Turnier\"},\"image\":{\"@id\":\"https:\\\/\\\/www.maimarkt-turnier.de\\\/#\\\/schema\\\/logo\\\/image\\\/\"}}]}<\/script>\n<!-- \/ Yoast SEO plugin. -->","yoast_head_json":{"title":"Presse - Maimarkt Turnier","robots":{"index":"index","follow":"follow","max-snippet":"max-snippet:-1","max-image-preview":"max-image-preview:large","max-video-preview":"max-video-preview:-1"},"canonical":"https:\/\/www.maimarkt-turnier.de\/presse\/","og_locale":"de_DE","og_type":"article","og_title":"Presse - Maimarkt Turnier","og_description":"PresseAktuelles Pressemitteilung allgemeinPressemitteilung Springen Pressemitteilung Nr. 9 ROTH-Britt-GER-Jeffrey_SLQuellenangabe\/Foto: Stefan Lafrentz Pressemitteilung Nr. 8 JUNG-Christa-ParcourschefQuellenangabe\/Foto: Stefan Lafrentz Pressemitteilung Nr. 7 Team-Germany_Siegerehrung-MVV-StadionQuellenangabe\/Foto: Veranstalter Pressemitteilung Nr. 6 100. Geburtstages des Reiter-Verein MannheimQuellenangabe\/Foto: Veranstalter Pressemitteilung Nr. 5 TREFFINGER-MoritzQuellenangabe\/Foto: Stefan Lafrentz Pressemitteilung Nr. 4 Foto des Siegers im Maimarkt-Championat pr\u00e4sentiert von Berrang SEQuellenangabe\/Foto: Stefan Lafrentz Pressemitteilung Nr. 3 Siegerin im [&hellip;]","og_url":"https:\/\/www.maimarkt-turnier.de\/presse\/","og_site_name":"Maimarkt Turnier","article_modified_time":"2026-06-17T07:21:12+00:00","og_image":[{"url":"https:\/\/www.maimarkt-turnier.de\/wp-content\/uploads\/2025\/05\/TREFFINGER-Moritz-GER-Fiderdance_SL_1274-004-057-300x200.jpg","type":"","width":"","height":""}],"twitter_misc":{"Gesch\u00e4tzte Lesezeit":"11\u00a0Minuten"},"schema":{"@context":"https:\/\/schema.org","@graph":[{"@type":"WebPage","@id":"https:\/\/www.maimarkt-turnier.de\/presse\/","url":"https:\/\/www.maimarkt-turnier.de\/presse\/","name":"Presse - Maimarkt Turnier","isPartOf":{"@id":"https:\/\/www.maimarkt-turnier.de\/#website"},"primaryImageOfPage":{"@id":"https:\/\/www.maimarkt-turnier.de\/presse\/#primaryimage"},"image":{"@id":"https:\/\/www.maimarkt-turnier.de\/presse\/#primaryimage"},"thumbnailUrl":"https:\/\/www.maimarkt-turnier.de\/wp-content\/uploads\/2025\/05\/TREFFINGER-Moritz-GER-Fiderdance_SL_1274-004-057-300x200.jpg","datePublished":"2023-02-07T12:53:55+00:00","dateModified":"2026-06-17T07:21:12+00:00","breadcrumb":{"@id":"https:\/\/www.maimarkt-turnier.de\/presse\/#breadcrumb"},"inLanguage":"de","potentialAction":[{"@type":"ReadAction","target":["https:\/\/www.maimarkt-turnier.de\/presse\/"]}]},{"@type":"ImageObject","inLanguage":"de","@id":"https:\/\/www.maimarkt-turnier.de\/presse\/#primaryimage","url":"https:\/\/www.maimarkt-turnier.de\/wp-content\/uploads\/2025\/05\/TREFFINGER-Moritz-GER-Fiderdance_SL_1274-004-057.jpg","contentUrl":"https:\/\/www.maimarkt-turnier.de\/wp-content\/uploads\/2025\/05\/TREFFINGER-Moritz-GER-Fiderdance_SL_1274-004-057.jpg","width":2000,"height":1332,"caption":"MANNHEIM - Maimarkt-Turnier 2025 TREFFINGER Moritz (GER), Fiderdance CDIU25 \u2013 Grand Prix Piaff-F\u00f6rderpreis-Wertungspr\u00fcfung -Preis der Liselott-Schindling-Stiftung- Mannheim, Reitstadion Maimarkt 03. May 2025 \u00a9 www.sportfotos-lafrentz.de\/Stefan Lafrentz"},{"@type":"BreadcrumbList","@id":"https:\/\/www.maimarkt-turnier.de\/presse\/#breadcrumb","itemListElement":[{"@type":"ListItem","position":1,"name":"Startseite","item":"https:\/\/www.maimarkt-turnier.de\/"},{"@type":"ListItem","position":2,"name":"Presse"}]},{"@type":"WebSite","@id":"https:\/\/www.maimarkt-turnier.de\/#website","url":"https:\/\/www.maimarkt-turnier.de\/","name":"Maimarkt Turnier","description":"62. MAIMARKT-TURNIER AM 01. \u2013 06. MAI 2026","publisher":{"@id":"https:\/\/www.maimarkt-turnier.de\/#organization"},"potentialAction":[{"@type":"SearchAction","target":{"@type":"EntryPoint","urlTemplate":"https:\/\/www.maimarkt-turnier.de\/?s={search_term_string}"},"query-input":{"@type":"PropertyValueSpecification","valueRequired":true,"valueName":"search_term_string"}}],"inLanguage":"de"},{"@type":"Organization","@id":"https:\/\/www.maimarkt-turnier.de\/#organization","name":"Maimarkt Turnier","url":"https:\/\/www.maimarkt-turnier.de\/","logo":{"@type":"ImageObject","inLanguage":"de","@id":"https:\/\/www.maimarkt-turnier.de\/#\/schema\/logo\/image\/","url":"https:\/\/www.maimarkt-turnier.de\/wp-content\/uploads\/2022\/03\/MMT_Logo_footer_2022.png","contentUrl":"https:\/\/www.maimarkt-turnier.de\/wp-content\/uploads\/2022\/03\/MMT_Logo_footer_2022.png","width":2560,"height":2382,"caption":"Maimarkt Turnier"},"image":{"@id":"https:\/\/www.maimarkt-turnier.de\/#\/schema\/logo\/image\/"}}]}},"_links":{"self":[{"href":"https:\/\/www.maimarkt-turnier.de\/wp-json\/wp\/v2\/pages\/8614","targetHints":{"allow":["GET"]}}],"collection":[{"href":"https:\/\/www.maimarkt-turnier.de\/wp-json\/wp\/v2\/pages"}],"about":[{"href":"https:\/\/www.maimarkt-turnier.de\/wp-json\/wp\/v2\/types\/page"}],"author":[{"embeddable":true,"href":"https:\/\/www.maimarkt-turnier.de\/wp-json\/wp\/v2\/users\/21"}],"replies":[{"embeddable":true,"href":"https:\/\/www.maimarkt-turnier.de\/wp-json\/wp\/v2\/comments?post=8614"}],"version-history":[{"count":36,"href":"https:\/\/www.maimarkt-turnier.de\/wp-json\/wp\/v2\/pages\/8614\/revisions"}],"predecessor-version":[{"id":10989,"href":"https:\/\/www.maimarkt-turnier.de\/wp-json\/wp\/v2\/pages\/8614\/revisions\/10989"}],"wp:attachment":[{"href":"https:\/\/www.maimarkt-turnier.de\/wp-json\/wp\/v2\/media?parent=8614"}],"curies":[{"name":"wp","href":"https:\/\/api.w.org\/{rel}","templated":true}]}}