{"id":8550,"date":"2023-01-18T16:06:45","date_gmt":"2023-01-18T15:06:45","guid":{"rendered":"https:\/\/www.maimarkt-turnier.de\/?page_id=8550"},"modified":"2026-06-12T10:02:26","modified_gmt":"2026-06-12T09:02:26","slug":"sport","status":"publish","type":"page","link":"https:\/\/www.maimarkt-turnier.de\/sport\/","title":{"rendered":"Sport"},"content":{"rendered":"[et_pb_section fb_built=&#8221;1&#8243; custom_padding_last_edited=&#8221;on|phone&#8221; admin_label=&#8221;Header&#8221; _builder_version=&#8221;4.16&#8243; _module_preset=&#8221;default&#8221; background_color=&#8221;#002744&#8243; module_alignment=&#8221;center&#8221; height=&#8221;600px&#8221; height_tablet=&#8221;500px&#8221; height_phone=&#8221;500px&#8221; height_last_edited=&#8221;on|tablet&#8221; custom_padding=&#8221;80px|25px|80px|25px|false|false&#8221; custom_padding_tablet=&#8221;60px|25px|60px|25px|false|false&#8221; custom_padding_phone=&#8221;40px|20px|40px|20px|false|false&#8221; global_colors_info=&#8221;{}&#8221;][et_pb_row column_structure=&#8221;1_2,1_2&#8243; use_custom_gutter=&#8221;on&#8221; module_class=&#8221;header-mobile&#8221; _builder_version=&#8221;4.16&#8243; _module_preset=&#8221;default&#8221; width=&#8221;100%&#8221; width_tablet=&#8221;100%&#8221; width_phone=&#8221;100%&#8221; width_last_edited=&#8221;on|phone&#8221; max_width=&#8221;1200px&#8221; max_width_tablet=&#8221;none&#8221; max_width_phone=&#8221;none&#8221; max_width_last_edited=&#8221;on|phone&#8221; module_alignment=&#8221;center&#8221; custom_margin=&#8221;||||false|false&#8221; custom_padding=&#8221;||||false|false&#8221; module_alignment_tablet=&#8221;&#8221; module_alignment_phone=&#8221;&#8221; module_alignment_last_edited=&#8221;on|tablet&#8221; global_colors_info=&#8221;{}&#8221;][et_pb_column type=&#8221;1_2&#8243; _builder_version=&#8221;4.16&#8243; _module_preset=&#8221;default&#8221; custom_padding=&#8221;||||false|false&#8221; global_colors_info=&#8221;{}&#8221;][et_pb_text _builder_version=&#8221;4.16&#8243; _module_preset=&#8221;default&#8221; background_layout=&#8221;dark&#8221; custom_margin_tablet=&#8221;&#8221; custom_margin_phone=&#8221;&#8221; custom_margin_last_edited=&#8221;on|phone&#8221; custom_padding=&#8221;0px|0px|0px|0px|false|false&#8221; text_orientation_tablet=&#8221;left&#8221; text_orientation_phone=&#8221;center&#8221; text_orientation_last_edited=&#8221;on|phone&#8221; global_colors_info=&#8221;{}&#8221;]\n<h1>Sport beim Maimarkt-Turnier<\/h1>\n[\/et_pb_text][\/et_pb_column][et_pb_column type=&#8221;1_2&#8243; _builder_version=&#8221;4.16&#8243; _module_preset=&#8221;default&#8221; global_colors_info=&#8221;{}&#8221;][et_pb_image src=&#8221;https:\/\/www.maimarkt-turnier.de\/wp-content\/uploads\/2023\/02\/Grafik_MMT_Dressur.png&#8221; title_text=&#8221;Grafik_MMT_Dressur&#8221; align_tablet=&#8221;&#8221; align_phone=&#8221;center&#8221; align_last_edited=&#8221;on|desktop&#8221; _builder_version=&#8221;4.16&#8243; _module_preset=&#8221;default&#8221; width_tablet=&#8221;&#8221; width_phone=&#8221;&#8221; width_last_edited=&#8221;on|desktop&#8221; max_width=&#8221;450px&#8221; max_width_tablet=&#8221;350px&#8221; max_width_phone=&#8221;300px&#8221; max_width_last_edited=&#8221;on|phone&#8221; global_colors_info=&#8221;{}&#8221;][\/et_pb_image][\/et_pb_column][\/et_pb_row][\/et_pb_section][et_pb_section fb_built=&#8221;1&#8243; custom_padding_last_edited=&#8221;on|phone&#8221; admin_label=&#8221;Disziplinen&#8221; _builder_version=&#8221;4.16&#8243; _module_preset=&#8221;default&#8221; background_enable_color=&#8221;off&#8221; module_alignment=&#8221;center&#8221; custom_padding=&#8221;80px|25px|80px|25px|false|false&#8221; custom_padding_tablet=&#8221;60px||60px||false|false&#8221; custom_padding_phone=&#8221;40px|20px|40px|20px|false|false&#8221; global_colors_info=&#8221;{}&#8221;][et_pb_row column_structure=&#8221;1_2,1_2&#8243; use_custom_gutter=&#8221;on&#8221; make_equal=&#8221;on&#8221; admin_label=&#8221;Zeile&#8221; _builder_version=&#8221;4.16&#8243; _module_preset=&#8221;default&#8221; width=&#8221;auto&#8221; max_width=&#8221;1200px&#8221; module_alignment=&#8221;center&#8221; custom_margin=&#8221;||||false|false&#8221; custom_padding=&#8221;||||false|false&#8221; global_colors_info=&#8221;{}&#8221;][et_pb_column type=&#8221;1_2&#8243; _builder_version=&#8221;4.16&#8243; _module_preset=&#8221;default&#8221; custom_padding=&#8221;||||false|false&#8221; global_colors_info=&#8221;{}&#8221;][et_pb_text disabled_on=&#8221;off|off|off&#8221; admin_label=&#8221;Text&#8221; _builder_version=&#8221;4.16&#8243; _module_preset=&#8221;default&#8221; header_2_text_color=&#8221;#002744&#8243; custom_margin=&#8221;||||false|false&#8221; custom_margin_tablet=&#8221;||15px||false|false&#8221; custom_margin_phone=&#8221;||10px||false|false&#8221; custom_margin_last_edited=&#8221;on|phone&#8221; custom_padding=&#8221;||||false|false&#8221; sticky_limit_bottom=&#8221;column&#8221; global_colors_info=&#8221;{}&#8221;]\n<h2>Disziplinen<\/h2>\n[\/et_pb_text][et_pb_text disabled_on=&#8221;off|off|off&#8221; admin_label=&#8221;Text&#8221; _builder_version=&#8221;4.16&#8243; _module_preset=&#8221;default&#8221; text_font_size=&#8221;18px&#8221; header_2_text_color=&#8221;#002744&#8243; custom_margin=&#8221;||||false|false&#8221; custom_padding=&#8221;||||false|false&#8221; sticky_limit_bottom=&#8221;column&#8221; global_colors_info=&#8221;{}&#8221;]\n<p>Seit 1964 ist das Maimarkt-Turnier eines der wichtigsten Reitturniere f\u00fcr den deutschen und europ\u00e4ischen Pferdesport. Neben den internationalen Spring- und Dressurpr\u00fcfungen auf 4*-Niveau, werden auch national ausgeschriebene Dressur- und Springpr\u00fcfungen bis hin zur schweren Klasse durchgef\u00fchrt.<\/p>\n<p>Dar\u00fcber hinaus ist Mannheim ein weltweiter Vorreiter auf dem Gebiet der Inklusion und Integration von Reitern mit Handicap, den Para-Equestrian. Seit 2003 ist die Para-Dressur fester Bestandteil des Maimarkt-Turniers.<\/p>\n[\/et_pb_text][et_pb_button button_url=&#8221;https:\/\/www.maimarkt-turnier.de\/disziplinen\/&#8221; button_text=&#8221;Zu den Disziplinen&#8221; button_alignment=&#8221;left&#8221; button_text_tablet=&#8221;Zu den Disziplinen&#8221; button_text_phone=&#8221;Zu den Disziplinen&#8221; button_text_last_edited=&#8221;on|phone&#8221; button_alignment_tablet=&#8221;left&#8221; button_alignment_phone=&#8221;center&#8221; button_alignment_last_edited=&#8221;on|phone&#8221; disabled_on=&#8221;off|off|off&#8221; _builder_version=&#8221;4.16&#8243; _module_preset=&#8221;default&#8221; custom_margin=&#8221;30px||||false|false&#8221; custom_margin_tablet=&#8221;30px||||false|false&#8221; custom_margin_phone=&#8221;||10px||false|false&#8221; custom_margin_last_edited=&#8221;on|phone&#8221; global_colors_info=&#8221;{}&#8221;][\/et_pb_button][\/et_pb_column][et_pb_column type=&#8221;1_2&#8243; _builder_version=&#8221;4.16&#8243; _module_preset=&#8221;default&#8221; custom_padding=&#8221;||||false|false&#8221; global_colors_info=&#8221;{}&#8221;][et_pb_image src=&#8221;https:\/\/www.maimarkt-turnier.de\/wp-content\/uploads\/2016\/03\/07-42-d1568-ahlmann-COESTER-GER.jpg&#8221; title_text=&#8221;07-42-d1568-ahlmann-COESTER-GER&#8221; _builder_version=&#8221;4.16&#8243; _module_preset=&#8221;default&#8221; global_colors_info=&#8221;{}&#8221;][\/et_pb_image][\/et_pb_column][\/et_pb_row][\/et_pb_section][et_pb_section fb_built=&#8221;1&#8243; custom_padding_last_edited=&#8221;on|phone&#8221; admin_label=&#8221;Sieger&#8221; _builder_version=&#8221;4.16&#8243; _module_preset=&#8221;default&#8221; background_enable_color=&#8221;off&#8221; module_alignment=&#8221;center&#8221; custom_padding=&#8221;80px|25px|80px|25px|false|false&#8221; custom_padding_tablet=&#8221;60px||60px||false|false&#8221; custom_padding_phone=&#8221;40px|20px|40px|20px|false|false&#8221; global_colors_info=&#8221;{}&#8221;][et_pb_row use_custom_gutter=&#8221;on&#8221; make_equal=&#8221;on&#8221; admin_label=&#8221;Zeile&#8221; _builder_version=&#8221;4.16&#8243; _module_preset=&#8221;default&#8221; width=&#8221;auto&#8221; max_width=&#8221;1200px&#8221; module_alignment=&#8221;center&#8221; custom_margin=&#8221;||||false|false&#8221; custom_padding=&#8221;||||false|false&#8221; global_colors_info=&#8221;{}&#8221;][et_pb_column type=&#8221;4_4&#8243; _builder_version=&#8221;4.16&#8243; _module_preset=&#8221;default&#8221; custom_padding=&#8221;||||false|false&#8221; global_colors_info=&#8221;{}&#8221;][et_pb_text disabled_on=&#8221;off|off|off&#8221; admin_label=&#8221;Text&#8221; _builder_version=&#8221;4.16&#8243; _module_preset=&#8221;default&#8221; header_2_text_color=&#8221;#002744&#8243; custom_margin=&#8221;||10px||false|false&#8221; custom_margin_tablet=&#8221;||10px||false|false&#8221; custom_margin_phone=&#8221;||10px||false|false&#8221; custom_margin_last_edited=&#8221;on|tablet&#8221; custom_padding=&#8221;||||false|false&#8221; sticky_limit_bottom=&#8221;column&#8221; global_colors_info=&#8221;{}&#8221;]\n<h2>Sieger<\/h2>\n[\/et_pb_text][et_pb_accordion open_toggle_text_color=&#8221;#002744&#8243; open_toggle_background_color=&#8221;#FFFFFF&#8221; closed_toggle_text_color=&#8221;#002744&#8243; closed_toggle_background_color=&#8221;#FFFFFF&#8221; toggle_icon=&#8221;&#xf0d7;||fa||900&#8243; icon_color=&#8221;#E1054A&#8221; use_icon_font_size=&#8221;on&#8221; icon_font_size=&#8221;18px&#8221; disabled_on=&#8221;off|off|off&#8221; admin_label=&#8221;Akkordeon&#8221; _builder_version=&#8221;4.27.5&#8243; toggle_text_color=&#8221;#002744&#8243; toggle_level=&#8221;h3&#8243; toggle_text_align=&#8221;left&#8221; toggle_font_size=&#8221;16px&#8221; body_text_color=&#8221;#000000&#8243; background_color=&#8221;RGBA(255,255,255,0)&#8221; text_orientation=&#8221;left&#8221; custom_margin=&#8221;||||false|false&#8221; custom_padding=&#8221;||||false|false&#8221; link_option_url_new_window=&#8221;on&#8221; locked=&#8221;off&#8221; global_colors_info=&#8221;{}&#8221;][et_pb_accordion_item title=&#8221;Badenia&#8221; open=&#8221;on&#8221; _builder_version=&#8221;4.27.5&#8243; custom_padding=&#8221;||||false|false&#8221; link_option_url_new_window=&#8221;on&#8221; global_colors_info=&#8221;{}&#8221;]\n<ul>\n<li>1964:\u00a0<a title=\"Deutschland\" href=\"https:\/\/de.wikipedia.org\/wiki\/Lothar_Schellhase\"><img decoding=\"async\" src=\"https:\/\/upload.wikimedia.org\/wikipedia\/commons\/thumb\/b\/ba\/Flag_of_Germany.svg\/20px-Flag_of_Germany.svg.png\" srcset=\"\/\/upload.wikimedia.org\/wikipedia\/commons\/thumb\/b\/ba\/Flag_of_Germany.svg\/30px-Flag_of_Germany.svg.png 1.5x, \/\/upload.wikimedia.org\/wikipedia\/commons\/thumb\/b\/ba\/Flag_of_Germany.svg\/40px-Flag_of_Germany.svg.png 2x\" alt=\"Deutschland\" width=\"20\" height=\"12\" data-file-width=\"1000\" data-file-height=\"600\" \/><\/a>\u00a0<a class=\"new\" title=\"Lothar Schellhase (Seite nicht vorhanden)\" href=\"https:\/\/de.wikipedia.org\/w\/index.php?title=Lothar_Schellhase&amp;action=edit&amp;redlink=1\">Lothar Schellhase<\/a>\u00a0mit\u00a0<i>Atos,\u00a0<\/i><a title=\"Deutschland\" href=\"https:\/\/de.wikipedia.org\/wiki\/Walter_Schmidt_(Reiter)\"><img decoding=\"async\" src=\"https:\/\/upload.wikimedia.org\/wikipedia\/commons\/thumb\/b\/ba\/Flag_of_Germany.svg\/20px-Flag_of_Germany.svg.png\" srcset=\"\/\/upload.wikimedia.org\/wikipedia\/commons\/thumb\/b\/ba\/Flag_of_Germany.svg\/30px-Flag_of_Germany.svg.png 1.5x, \/\/upload.wikimedia.org\/wikipedia\/commons\/thumb\/b\/ba\/Flag_of_Germany.svg\/40px-Flag_of_Germany.svg.png 2x\" alt=\"Deutschland\" width=\"20\" height=\"12\" data-file-width=\"1000\" data-file-height=\"600\" \/><\/a>\u00a0<a class=\"new\" title=\"Walter Schmidt (Reiter) (Seite nicht vorhanden)\" href=\"https:\/\/de.wikipedia.org\/w\/index.php?title=Walter_Schmidt_(Reiter)&amp;action=edit&amp;redlink=1\">Walter Schmidt<\/a>\u00a0mit\u00a0<i>Axelsport<\/i><\/li>\n<li>1965:\u00a0<a title=\"Deutschland\" href=\"https:\/\/de.wikipedia.org\/wiki\/Alwin_Schockem%C3%B6hle\"><img decoding=\"async\" src=\"https:\/\/upload.wikimedia.org\/wikipedia\/commons\/thumb\/b\/ba\/Flag_of_Germany.svg\/20px-Flag_of_Germany.svg.png\" srcset=\"\/\/upload.wikimedia.org\/wikipedia\/commons\/thumb\/b\/ba\/Flag_of_Germany.svg\/30px-Flag_of_Germany.svg.png 1.5x, \/\/upload.wikimedia.org\/wikipedia\/commons\/thumb\/b\/ba\/Flag_of_Germany.svg\/40px-Flag_of_Germany.svg.png 2x\" alt=\"Deutschland\" width=\"20\" height=\"12\" data-file-width=\"1000\" data-file-height=\"600\" \/><\/a>\u00a0<a title=\"Alwin Schockem\u00f6hle\" href=\"https:\/\/de.wikipedia.org\/wiki\/Alwin_Schockem%C3%B6hle\">Alwin Schockem\u00f6hle<\/a>\u00a0mit\u00a0<i>Freiherr<\/i>,\u00a0<a title=\"Deutschland\" href=\"https:\/\/de.wikipedia.org\/wiki\/Hauke_Schmidt\"><img decoding=\"async\" src=\"https:\/\/upload.wikimedia.org\/wikipedia\/commons\/thumb\/b\/ba\/Flag_of_Germany.svg\/20px-Flag_of_Germany.svg.png\" srcset=\"\/\/upload.wikimedia.org\/wikipedia\/commons\/thumb\/b\/ba\/Flag_of_Germany.svg\/30px-Flag_of_Germany.svg.png 1.5x, \/\/upload.wikimedia.org\/wikipedia\/commons\/thumb\/b\/ba\/Flag_of_Germany.svg\/40px-Flag_of_Germany.svg.png 2x\" alt=\"Deutschland\" width=\"20\" height=\"12\" data-file-width=\"1000\" data-file-height=\"600\" \/><\/a>\u00a0<a class=\"new\" title=\"Hauke Schmidt (Seite nicht vorhanden)\" href=\"https:\/\/de.wikipedia.org\/w\/index.php?title=Hauke_Schmidt&amp;action=edit&amp;redlink=1\">Hauke Schmidt<\/a>\u00a0mit\u00a0<i>Gerona<\/i><\/li>\n<li>1966:\u00a0<a title=\"Deutschland\" href=\"https:\/\/de.wikipedia.org\/wiki\/Hermann_Schridde\"><img decoding=\"async\" src=\"https:\/\/upload.wikimedia.org\/wikipedia\/commons\/thumb\/b\/ba\/Flag_of_Germany.svg\/20px-Flag_of_Germany.svg.png\" srcset=\"\/\/upload.wikimedia.org\/wikipedia\/commons\/thumb\/b\/ba\/Flag_of_Germany.svg\/30px-Flag_of_Germany.svg.png 1.5x, \/\/upload.wikimedia.org\/wikipedia\/commons\/thumb\/b\/ba\/Flag_of_Germany.svg\/40px-Flag_of_Germany.svg.png 2x\" alt=\"Deutschland\" width=\"20\" height=\"12\" data-file-width=\"1000\" data-file-height=\"600\" \/><\/a>\u00a0<a title=\"Hermann Schridde\" href=\"https:\/\/de.wikipedia.org\/wiki\/Hermann_Schridde\">Hermann Schridde<\/a>\u00a0mit\u00a0<i>Kamerad IV<\/i><\/li>\n<li>1967:\u00a0<a title=\"Deutschland\" href=\"https:\/\/de.wikipedia.org\/wiki\/Deutschland\"><img decoding=\"async\" src=\"https:\/\/upload.wikimedia.org\/wikipedia\/commons\/thumb\/b\/ba\/Flag_of_Germany.svg\/20px-Flag_of_Germany.svg.png\" srcset=\"\/\/upload.wikimedia.org\/wikipedia\/commons\/thumb\/b\/ba\/Flag_of_Germany.svg\/30px-Flag_of_Germany.svg.png 1.5x, \/\/upload.wikimedia.org\/wikipedia\/commons\/thumb\/b\/ba\/Flag_of_Germany.svg\/40px-Flag_of_Germany.svg.png 2x\" alt=\"Deutschland\" width=\"20\" height=\"12\" data-file-width=\"1000\" data-file-height=\"600\" \/><\/a>\u00a0Georg Stumpf mit\u00a0<i>Alarm<\/i><\/li>\n<li>1968:\u00a0<a title=\"Deutschland\" href=\"https:\/\/de.wikipedia.org\/wiki\/Willibert_Mehlkopf\"><img decoding=\"async\" src=\"https:\/\/upload.wikimedia.org\/wikipedia\/commons\/thumb\/b\/ba\/Flag_of_Germany.svg\/20px-Flag_of_Germany.svg.png\" srcset=\"\/\/upload.wikimedia.org\/wikipedia\/commons\/thumb\/b\/ba\/Flag_of_Germany.svg\/30px-Flag_of_Germany.svg.png 1.5x, \/\/upload.wikimedia.org\/wikipedia\/commons\/thumb\/b\/ba\/Flag_of_Germany.svg\/40px-Flag_of_Germany.svg.png 2x\" alt=\"Deutschland\" width=\"20\" height=\"12\" data-file-width=\"1000\" data-file-height=\"600\" \/><\/a>\u00a0<a class=\"new\" title=\"Willibert Mehlkopf (Seite nicht vorhanden)\" href=\"https:\/\/de.wikipedia.org\/w\/index.php?title=Willibert_Mehlkopf&amp;action=edit&amp;redlink=1\">Willibert Mehlkopf<\/a>\u00a0mit\u00a0<i>Fidelius<\/i><\/li>\n<li>1969:\u00a0<a title=\"Deutschland\" href=\"https:\/\/de.wikipedia.org\/wiki\/Alwin_Schockem%C3%B6hle\"><img decoding=\"async\" src=\"https:\/\/upload.wikimedia.org\/wikipedia\/commons\/thumb\/b\/ba\/Flag_of_Germany.svg\/20px-Flag_of_Germany.svg.png\" srcset=\"\/\/upload.wikimedia.org\/wikipedia\/commons\/thumb\/b\/ba\/Flag_of_Germany.svg\/30px-Flag_of_Germany.svg.png 1.5x, \/\/upload.wikimedia.org\/wikipedia\/commons\/thumb\/b\/ba\/Flag_of_Germany.svg\/40px-Flag_of_Germany.svg.png 2x\" alt=\"Deutschland\" width=\"20\" height=\"12\" data-file-width=\"1000\" data-file-height=\"600\" \/><\/a>\u00a0<a title=\"Alwin Schockem\u00f6hle\" href=\"https:\/\/de.wikipedia.org\/wiki\/Alwin_Schockem%C3%B6hle\">Alwin Schockem\u00f6hle<\/a>\u00a0mit\u00a0<i>Donald Rex<\/i><\/li>\n<li>1970:\u00a0<a title=\"Deutschland\" href=\"https:\/\/de.wikipedia.org\/wiki\/Deutschland\"><img decoding=\"async\" src=\"https:\/\/upload.wikimedia.org\/wikipedia\/commons\/thumb\/b\/ba\/Flag_of_Germany.svg\/20px-Flag_of_Germany.svg.png\" srcset=\"\/\/upload.wikimedia.org\/wikipedia\/commons\/thumb\/b\/ba\/Flag_of_Germany.svg\/30px-Flag_of_Germany.svg.png 1.5x, \/\/upload.wikimedia.org\/wikipedia\/commons\/thumb\/b\/ba\/Flag_of_Germany.svg\/40px-Flag_of_Germany.svg.png 2x\" alt=\"Deutschland\" width=\"20\" height=\"12\" data-file-width=\"1000\" data-file-height=\"600\" \/><\/a>\u00a0Alwin Schockem\u00f6hle mit\u00a0<i>Donald Rex<\/i><\/li>\n<li>1971:\u00a0<a title=\"Deutschland\" href=\"https:\/\/de.wikipedia.org\/wiki\/Marion_Snoek\"><img decoding=\"async\" src=\"https:\/\/upload.wikimedia.org\/wikipedia\/commons\/thumb\/b\/ba\/Flag_of_Germany.svg\/20px-Flag_of_Germany.svg.png\" srcset=\"\/\/upload.wikimedia.org\/wikipedia\/commons\/thumb\/b\/ba\/Flag_of_Germany.svg\/30px-Flag_of_Germany.svg.png 1.5x, \/\/upload.wikimedia.org\/wikipedia\/commons\/thumb\/b\/ba\/Flag_of_Germany.svg\/40px-Flag_of_Germany.svg.png 2x\" alt=\"Deutschland\" width=\"20\" height=\"12\" data-file-width=\"1000\" data-file-height=\"600\" \/><\/a>\u00a0<a class=\"new\" title=\"Marion Snoek (Seite nicht vorhanden)\" href=\"https:\/\/de.wikipedia.org\/w\/index.php?title=Marion_Snoek&amp;action=edit&amp;redlink=1\">Marion Snoek<\/a>\u00a0mit\u00a0<i>Janeau<\/i><\/li>\n<li>1972:\u00a0<a title=\"Deutschland\" href=\"https:\/\/de.wikipedia.org\/wiki\/Hermann_Schridde\"><img decoding=\"async\" src=\"https:\/\/upload.wikimedia.org\/wikipedia\/commons\/thumb\/b\/ba\/Flag_of_Germany.svg\/20px-Flag_of_Germany.svg.png\" srcset=\"\/\/upload.wikimedia.org\/wikipedia\/commons\/thumb\/b\/ba\/Flag_of_Germany.svg\/30px-Flag_of_Germany.svg.png 1.5x, \/\/upload.wikimedia.org\/wikipedia\/commons\/thumb\/b\/ba\/Flag_of_Germany.svg\/40px-Flag_of_Germany.svg.png 2x\" alt=\"Deutschland\" width=\"20\" height=\"12\" data-file-width=\"1000\" data-file-height=\"600\" \/><\/a>\u00a0<a title=\"Hermann Schridde\" href=\"https:\/\/de.wikipedia.org\/wiki\/Hermann_Schridde\">Hermann Schridde<\/a>\u00a0mit\u00a0<i>Ahorn<\/i><\/li>\n<li>1973:\u00a0<a title=\"Deutschland\" href=\"https:\/\/de.wikipedia.org\/wiki\/Gerd_Wiltfang\"><img decoding=\"async\" src=\"https:\/\/upload.wikimedia.org\/wikipedia\/commons\/thumb\/b\/ba\/Flag_of_Germany.svg\/20px-Flag_of_Germany.svg.png\" srcset=\"\/\/upload.wikimedia.org\/wikipedia\/commons\/thumb\/b\/ba\/Flag_of_Germany.svg\/30px-Flag_of_Germany.svg.png 1.5x, \/\/upload.wikimedia.org\/wikipedia\/commons\/thumb\/b\/ba\/Flag_of_Germany.svg\/40px-Flag_of_Germany.svg.png 2x\" alt=\"Deutschland\" width=\"20\" height=\"12\" data-file-width=\"1000\" data-file-height=\"600\" \/><\/a>\u00a0<a title=\"Gerd Wiltfang\" href=\"https:\/\/de.wikipedia.org\/wiki\/Gerd_Wiltfang\">Gerd Wiltfang<\/a>\u00a0mit\u00a0<i>Askan IV<\/i><\/li>\n<li>1974:\u00a0<a title=\"Deutschland\" href=\"https:\/\/de.wikipedia.org\/wiki\/Paul_Schockem%C3%B6hle\"><img decoding=\"async\" src=\"https:\/\/upload.wikimedia.org\/wikipedia\/commons\/thumb\/b\/ba\/Flag_of_Germany.svg\/20px-Flag_of_Germany.svg.png\" srcset=\"\/\/upload.wikimedia.org\/wikipedia\/commons\/thumb\/b\/ba\/Flag_of_Germany.svg\/30px-Flag_of_Germany.svg.png 1.5x, \/\/upload.wikimedia.org\/wikipedia\/commons\/thumb\/b\/ba\/Flag_of_Germany.svg\/40px-Flag_of_Germany.svg.png 2x\" alt=\"Deutschland\" width=\"20\" height=\"12\" data-file-width=\"1000\" data-file-height=\"600\" \/><\/a>\u00a0<a title=\"Paul Schockem\u00f6hle\" href=\"https:\/\/de.wikipedia.org\/wiki\/Paul_Schockem%C3%B6hle\">Paul Schockem\u00f6hle<\/a>\u00a0mit\u00a0<i>Abadir<\/i><\/li>\n<li>1975:\u00a0<a title=\"\u00d6sterreich\" href=\"https:\/\/de.wikipedia.org\/wiki\/Hugo_Simon_(Springreiter)\"><img decoding=\"async\" src=\"https:\/\/upload.wikimedia.org\/wikipedia\/commons\/thumb\/4\/41\/Flag_of_Austria.svg\/20px-Flag_of_Austria.svg.png\" srcset=\"\/\/upload.wikimedia.org\/wikipedia\/commons\/thumb\/4\/41\/Flag_of_Austria.svg\/30px-Flag_of_Austria.svg.png 1.5x, \/\/upload.wikimedia.org\/wikipedia\/commons\/thumb\/4\/41\/Flag_of_Austria.svg\/40px-Flag_of_Austria.svg.png 2x\" alt=\"\u00d6sterreich\" width=\"20\" height=\"13\" data-file-width=\"900\" data-file-height=\"600\" \/><\/a>\u00a0<a title=\"Hugo Simon (Springreiter)\" href=\"https:\/\/de.wikipedia.org\/wiki\/Hugo_Simon_(Springreiter)\">Hugo Simon<\/a>\u00a0mit\u00a0<i>Lavendel II<\/i><\/li>\n<li>1976:\u00a0<a title=\"\u00d6sterreich\" href=\"https:\/\/de.wikipedia.org\/wiki\/%C3%96sterreich\"><img decoding=\"async\" src=\"https:\/\/upload.wikimedia.org\/wikipedia\/commons\/thumb\/4\/41\/Flag_of_Austria.svg\/20px-Flag_of_Austria.svg.png\" srcset=\"\/\/upload.wikimedia.org\/wikipedia\/commons\/thumb\/4\/41\/Flag_of_Austria.svg\/30px-Flag_of_Austria.svg.png 1.5x, \/\/upload.wikimedia.org\/wikipedia\/commons\/thumb\/4\/41\/Flag_of_Austria.svg\/40px-Flag_of_Austria.svg.png 2x\" alt=\"\u00d6sterreich\" width=\"20\" height=\"13\" data-file-width=\"900\" data-file-height=\"600\" \/><\/a>\u00a0Hugo Simon mit\u00a0<i>Flipper<\/i><\/li>\n<li>1977:\u00a0<a title=\"Deutschland\" href=\"https:\/\/de.wikipedia.org\/wiki\/Hendrik_Snoek\"><img decoding=\"async\" src=\"https:\/\/upload.wikimedia.org\/wikipedia\/commons\/thumb\/b\/ba\/Flag_of_Germany.svg\/20px-Flag_of_Germany.svg.png\" srcset=\"\/\/upload.wikimedia.org\/wikipedia\/commons\/thumb\/b\/ba\/Flag_of_Germany.svg\/30px-Flag_of_Germany.svg.png 1.5x, \/\/upload.wikimedia.org\/wikipedia\/commons\/thumb\/b\/ba\/Flag_of_Germany.svg\/40px-Flag_of_Germany.svg.png 2x\" alt=\"Deutschland\" width=\"20\" height=\"12\" data-file-width=\"1000\" data-file-height=\"600\" \/><\/a>\u00a0<a title=\"Hendrik Snoek\" href=\"https:\/\/de.wikipedia.org\/wiki\/Hendrik_Snoek\">Hendrik Snoek<\/a>\u00a0mit\u00a0<i>Gaylord<\/i><\/li>\n<li>1978:\u00a0<a title=\"Deutschland\" href=\"https:\/\/de.wikipedia.org\/wiki\/Paul_Schockem%C3%B6hle\"><img decoding=\"async\" src=\"https:\/\/upload.wikimedia.org\/wikipedia\/commons\/thumb\/b\/ba\/Flag_of_Germany.svg\/20px-Flag_of_Germany.svg.png\" srcset=\"\/\/upload.wikimedia.org\/wikipedia\/commons\/thumb\/b\/ba\/Flag_of_Germany.svg\/30px-Flag_of_Germany.svg.png 1.5x, \/\/upload.wikimedia.org\/wikipedia\/commons\/thumb\/b\/ba\/Flag_of_Germany.svg\/40px-Flag_of_Germany.svg.png 2x\" alt=\"Deutschland\" width=\"20\" height=\"12\" data-file-width=\"1000\" data-file-height=\"600\" \/><\/a>\u00a0<a title=\"Paul Schockem\u00f6hle\" href=\"https:\/\/de.wikipedia.org\/wiki\/Paul_Schockem%C3%B6hle\">Paul Schockem\u00f6hle<\/a>\u00a0mit\u00a0<i>El Paso<\/i><\/li>\n<li>1979:\u00a0<a title=\"Deutschland\" href=\"https:\/\/de.wikipedia.org\/wiki\/Franke_Sloothaak\"><img decoding=\"async\" src=\"https:\/\/upload.wikimedia.org\/wikipedia\/commons\/thumb\/b\/ba\/Flag_of_Germany.svg\/20px-Flag_of_Germany.svg.png\" srcset=\"\/\/upload.wikimedia.org\/wikipedia\/commons\/thumb\/b\/ba\/Flag_of_Germany.svg\/30px-Flag_of_Germany.svg.png 1.5x, \/\/upload.wikimedia.org\/wikipedia\/commons\/thumb\/b\/ba\/Flag_of_Germany.svg\/40px-Flag_of_Germany.svg.png 2x\" alt=\"Deutschland\" width=\"20\" height=\"12\" data-file-width=\"1000\" data-file-height=\"600\" \/><\/a>\u00a0<a title=\"Franke Sloothaak\" href=\"https:\/\/de.wikipedia.org\/wiki\/Franke_Sloothaak\">Franke Sloothaak<\/a>\u00a0mit\u00a0<i>Colombo<\/i><\/li>\n<li>1980:\u00a0<a title=\"Deutschland\" href=\"https:\/\/de.wikipedia.org\/wiki\/Deutschland\"><img decoding=\"async\" src=\"https:\/\/upload.wikimedia.org\/wikipedia\/commons\/thumb\/b\/ba\/Flag_of_Germany.svg\/20px-Flag_of_Germany.svg.png\" srcset=\"\/\/upload.wikimedia.org\/wikipedia\/commons\/thumb\/b\/ba\/Flag_of_Germany.svg\/30px-Flag_of_Germany.svg.png 1.5x, \/\/upload.wikimedia.org\/wikipedia\/commons\/thumb\/b\/ba\/Flag_of_Germany.svg\/40px-Flag_of_Germany.svg.png 2x\" alt=\"Deutschland\" width=\"20\" height=\"12\" data-file-width=\"1000\" data-file-height=\"600\" \/><\/a>\u00a0Achim Tilger mit\u00a0<i>Angelino<\/i><\/li>\n<li>1981:\u00a0<a title=\"Deutschland\" href=\"https:\/\/de.wikipedia.org\/wiki\/Franke_Sloothaak\"><img decoding=\"async\" src=\"https:\/\/upload.wikimedia.org\/wikipedia\/commons\/thumb\/b\/ba\/Flag_of_Germany.svg\/20px-Flag_of_Germany.svg.png\" srcset=\"\/\/upload.wikimedia.org\/wikipedia\/commons\/thumb\/b\/ba\/Flag_of_Germany.svg\/30px-Flag_of_Germany.svg.png 1.5x, \/\/upload.wikimedia.org\/wikipedia\/commons\/thumb\/b\/ba\/Flag_of_Germany.svg\/40px-Flag_of_Germany.svg.png 2x\" alt=\"Deutschland\" width=\"20\" height=\"12\" data-file-width=\"1000\" data-file-height=\"600\" \/><\/a>\u00a0<a title=\"Franke Sloothaak\" href=\"https:\/\/de.wikipedia.org\/wiki\/Franke_Sloothaak\">Franke Sloothaak<\/a>\u00a0mit\u00a0<i>Argonaut<\/i><\/li>\n<li>1982:\u00a0<a title=\"Deutschland\" href=\"https:\/\/de.wikipedia.org\/wiki\/Wilhelm_Bettinger\"><img decoding=\"async\" src=\"https:\/\/upload.wikimedia.org\/wikipedia\/commons\/thumb\/b\/ba\/Flag_of_Germany.svg\/20px-Flag_of_Germany.svg.png\" srcset=\"\/\/upload.wikimedia.org\/wikipedia\/commons\/thumb\/b\/ba\/Flag_of_Germany.svg\/30px-Flag_of_Germany.svg.png 1.5x, \/\/upload.wikimedia.org\/wikipedia\/commons\/thumb\/b\/ba\/Flag_of_Germany.svg\/40px-Flag_of_Germany.svg.png 2x\" alt=\"Deutschland\" width=\"20\" height=\"12\" data-file-width=\"1000\" data-file-height=\"600\" \/><\/a>\u00a0<a class=\"new\" title=\"Wilhelm Bettinger (Seite nicht vorhanden)\" href=\"https:\/\/de.wikipedia.org\/w\/index.php?title=Wilhelm_Bettinger&amp;action=edit&amp;redlink=1\">Wilhelm Bettinger<\/a>\u00a0mit\u00a0<i>Windy<\/i><\/li>\n<li>1983:\u00a0<a title=\"Deutschland\" href=\"https:\/\/de.wikipedia.org\/wiki\/Deutschland\"><img decoding=\"async\" src=\"https:\/\/upload.wikimedia.org\/wikipedia\/commons\/thumb\/b\/ba\/Flag_of_Germany.svg\/20px-Flag_of_Germany.svg.png\" srcset=\"\/\/upload.wikimedia.org\/wikipedia\/commons\/thumb\/b\/ba\/Flag_of_Germany.svg\/30px-Flag_of_Germany.svg.png 1.5x, \/\/upload.wikimedia.org\/wikipedia\/commons\/thumb\/b\/ba\/Flag_of_Germany.svg\/40px-Flag_of_Germany.svg.png 2x\" alt=\"Deutschland\" width=\"20\" height=\"12\" data-file-width=\"1000\" data-file-height=\"600\" \/><\/a>\u00a0J\u00fcrgen Ernst mit\u00a0<i>Stanley<\/i><\/li>\n<li>1984:\u00a0<a title=\"Deutschland\" href=\"https:\/\/de.wikipedia.org\/wiki\/Norbert_Koof\"><img decoding=\"async\" src=\"https:\/\/upload.wikimedia.org\/wikipedia\/commons\/thumb\/b\/ba\/Flag_of_Germany.svg\/20px-Flag_of_Germany.svg.png\" srcset=\"\/\/upload.wikimedia.org\/wikipedia\/commons\/thumb\/b\/ba\/Flag_of_Germany.svg\/30px-Flag_of_Germany.svg.png 1.5x, \/\/upload.wikimedia.org\/wikipedia\/commons\/thumb\/b\/ba\/Flag_of_Germany.svg\/40px-Flag_of_Germany.svg.png 2x\" alt=\"Deutschland\" width=\"20\" height=\"12\" data-file-width=\"1000\" data-file-height=\"600\" \/><\/a>\u00a0<a title=\"Norbert Koof\" href=\"https:\/\/de.wikipedia.org\/wiki\/Norbert_Koof\">Norbert Koof<\/a>\u00a0mit\u00a0<i>Fire<\/i><\/li>\n<li>1985:\u00a0<a title=\"Deutschland\" href=\"https:\/\/de.wikipedia.org\/wiki\/J%C3%BCrgen_Kenn\"><img decoding=\"async\" src=\"https:\/\/upload.wikimedia.org\/wikipedia\/commons\/thumb\/b\/ba\/Flag_of_Germany.svg\/20px-Flag_of_Germany.svg.png\" srcset=\"\/\/upload.wikimedia.org\/wikipedia\/commons\/thumb\/b\/ba\/Flag_of_Germany.svg\/30px-Flag_of_Germany.svg.png 1.5x, \/\/upload.wikimedia.org\/wikipedia\/commons\/thumb\/b\/ba\/Flag_of_Germany.svg\/40px-Flag_of_Germany.svg.png 2x\" alt=\"Deutschland\" width=\"20\" height=\"12\" data-file-width=\"1000\" data-file-height=\"600\" \/><\/a>\u00a0<a class=\"new\" title=\"J\u00fcrgen Kenn (Seite nicht vorhanden)\" href=\"https:\/\/de.wikipedia.org\/w\/index.php?title=J%C3%BCrgen_Kenn&amp;action=edit&amp;redlink=1\">J\u00fcrgen Kenn<\/a>\u00a0mit\u00a0<i>Feuergeist<\/i><\/li>\n<li>1986:\u00a0<a title=\"Deutschland\" href=\"https:\/\/de.wikipedia.org\/wiki\/Volker_H%C3%B6ltgen\"><img decoding=\"async\" src=\"https:\/\/upload.wikimedia.org\/wikipedia\/commons\/thumb\/b\/ba\/Flag_of_Germany.svg\/20px-Flag_of_Germany.svg.png\" srcset=\"\/\/upload.wikimedia.org\/wikipedia\/commons\/thumb\/b\/ba\/Flag_of_Germany.svg\/30px-Flag_of_Germany.svg.png 1.5x, \/\/upload.wikimedia.org\/wikipedia\/commons\/thumb\/b\/ba\/Flag_of_Germany.svg\/40px-Flag_of_Germany.svg.png 2x\" alt=\"Deutschland\" width=\"20\" height=\"12\" data-file-width=\"1000\" data-file-height=\"600\" \/><\/a>\u00a0<a class=\"new\" title=\"Volker H\u00f6ltgen (Seite nicht vorhanden)\" href=\"https:\/\/de.wikipedia.org\/w\/index.php?title=Volker_H%C3%B6ltgen&amp;action=edit&amp;redlink=1\">Volker H\u00f6ltgen<\/a>\u00a0mit\u00a0<i>Kantor<\/i><\/li>\n<li>1987:\u00a0<a title=\"Deutschland\" href=\"https:\/\/de.wikipedia.org\/wiki\/Gerd_Wiltfang\"><img decoding=\"async\" src=\"https:\/\/upload.wikimedia.org\/wikipedia\/commons\/thumb\/b\/ba\/Flag_of_Germany.svg\/20px-Flag_of_Germany.svg.png\" srcset=\"\/\/upload.wikimedia.org\/wikipedia\/commons\/thumb\/b\/ba\/Flag_of_Germany.svg\/30px-Flag_of_Germany.svg.png 1.5x, \/\/upload.wikimedia.org\/wikipedia\/commons\/thumb\/b\/ba\/Flag_of_Germany.svg\/40px-Flag_of_Germany.svg.png 2x\" alt=\"Deutschland\" width=\"20\" height=\"12\" data-file-width=\"1000\" data-file-height=\"600\" \/><\/a>\u00a0<a title=\"Gerd Wiltfang\" href=\"https:\/\/de.wikipedia.org\/wiki\/Gerd_Wiltfang\">Gerd Wiltfang<\/a>\u00a0mit\u00a0<i>Cedra<\/i><\/li>\n<li>1988:\u00a0<a title=\"Deutschland\" href=\"https:\/\/de.wikipedia.org\/wiki\/Volker_H%C3%B6ltgen\"><img decoding=\"async\" src=\"https:\/\/upload.wikimedia.org\/wikipedia\/commons\/thumb\/b\/ba\/Flag_of_Germany.svg\/20px-Flag_of_Germany.svg.png\" srcset=\"\/\/upload.wikimedia.org\/wikipedia\/commons\/thumb\/b\/ba\/Flag_of_Germany.svg\/30px-Flag_of_Germany.svg.png 1.5x, \/\/upload.wikimedia.org\/wikipedia\/commons\/thumb\/b\/ba\/Flag_of_Germany.svg\/40px-Flag_of_Germany.svg.png 2x\" alt=\"Deutschland\" width=\"20\" height=\"12\" data-file-width=\"1000\" data-file-height=\"600\" \/><\/a>\u00a0<a class=\"new\" title=\"Volker H\u00f6ltgen (Seite nicht vorhanden)\" href=\"https:\/\/de.wikipedia.org\/w\/index.php?title=Volker_H%C3%B6ltgen&amp;action=edit&amp;redlink=1\">Volker H\u00f6ltgen<\/a>\u00a0mit\u00a0<i>Kantor<\/i><\/li>\n<li>1989:\u00a0<a title=\"Deutschland\" href=\"https:\/\/de.wikipedia.org\/wiki\/Deutschland\"><img decoding=\"async\" src=\"https:\/\/upload.wikimedia.org\/wikipedia\/commons\/thumb\/b\/ba\/Flag_of_Germany.svg\/20px-Flag_of_Germany.svg.png\" srcset=\"\/\/upload.wikimedia.org\/wikipedia\/commons\/thumb\/b\/ba\/Flag_of_Germany.svg\/30px-Flag_of_Germany.svg.png 1.5x, \/\/upload.wikimedia.org\/wikipedia\/commons\/thumb\/b\/ba\/Flag_of_Germany.svg\/40px-Flag_of_Germany.svg.png 2x\" alt=\"Deutschland\" width=\"20\" height=\"12\" data-file-width=\"1000\" data-file-height=\"600\" \/><\/a>\u00a0Peter Schumacher mit\u00a0<i>Prag<\/i><\/li>\n<li>1990:\u00a0<a title=\"Deutschland\" href=\"https:\/\/de.wikipedia.org\/wiki\/Dirk_Hafemeister\"><img decoding=\"async\" src=\"https:\/\/upload.wikimedia.org\/wikipedia\/commons\/thumb\/b\/ba\/Flag_of_Germany.svg\/20px-Flag_of_Germany.svg.png\" srcset=\"\/\/upload.wikimedia.org\/wikipedia\/commons\/thumb\/b\/ba\/Flag_of_Germany.svg\/30px-Flag_of_Germany.svg.png 1.5x, \/\/upload.wikimedia.org\/wikipedia\/commons\/thumb\/b\/ba\/Flag_of_Germany.svg\/40px-Flag_of_Germany.svg.png 2x\" alt=\"Deutschland\" width=\"20\" height=\"12\" data-file-width=\"1000\" data-file-height=\"600\" \/><\/a>\u00a0<a title=\"Dirk Hafemeister\" href=\"https:\/\/de.wikipedia.org\/wiki\/Dirk_Hafemeister\">Dirk Hafemeister<\/a>\u00a0mit\u00a0<i>Cassandra<\/i><\/li>\n<li>1991:\u00a0<a title=\"\u00d6sterreich\" href=\"https:\/\/de.wikipedia.org\/wiki\/Hugo_Simon_(Springreiter)\"><img decoding=\"async\" src=\"https:\/\/upload.wikimedia.org\/wikipedia\/commons\/thumb\/4\/41\/Flag_of_Austria.svg\/20px-Flag_of_Austria.svg.png\" srcset=\"\/\/upload.wikimedia.org\/wikipedia\/commons\/thumb\/4\/41\/Flag_of_Austria.svg\/30px-Flag_of_Austria.svg.png 1.5x, \/\/upload.wikimedia.org\/wikipedia\/commons\/thumb\/4\/41\/Flag_of_Austria.svg\/40px-Flag_of_Austria.svg.png 2x\" alt=\"\u00d6sterreich\" width=\"20\" height=\"13\" data-file-width=\"900\" data-file-height=\"600\" \/><\/a>\u00a0<a title=\"Hugo Simon (Springreiter)\" href=\"https:\/\/de.wikipedia.org\/wiki\/Hugo_Simon_(Springreiter)\">Hugo Simon<\/a>\u00a0mit\u00a0<i>Amaretto D<\/i><\/li>\n<li>1992:\u00a0<a title=\"Deutschland\" href=\"https:\/\/de.wikipedia.org\/wiki\/Ludger_Beerbaum\"><img decoding=\"async\" src=\"https:\/\/upload.wikimedia.org\/wikipedia\/commons\/thumb\/b\/ba\/Flag_of_Germany.svg\/20px-Flag_of_Germany.svg.png\" srcset=\"\/\/upload.wikimedia.org\/wikipedia\/commons\/thumb\/b\/ba\/Flag_of_Germany.svg\/30px-Flag_of_Germany.svg.png 1.5x, \/\/upload.wikimedia.org\/wikipedia\/commons\/thumb\/b\/ba\/Flag_of_Germany.svg\/40px-Flag_of_Germany.svg.png 2x\" alt=\"Deutschland\" width=\"20\" height=\"12\" data-file-width=\"1000\" data-file-height=\"600\" \/><\/a>\u00a0<a title=\"Ludger Beerbaum\" href=\"https:\/\/de.wikipedia.org\/wiki\/Ludger_Beerbaum\">Ludger Beerbaum<\/a>\u00a0mit\u00a0<i>Almox Athletico<\/i><\/li>\n<li>1993:\u00a0<a title=\"Vereinigte Staaten\" href=\"https:\/\/de.wikipedia.org\/wiki\/Meredith_Michaels-Beerbaum\"><img decoding=\"async\" src=\"https:\/\/upload.wikimedia.org\/wikipedia\/commons\/thumb\/a\/a4\/Flag_of_the_United_States.svg\/20px-Flag_of_the_United_States.svg.png\" srcset=\"\/\/upload.wikimedia.org\/wikipedia\/commons\/thumb\/a\/a4\/Flag_of_the_United_States.svg\/30px-Flag_of_the_United_States.svg.png 1.5x, \/\/upload.wikimedia.org\/wikipedia\/commons\/thumb\/a\/a4\/Flag_of_the_United_States.svg\/40px-Flag_of_the_United_States.svg.png 2x\" alt=\"Vereinigte Staaten\" width=\"20\" height=\"11\" data-file-width=\"1235\" data-file-height=\"650\" \/><\/a>\u00a0<a title=\"Meredith Michaels-Beerbaum\" href=\"https:\/\/de.wikipedia.org\/wiki\/Meredith_Michaels-Beerbaum\">Meredith Michaels<\/a>\u00a0mit\u00a0<i>Quick Star<\/i><\/li>\n<li>1994:\u00a0<a title=\"\u00d6sterreich\" href=\"https:\/\/de.wikipedia.org\/wiki\/Hugo_Simon_(Springreiter)\"><img decoding=\"async\" src=\"https:\/\/upload.wikimedia.org\/wikipedia\/commons\/thumb\/4\/41\/Flag_of_Austria.svg\/20px-Flag_of_Austria.svg.png\" srcset=\"\/\/upload.wikimedia.org\/wikipedia\/commons\/thumb\/4\/41\/Flag_of_Austria.svg\/30px-Flag_of_Austria.svg.png 1.5x, \/\/upload.wikimedia.org\/wikipedia\/commons\/thumb\/4\/41\/Flag_of_Austria.svg\/40px-Flag_of_Austria.svg.png 2x\" alt=\"\u00d6sterreich\" width=\"20\" height=\"13\" data-file-width=\"900\" data-file-height=\"600\" \/><\/a>\u00a0<a title=\"Hugo Simon (Springreiter)\" href=\"https:\/\/de.wikipedia.org\/wiki\/Hugo_Simon_(Springreiter)\">Hugo Simon<\/a>\u00a0mit\u00a0<i>Apricot D<\/i><\/li>\n<li>1995:\u00a0<a title=\"\u00d6sterreich\" href=\"https:\/\/de.wikipedia.org\/wiki\/%C3%96sterreich\"><img decoding=\"async\" src=\"https:\/\/upload.wikimedia.org\/wikipedia\/commons\/thumb\/4\/41\/Flag_of_Austria.svg\/20px-Flag_of_Austria.svg.png\" srcset=\"\/\/upload.wikimedia.org\/wikipedia\/commons\/thumb\/4\/41\/Flag_of_Austria.svg\/30px-Flag_of_Austria.svg.png 1.5x, \/\/upload.wikimedia.org\/wikipedia\/commons\/thumb\/4\/41\/Flag_of_Austria.svg\/40px-Flag_of_Austria.svg.png 2x\" alt=\"\u00d6sterreich\" width=\"20\" height=\"13\" data-file-width=\"900\" data-file-height=\"600\" \/><\/a>\u00a0Hugo Simon mit\u00a0<i>E.T. FRH<\/i><\/li>\n<li>1996:\u00a0<a title=\"Deutschland\" href=\"https:\/\/de.wikipedia.org\/wiki\/Franke_Sloothaak\"><img decoding=\"async\" src=\"https:\/\/upload.wikimedia.org\/wikipedia\/commons\/thumb\/b\/ba\/Flag_of_Germany.svg\/20px-Flag_of_Germany.svg.png\" srcset=\"\/\/upload.wikimedia.org\/wikipedia\/commons\/thumb\/b\/ba\/Flag_of_Germany.svg\/30px-Flag_of_Germany.svg.png 1.5x, \/\/upload.wikimedia.org\/wikipedia\/commons\/thumb\/b\/ba\/Flag_of_Germany.svg\/40px-Flag_of_Germany.svg.png 2x\" alt=\"Deutschland\" width=\"20\" height=\"12\" data-file-width=\"1000\" data-file-height=\"600\" \/><\/a>\u00a0<a title=\"Franke Sloothaak\" href=\"https:\/\/de.wikipedia.org\/wiki\/Franke_Sloothaak\">Franke Sloothaak<\/a>\u00a0mit\u00a0<i>Joli Coeur<\/i><\/li>\n<li>1997:\u00a0<a title=\"Vereinigte Staaten\" href=\"https:\/\/de.wikipedia.org\/wiki\/Meredith_Michaels-Beerbaum\"><img decoding=\"async\" src=\"https:\/\/upload.wikimedia.org\/wikipedia\/commons\/thumb\/a\/a4\/Flag_of_the_United_States.svg\/20px-Flag_of_the_United_States.svg.png\" srcset=\"\/\/upload.wikimedia.org\/wikipedia\/commons\/thumb\/a\/a4\/Flag_of_the_United_States.svg\/30px-Flag_of_the_United_States.svg.png 1.5x, \/\/upload.wikimedia.org\/wikipedia\/commons\/thumb\/a\/a4\/Flag_of_the_United_States.svg\/40px-Flag_of_the_United_States.svg.png 2x\" alt=\"Vereinigte Staaten\" width=\"20\" height=\"11\" data-file-width=\"1235\" data-file-height=\"650\" \/><\/a>\u00a0<a title=\"Meredith Michaels-Beerbaum\" href=\"https:\/\/de.wikipedia.org\/wiki\/Meredith_Michaels-Beerbaum\">Meredith Michaels<\/a>\u00a0mit\u00a0<i>Just do it<\/i><\/li>\n<li>1998:\u00a0<a title=\"Deutschland\" href=\"https:\/\/de.wikipedia.org\/wiki\/Otto_Becker_(Reiter)\"><img decoding=\"async\" src=\"https:\/\/upload.wikimedia.org\/wikipedia\/commons\/thumb\/b\/ba\/Flag_of_Germany.svg\/20px-Flag_of_Germany.svg.png\" srcset=\"\/\/upload.wikimedia.org\/wikipedia\/commons\/thumb\/b\/ba\/Flag_of_Germany.svg\/30px-Flag_of_Germany.svg.png 1.5x, \/\/upload.wikimedia.org\/wikipedia\/commons\/thumb\/b\/ba\/Flag_of_Germany.svg\/40px-Flag_of_Germany.svg.png 2x\" alt=\"Deutschland\" width=\"20\" height=\"12\" data-file-width=\"1000\" data-file-height=\"600\" \/><\/a>\u00a0<a title=\"Otto Becker (Reiter)\" href=\"https:\/\/de.wikipedia.org\/wiki\/Otto_Becker_(Reiter)\">Otto Becker<\/a>\u00a0mit\u00a0<i>Cera<\/i><\/li>\n<li>1999:\u00a0<a title=\"Deutschland\" href=\"https:\/\/de.wikipedia.org\/wiki\/Lars_Nieberg\"><img decoding=\"async\" src=\"https:\/\/upload.wikimedia.org\/wikipedia\/commons\/thumb\/b\/ba\/Flag_of_Germany.svg\/20px-Flag_of_Germany.svg.png\" srcset=\"\/\/upload.wikimedia.org\/wikipedia\/commons\/thumb\/b\/ba\/Flag_of_Germany.svg\/30px-Flag_of_Germany.svg.png 1.5x, \/\/upload.wikimedia.org\/wikipedia\/commons\/thumb\/b\/ba\/Flag_of_Germany.svg\/40px-Flag_of_Germany.svg.png 2x\" alt=\"Deutschland\" width=\"20\" height=\"12\" data-file-width=\"1000\" data-file-height=\"600\" \/><\/a>\u00a0<a title=\"Lars Nieberg\" href=\"https:\/\/de.wikipedia.org\/wiki\/Lars_Nieberg\">Lars Nieberg<\/a>\u00a0mit\u00a0<i>Giorgio<\/i><\/li>\n<li>2000:\u00a0<a title=\"Deutschland\" href=\"https:\/\/de.wikipedia.org\/wiki\/Markus_Beerbaum\"><img decoding=\"async\" src=\"https:\/\/upload.wikimedia.org\/wikipedia\/commons\/thumb\/b\/ba\/Flag_of_Germany.svg\/20px-Flag_of_Germany.svg.png\" srcset=\"\/\/upload.wikimedia.org\/wikipedia\/commons\/thumb\/b\/ba\/Flag_of_Germany.svg\/30px-Flag_of_Germany.svg.png 1.5x, \/\/upload.wikimedia.org\/wikipedia\/commons\/thumb\/b\/ba\/Flag_of_Germany.svg\/40px-Flag_of_Germany.svg.png 2x\" alt=\"Deutschland\" width=\"20\" height=\"12\" data-file-width=\"1000\" data-file-height=\"600\" \/><\/a>\u00a0<a title=\"Markus Beerbaum\" href=\"https:\/\/de.wikipedia.org\/wiki\/Markus_Beerbaum\">Markus Beerbaum<\/a>\u00a0mit\u00a0<i>Lady Weingard<\/i><\/li>\n<li>2001:\u00a0<a title=\"Deutschland\" href=\"https:\/\/de.wikipedia.org\/wiki\/Ludger_Beerbaum\"><img decoding=\"async\" src=\"https:\/\/upload.wikimedia.org\/wikipedia\/commons\/thumb\/b\/ba\/Flag_of_Germany.svg\/20px-Flag_of_Germany.svg.png\" srcset=\"\/\/upload.wikimedia.org\/wikipedia\/commons\/thumb\/b\/ba\/Flag_of_Germany.svg\/30px-Flag_of_Germany.svg.png 1.5x, \/\/upload.wikimedia.org\/wikipedia\/commons\/thumb\/b\/ba\/Flag_of_Germany.svg\/40px-Flag_of_Germany.svg.png 2x\" alt=\"Deutschland\" width=\"20\" height=\"12\" data-file-width=\"1000\" data-file-height=\"600\" \/><\/a>\u00a0<a title=\"Ludger Beerbaum\" href=\"https:\/\/de.wikipedia.org\/wiki\/Ludger_Beerbaum\">Ludger Beerbaum<\/a>\u00a0mit\u00a0<i>Champion du Lys<\/i><\/li>\n<li>2002:\u00a0<a title=\"Niederlande\" href=\"https:\/\/de.wikipedia.org\/wiki\/Angelique_Hoorn\"><img decoding=\"async\" src=\"https:\/\/upload.wikimedia.org\/wikipedia\/commons\/thumb\/2\/20\/Flag_of_the_Netherlands.svg\/20px-Flag_of_the_Netherlands.svg.png\" srcset=\"\/\/upload.wikimedia.org\/wikipedia\/commons\/thumb\/2\/20\/Flag_of_the_Netherlands.svg\/30px-Flag_of_the_Netherlands.svg.png 1.5x, \/\/upload.wikimedia.org\/wikipedia\/commons\/thumb\/2\/20\/Flag_of_the_Netherlands.svg\/40px-Flag_of_the_Netherlands.svg.png 2x\" alt=\"Niederlande\" width=\"20\" height=\"13\" data-file-width=\"900\" data-file-height=\"600\" \/><\/a>\u00a0<a class=\"new\" title=\"Angelique Hoorn (Seite nicht vorhanden)\" href=\"https:\/\/de.wikipedia.org\/w\/index.php?title=Angelique_Hoorn&amp;action=edit&amp;redlink=1\">Angelique Hoorn<\/a>\u00a0mit\u00a0<i>Hascal<\/i><\/li>\n<li>2003:\u00a0<a title=\"Deutschland\" href=\"https:\/\/de.wikipedia.org\/wiki\/Pia-Luise_Aufrecht\"><img decoding=\"async\" src=\"https:\/\/upload.wikimedia.org\/wikipedia\/commons\/thumb\/b\/ba\/Flag_of_Germany.svg\/20px-Flag_of_Germany.svg.png\" srcset=\"\/\/upload.wikimedia.org\/wikipedia\/commons\/thumb\/b\/ba\/Flag_of_Germany.svg\/30px-Flag_of_Germany.svg.png 1.5x, \/\/upload.wikimedia.org\/wikipedia\/commons\/thumb\/b\/ba\/Flag_of_Germany.svg\/40px-Flag_of_Germany.svg.png 2x\" alt=\"Deutschland\" width=\"20\" height=\"12\" data-file-width=\"1000\" data-file-height=\"600\" \/><\/a>\u00a0<a title=\"Pia-Luise Aufrecht\" href=\"https:\/\/de.wikipedia.org\/wiki\/Pia-Luise_Aufrecht\">Pia-Luise Aufrecht<\/a>\u00a0mit\u00a0<i>Ingmar<\/i><\/li>\n<li>2004:\u00a0<a title=\"Deutschland\" href=\"https:\/\/de.wikipedia.org\/wiki\/Armin_Sch%C3%A4fer_jun.\"><img decoding=\"async\" src=\"https:\/\/upload.wikimedia.org\/wikipedia\/commons\/thumb\/b\/ba\/Flag_of_Germany.svg\/20px-Flag_of_Germany.svg.png\" srcset=\"\/\/upload.wikimedia.org\/wikipedia\/commons\/thumb\/b\/ba\/Flag_of_Germany.svg\/30px-Flag_of_Germany.svg.png 1.5x, \/\/upload.wikimedia.org\/wikipedia\/commons\/thumb\/b\/ba\/Flag_of_Germany.svg\/40px-Flag_of_Germany.svg.png 2x\" alt=\"Deutschland\" width=\"20\" height=\"12\" data-file-width=\"1000\" data-file-height=\"600\" \/><\/a>\u00a0<a class=\"new\" title=\"Armin Sch\u00e4fer jun. (Seite nicht vorhanden)\" href=\"https:\/\/de.wikipedia.org\/w\/index.php?title=Armin_Sch%C3%A4fer_jun.&amp;action=edit&amp;redlink=1\">Armin Sch\u00e4fer jun.<\/a>\u00a0mit\u00a0<i>Liberty Boy<\/i><\/li>\n<li>2005:\u00a0<a title=\"Deutschland\" href=\"https:\/\/de.wikipedia.org\/wiki\/Lars_Nieberg\"><img decoding=\"async\" src=\"https:\/\/upload.wikimedia.org\/wikipedia\/commons\/thumb\/b\/ba\/Flag_of_Germany.svg\/20px-Flag_of_Germany.svg.png\" srcset=\"\/\/upload.wikimedia.org\/wikipedia\/commons\/thumb\/b\/ba\/Flag_of_Germany.svg\/30px-Flag_of_Germany.svg.png 1.5x, \/\/upload.wikimedia.org\/wikipedia\/commons\/thumb\/b\/ba\/Flag_of_Germany.svg\/40px-Flag_of_Germany.svg.png 2x\" alt=\"Deutschland\" width=\"20\" height=\"12\" data-file-width=\"1000\" data-file-height=\"600\" \/><\/a>\u00a0<a title=\"Lars Nieberg\" href=\"https:\/\/de.wikipedia.org\/wiki\/Lars_Nieberg\">Lars Nieberg<\/a>\u00a0mit\u00a0<i>Loreana<\/i><\/li>\n<li>2006:\u00a0<a title=\"Deutschland\" href=\"https:\/\/de.wikipedia.org\/wiki\/Holger_Wulschner\"><img decoding=\"async\" src=\"https:\/\/upload.wikimedia.org\/wikipedia\/commons\/thumb\/b\/ba\/Flag_of_Germany.svg\/20px-Flag_of_Germany.svg.png\" srcset=\"\/\/upload.wikimedia.org\/wikipedia\/commons\/thumb\/b\/ba\/Flag_of_Germany.svg\/30px-Flag_of_Germany.svg.png 1.5x, \/\/upload.wikimedia.org\/wikipedia\/commons\/thumb\/b\/ba\/Flag_of_Germany.svg\/40px-Flag_of_Germany.svg.png 2x\" alt=\"Deutschland\" width=\"20\" height=\"12\" data-file-width=\"1000\" data-file-height=\"600\" \/><\/a>\u00a0<a title=\"Holger Wulschner\" href=\"https:\/\/de.wikipedia.org\/wiki\/Holger_Wulschner\">Holger Wulschner<\/a>\u00a0mit\u00a0<i>Clausen<\/i><\/li>\n<li>2007:\u00a0<a title=\"Schweiz\" href=\"https:\/\/de.wikipedia.org\/wiki\/Markus_Fuchs_(Reitsportler)\"><img decoding=\"async\" src=\"https:\/\/upload.wikimedia.org\/wikipedia\/commons\/thumb\/e\/e3\/Flag_of_Switzerland_within_2to3.svg\/20px-Flag_of_Switzerland_within_2to3.svg.png\" srcset=\"\/\/upload.wikimedia.org\/wikipedia\/commons\/thumb\/e\/e3\/Flag_of_Switzerland_within_2to3.svg\/30px-Flag_of_Switzerland_within_2to3.svg.png 1.5x, \/\/upload.wikimedia.org\/wikipedia\/commons\/thumb\/e\/e3\/Flag_of_Switzerland_within_2to3.svg\/40px-Flag_of_Switzerland_within_2to3.svg.png 2x\" alt=\"Schweiz\" width=\"20\" height=\"13\" data-file-width=\"450\" data-file-height=\"300\" \/><\/a>\u00a0<a title=\"Markus Fuchs (Reitsportler)\" href=\"https:\/\/de.wikipedia.org\/wiki\/Markus_Fuchs_(Reitsportler)\">Markus Fuchs<\/a>\u00a0mit\u00a0<i>Nirmette<\/i><\/li>\n<li>2008:\u00a0<a title=\"Deutschland\" href=\"https:\/\/de.wikipedia.org\/wiki\/Deutschland\"><img decoding=\"async\" src=\"https:\/\/upload.wikimedia.org\/wikipedia\/commons\/thumb\/b\/ba\/Flag_of_Germany.svg\/20px-Flag_of_Germany.svg.png\" srcset=\"\/\/upload.wikimedia.org\/wikipedia\/commons\/thumb\/b\/ba\/Flag_of_Germany.svg\/30px-Flag_of_Germany.svg.png 1.5x, \/\/upload.wikimedia.org\/wikipedia\/commons\/thumb\/b\/ba\/Flag_of_Germany.svg\/40px-Flag_of_Germany.svg.png 2x\" alt=\"Deutschland\" width=\"20\" height=\"12\" data-file-width=\"1000\" data-file-height=\"600\" \/><\/a>\u00a0Andreas Br\u00fcnz mit\u00a0<i>Lumos<\/i><\/li>\n<li>2009:\u00a0<a title=\"Deutschland\" href=\"https:\/\/de.wikipedia.org\/wiki\/Anna-Maria_Jakobs\"><img decoding=\"async\" src=\"https:\/\/upload.wikimedia.org\/wikipedia\/commons\/thumb\/b\/ba\/Flag_of_Germany.svg\/20px-Flag_of_Germany.svg.png\" srcset=\"\/\/upload.wikimedia.org\/wikipedia\/commons\/thumb\/b\/ba\/Flag_of_Germany.svg\/30px-Flag_of_Germany.svg.png 1.5x, \/\/upload.wikimedia.org\/wikipedia\/commons\/thumb\/b\/ba\/Flag_of_Germany.svg\/40px-Flag_of_Germany.svg.png 2x\" alt=\"Deutschland\" width=\"20\" height=\"12\" data-file-width=\"1000\" data-file-height=\"600\" \/><\/a>\u00a0<a class=\"new\" title=\"Anna-Maria Jakobs (Seite nicht vorhanden)\" href=\"https:\/\/de.wikipedia.org\/w\/index.php?title=Anna-Maria_Jakobs&amp;action=edit&amp;redlink=1\">Anna-Maria Jakobs<\/a>\u00a0mit\u00a0<i>Lausejunge<\/i><\/li>\n<li>2010:\u00a0<a title=\"Deutschland\" href=\"https:\/\/de.wikipedia.org\/wiki\/Christian_Ahlmann\"><img decoding=\"async\" src=\"https:\/\/upload.wikimedia.org\/wikipedia\/commons\/thumb\/b\/ba\/Flag_of_Germany.svg\/20px-Flag_of_Germany.svg.png\" srcset=\"\/\/upload.wikimedia.org\/wikipedia\/commons\/thumb\/b\/ba\/Flag_of_Germany.svg\/30px-Flag_of_Germany.svg.png 1.5x, \/\/upload.wikimedia.org\/wikipedia\/commons\/thumb\/b\/ba\/Flag_of_Germany.svg\/40px-Flag_of_Germany.svg.png 2x\" alt=\"Deutschland\" width=\"20\" height=\"12\" data-file-width=\"1000\" data-file-height=\"600\" \/><\/a>\u00a0<a title=\"Christian Ahlmann\" href=\"https:\/\/de.wikipedia.org\/wiki\/Christian_Ahlmann\">Christian Ahlmann<\/a>\u00a0mit\u00a0<i>Lorenzo<\/i><\/li>\n<li>2011:\u00a0<a class=\"image\" title=\"Saudi-Arabien\" href=\"https:\/\/de.wikipedia.org\/wiki\/Datei:Flag_of_Saudi_Arabia.svg\"><img decoding=\"async\" class=\"noviewer\" src=\"https:\/\/upload.wikimedia.org\/wikipedia\/commons\/thumb\/0\/0d\/Flag_of_Saudi_Arabia.svg\/20px-Flag_of_Saudi_Arabia.svg.png\" srcset=\"\/\/upload.wikimedia.org\/wikipedia\/commons\/thumb\/0\/0d\/Flag_of_Saudi_Arabia.svg\/30px-Flag_of_Saudi_Arabia.svg.png 1.5x, \/\/upload.wikimedia.org\/wikipedia\/commons\/thumb\/0\/0d\/Flag_of_Saudi_Arabia.svg\/40px-Flag_of_Saudi_Arabia.svg.png 2x\" alt=\"Saudi-Arabien\" width=\"20\" height=\"13\" data-file-width=\"750\" data-file-height=\"500\" \/><\/a>\u00a0<a class=\"new\" title=\"Ramzy Al-Duhami (Seite nicht vorhanden)\" href=\"https:\/\/de.wikipedia.org\/w\/index.php?title=Ramzy_Al-Duhami&amp;action=edit&amp;redlink=1\">Ramzy Al-Duhami<\/a>\u00a0mit\u00a0<i>Bayard van de Villa Theresia<\/i><\/li>\n<li>2012:\u00a0<a title=\"Deutschland\" href=\"https:\/\/de.wikipedia.org\/wiki\/Marcus_Ehning\"><img decoding=\"async\" src=\"https:\/\/upload.wikimedia.org\/wikipedia\/commons\/thumb\/b\/ba\/Flag_of_Germany.svg\/20px-Flag_of_Germany.svg.png\" srcset=\"\/\/upload.wikimedia.org\/wikipedia\/commons\/thumb\/b\/ba\/Flag_of_Germany.svg\/30px-Flag_of_Germany.svg.png 1.5x, \/\/upload.wikimedia.org\/wikipedia\/commons\/thumb\/b\/ba\/Flag_of_Germany.svg\/40px-Flag_of_Germany.svg.png 2x\" alt=\"Deutschland\" width=\"20\" height=\"12\" data-file-width=\"1000\" data-file-height=\"600\" \/><\/a>\u00a0<a title=\"Marcus Ehning\" href=\"https:\/\/de.wikipedia.org\/wiki\/Marcus_Ehning\">Marcus Ehning<\/a>\u00a0mit\u00a0<i>Plot Blue<\/i><\/li>\n<li>2013:\u00a0<a title=\"Deutschland\" href=\"https:\/\/de.wikipedia.org\/wiki\/David_Will_(Springreiter)\"><img decoding=\"async\" src=\"https:\/\/upload.wikimedia.org\/wikipedia\/commons\/thumb\/b\/ba\/Flag_of_Germany.svg\/20px-Flag_of_Germany.svg.png\" srcset=\"\/\/upload.wikimedia.org\/wikipedia\/commons\/thumb\/b\/ba\/Flag_of_Germany.svg\/30px-Flag_of_Germany.svg.png 1.5x, \/\/upload.wikimedia.org\/wikipedia\/commons\/thumb\/b\/ba\/Flag_of_Germany.svg\/40px-Flag_of_Germany.svg.png 2x\" alt=\"Deutschland\" width=\"20\" height=\"12\" data-file-width=\"1000\" data-file-height=\"600\" \/><\/a>\u00a0<a title=\"David Will (Springreiter)\" href=\"https:\/\/de.wikipedia.org\/wiki\/David_Will_(Springreiter)\">David Will<\/a>\u00a0mit\u00a0<i>Colorit<\/i><\/li>\n<li>2014:\u00a0<a title=\"Deutschland\" href=\"https:\/\/de.wikipedia.org\/wiki\/Henrik_Griese\"><img decoding=\"async\" src=\"https:\/\/upload.wikimedia.org\/wikipedia\/commons\/thumb\/b\/ba\/Flag_of_Germany.svg\/20px-Flag_of_Germany.svg.png\" srcset=\"\/\/upload.wikimedia.org\/wikipedia\/commons\/thumb\/b\/ba\/Flag_of_Germany.svg\/30px-Flag_of_Germany.svg.png 1.5x, \/\/upload.wikimedia.org\/wikipedia\/commons\/thumb\/b\/ba\/Flag_of_Germany.svg\/40px-Flag_of_Germany.svg.png 2x\" alt=\"Deutschland\" width=\"20\" height=\"12\" data-file-width=\"1000\" data-file-height=\"600\" \/><\/a>\u00a0<a class=\"new\" title=\"Henrik Griese (Seite nicht vorhanden)\" href=\"https:\/\/de.wikipedia.org\/w\/index.php?title=Henrik_Griese&amp;action=edit&amp;redlink=1\">Henrik Griese<\/a>\u00a0mit\u00a0<i>Comtessa<\/i><\/li>\n<li>2015:\u00a0<a title=\"Niederlande\" href=\"https:\/\/de.wikipedia.org\/wiki\/Albert_Zoer\"><img decoding=\"async\" src=\"https:\/\/upload.wikimedia.org\/wikipedia\/commons\/thumb\/2\/20\/Flag_of_the_Netherlands.svg\/20px-Flag_of_the_Netherlands.svg.png\" srcset=\"\/\/upload.wikimedia.org\/wikipedia\/commons\/thumb\/2\/20\/Flag_of_the_Netherlands.svg\/30px-Flag_of_the_Netherlands.svg.png 1.5x, \/\/upload.wikimedia.org\/wikipedia\/commons\/thumb\/2\/20\/Flag_of_the_Netherlands.svg\/40px-Flag_of_the_Netherlands.svg.png 2x\" alt=\"Niederlande\" width=\"20\" height=\"13\" data-file-width=\"900\" data-file-height=\"600\" \/><\/a>\u00a0<a title=\"Albert Zoer\" href=\"https:\/\/de.wikipedia.org\/wiki\/Albert_Zoer\">Albert Zoer<\/a>\u00a0mit\u00a0<i>Gigolo<\/i><\/li>\n<li>2016:\u00a0<a title=\"Italien\" href=\"https:\/\/de.wikipedia.org\/wiki\/Emilio_Bicocchi\"><img decoding=\"async\" class=\"thumbborder\" src=\"https:\/\/upload.wikimedia.org\/wikipedia\/commons\/thumb\/0\/03\/Flag_of_Italy.svg\/18px-Flag_of_Italy.svg.png\" srcset=\"\/\/upload.wikimedia.org\/wikipedia\/commons\/thumb\/0\/03\/Flag_of_Italy.svg\/27px-Flag_of_Italy.svg.png 1.5x, \/\/upload.wikimedia.org\/wikipedia\/commons\/thumb\/0\/03\/Flag_of_Italy.svg\/36px-Flag_of_Italy.svg.png 2x\" alt=\"Italien\" width=\"18\" height=\"12\" data-file-width=\"1500\" data-file-height=\"1000\" \/><\/a>\u00a0<a class=\"new\" title=\"Emilio Bicocchi (Seite nicht vorhanden)\" href=\"https:\/\/de.wikipedia.org\/w\/index.php?title=Emilio_Bicocchi&amp;action=edit&amp;redlink=1\">Emilio Bicocchi<\/a>\u00a0mit\u00a0<i>Ares<\/i><\/li>\n<li>2017:\u00a0<a title=\"Deutschland\" href=\"https:\/\/de.wikipedia.org\/wiki\/Christian_Ahlmann\"><img decoding=\"async\" src=\"https:\/\/upload.wikimedia.org\/wikipedia\/commons\/thumb\/b\/ba\/Flag_of_Germany.svg\/20px-Flag_of_Germany.svg.png\" srcset=\"\/\/upload.wikimedia.org\/wikipedia\/commons\/thumb\/b\/ba\/Flag_of_Germany.svg\/30px-Flag_of_Germany.svg.png 1.5x, \/\/upload.wikimedia.org\/wikipedia\/commons\/thumb\/b\/ba\/Flag_of_Germany.svg\/40px-Flag_of_Germany.svg.png 2x\" alt=\"Deutschland\" width=\"20\" height=\"12\" data-file-width=\"1000\" data-file-height=\"600\" \/><\/a>\u00a0<a title=\"Christian Ahlmann\" href=\"https:\/\/de.wikipedia.org\/wiki\/Christian_Ahlmann\">Christian Ahlmann<\/a>\u00a0mit\u00a0<i>Colorit<\/i><\/li>\n<li>2018:\u00a0<a title=\"Kanada\" href=\"https:\/\/de.wikipedia.org\/wiki\/Kara_Chad\"><img decoding=\"async\" class=\"noviewer thumbborder\" src=\"https:\/\/upload.wikimedia.org\/wikipedia\/commons\/thumb\/d\/d9\/Flag_of_Canada_%28Pantone%29.svg\/20px-Flag_of_Canada_%28Pantone%29.svg.png\" srcset=\"\/\/upload.wikimedia.org\/wikipedia\/commons\/thumb\/d\/d9\/Flag_of_Canada_%28Pantone%29.svg\/30px-Flag_of_Canada_%28Pantone%29.svg.png 1.5x, \/\/upload.wikimedia.org\/wikipedia\/commons\/thumb\/d\/d9\/Flag_of_Canada_%28Pantone%29.svg\/40px-Flag_of_Canada_%28Pantone%29.svg.png 2x\" alt=\"\" width=\"20\" height=\"10\" data-file-width=\"1200\" data-file-height=\"600\" \/><\/a>\u00a0<a class=\"new\" title=\"Kara Chad (Seite nicht vorhanden)\" href=\"https:\/\/de.wikipedia.org\/w\/index.php?title=Kara_Chad&amp;action=edit&amp;redlink=1\">Kara Chad<\/a>\u00a0mit\u00a0<i>Carona<\/i><\/li>\n<li>2019:\u00a0<a title=\"Deutschland\" href=\"https:\/\/de.wikipedia.org\/wiki\/Simone_Blum\"><img decoding=\"async\" class=\"noviewer\" src=\"https:\/\/upload.wikimedia.org\/wikipedia\/commons\/thumb\/b\/ba\/Flag_of_Germany.svg\/20px-Flag_of_Germany.svg.png\" srcset=\"\/\/upload.wikimedia.org\/wikipedia\/commons\/thumb\/b\/ba\/Flag_of_Germany.svg\/30px-Flag_of_Germany.svg.png 1.5x, \/\/upload.wikimedia.org\/wikipedia\/commons\/thumb\/b\/ba\/Flag_of_Germany.svg\/40px-Flag_of_Germany.svg.png 2x\" alt=\"\" width=\"20\" height=\"12\" data-file-width=\"1000\" data-file-height=\"600\" \/><\/a>\u00a0<a title=\"Simone Blum\" href=\"https:\/\/de.wikipedia.org\/wiki\/Simone_Blum\">Simone Blum<\/a>\u00a0mit\u00a0<i>DSP Alice<\/i><\/li>\n<li>2021:\u00a0<a title=\"Deutschland\" href=\"https:\/\/de.wikipedia.org\/wiki\/Michael_Jung_(Reiter)\"><img decoding=\"async\" class=\"noviewer\" src=\"https:\/\/upload.wikimedia.org\/wikipedia\/commons\/thumb\/b\/ba\/Flag_of_Germany.svg\/20px-Flag_of_Germany.svg.png\" srcset=\"\/\/upload.wikimedia.org\/wikipedia\/commons\/thumb\/b\/ba\/Flag_of_Germany.svg\/30px-Flag_of_Germany.svg.png 1.5x, \/\/upload.wikimedia.org\/wikipedia\/commons\/thumb\/b\/ba\/Flag_of_Germany.svg\/40px-Flag_of_Germany.svg.png 2x\" alt=\"\" width=\"20\" height=\"12\" data-file-width=\"1000\" data-file-height=\"600\" \/><\/a>\u00a0<a title=\"Michael Jung (Reiter)\" href=\"https:\/\/de.wikipedia.org\/wiki\/Michael_Jung_(Reiter)\">Michael Jung<\/a>\u00a0mit\u00a0<i>Chelsea<\/i><\/li>\n<li>2022:\u00a0<a title=\"Deutschland\" href=\"https:\/\/de.wikipedia.org\/wiki\/Andr%C3%A9_Thieme_(Reiter)\"><img decoding=\"async\" class=\"noviewer\" src=\"https:\/\/upload.wikimedia.org\/wikipedia\/commons\/thumb\/b\/ba\/Flag_of_Germany.svg\/20px-Flag_of_Germany.svg.png\" srcset=\"\/\/upload.wikimedia.org\/wikipedia\/commons\/thumb\/b\/ba\/Flag_of_Germany.svg\/30px-Flag_of_Germany.svg.png 1.5x, \/\/upload.wikimedia.org\/wikipedia\/commons\/thumb\/b\/ba\/Flag_of_Germany.svg\/40px-Flag_of_Germany.svg.png 2x\" alt=\"\" width=\"20\" height=\"12\" data-file-width=\"1000\" data-file-height=\"600\" \/><\/a>\u00a0<a title=\"Andr\u00e9 Thieme (Reiter)\" href=\"https:\/\/de.wikipedia.org\/wiki\/Andr%C3%A9_Thieme_(Reiter)\">Andr\u00e9 Thieme<\/a>\u00a0mit\u00a0<i>DSP Chakaria<\/i><\/li>\n<li>2023: <a title=\"Niederlande\" href=\"https:\/\/de.wikipedia.org\/wiki\/Albert_Zoer\"><img decoding=\"async\" src=\"https:\/\/upload.wikimedia.org\/wikipedia\/commons\/thumb\/2\/20\/Flag_of_the_Netherlands.svg\/20px-Flag_of_the_Netherlands.svg.png\" srcset=\"\/\/upload.wikimedia.org\/wikipedia\/commons\/thumb\/2\/20\/Flag_of_the_Netherlands.svg\/30px-Flag_of_the_Netherlands.svg.png 1.5x, \/\/upload.wikimedia.org\/wikipedia\/commons\/thumb\/2\/20\/Flag_of_the_Netherlands.svg\/40px-Flag_of_the_Netherlands.svg.png 2x\" alt=\"Niederlande\" width=\"20\" height=\"13\" data-file-width=\"900\" data-file-height=\"600\" \/><\/a> <a href=\"https:\/\/es.wikipedia.org\/wiki\/Sanne_Thijssen\" target=\"_blank\" rel=\"noopener\">Sanne Thijssen<\/a> mit <em>Con Quidam RB<\/em><\/li>\n<li>2024:<a title=\"Deutschland\" href=\"https:\/\/de.wikipedia.org\/wiki\/Michael_Jung_(Reiter)\"> <img decoding=\"async\" class=\"noviewer\" src=\"https:\/\/upload.wikimedia.org\/wikipedia\/commons\/thumb\/b\/ba\/Flag_of_Germany.svg\/20px-Flag_of_Germany.svg.png\" srcset=\"\/\/upload.wikimedia.org\/wikipedia\/commons\/thumb\/b\/ba\/Flag_of_Germany.svg\/30px-Flag_of_Germany.svg.png 1.5x, \/\/upload.wikimedia.org\/wikipedia\/commons\/thumb\/b\/ba\/Flag_of_Germany.svg\/40px-Flag_of_Germany.svg.png 2x\" alt=\"\" width=\"20\" height=\"12\" data-file-width=\"1000\" data-file-height=\"600\" \/><\/a> <a href=\"https:\/\/www.pferd-aktuell.de\/spitzensport\/portraets\/richard-vogel\" target=\"_blank\" rel=\"noopener\">Richard Vogel<\/a> mit Cydello<\/li>\n<li>2025: <a title=\"Schweden\" href=\"https:\/\/de.wikipedia.org\/wiki\/Angelica_Augustsson\"><img decoding=\"async\" src=\"https:\/\/upload.wikimedia.org\/wikipedia\/commons\/thumb\/4\/4c\/Flag_of_Sweden.svg\/20px-Flag_of_Sweden.svg.png\" srcset=\"\/\/upload.wikimedia.org\/wikipedia\/commons\/thumb\/4\/4c\/Flag_of_Sweden.svg\/30px-Flag_of_Sweden.svg.png 1.5x, \/\/upload.wikimedia.org\/wikipedia\/commons\/thumb\/4\/4c\/Flag_of_Sweden.svg\/40px-Flag_of_Sweden.svg.png 2x\" alt=\"Schweden\" width=\"20\" height=\"13\" data-file-width=\"1600\" data-file-height=\"1000\" \/><\/a> <a href=\"https:\/\/de.wikipedia.org\/wiki\/Peder_Fredricson\">Peder\u202fFredricson<\/a> mit SV\u202fVroom\u202fde\u202fla\u202fPomme\u202fZ<\/li>\n<li>2026:<a title=\"Deutschland\" href=\"https:\/\/de.wikipedia.org\/wiki\/Michael_Jung_(Reiter)\"> <img decoding=\"async\" class=\"noviewer\" src=\"https:\/\/upload.wikimedia.org\/wikipedia\/commons\/thumb\/b\/ba\/Flag_of_Germany.svg\/20px-Flag_of_Germany.svg.png\" srcset=\"\/\/upload.wikimedia.org\/wikipedia\/commons\/thumb\/b\/ba\/Flag_of_Germany.svg\/30px-Flag_of_Germany.svg.png 1.5x, \/\/upload.wikimedia.org\/wikipedia\/commons\/thumb\/b\/ba\/Flag_of_Germany.svg\/40px-Flag_of_Germany.svg.png 2x\" alt=\"\" width=\"20\" height=\"12\" data-file-width=\"1000\" data-file-height=\"600\" \/><\/a> <a href=\"https:\/\/de.wikipedia.org\/wiki\/J%C3%B6rne_Sprehe\" target=\"_blank\" rel=\"noopener\">J\u00f6rne Sprehe<\/a> mit Toys<\/li>\n<\/ul>\n<p>&nbsp;<\/p>\n[\/et_pb_accordion_item][et_pb_accordion_item title=&#8221;Longines EEF Series Nationenpreis Mannheim&#8221; _builder_version=&#8221;4.27.5&#8243; _module_preset=&#8221;default&#8221; global_colors_info=&#8221;{}&#8221; open=&#8221;off&#8221;]\n<ul>\n<li>2022:\u00a0<b>CHE<a title=\"Schweiz\" href=\"https:\/\/de.wikipedia.org\/wiki\/Schweiz\"> <img decoding=\"async\" class=\"\" src=\"https:\/\/upload.wikimedia.org\/wikipedia\/commons\/thumb\/e\/e3\/Flag_of_Switzerland_within_2to3.svg\/20px-Flag_of_Switzerland_within_2to3.svg.png\" srcset=\"\/\/upload.wikimedia.org\/wikipedia\/commons\/thumb\/e\/e3\/Flag_of_Switzerland_within_2to3.svg\/30px-Flag_of_Switzerland_within_2to3.svg.png 1.5x, \/\/upload.wikimedia.org\/wikipedia\/commons\/thumb\/e\/e3\/Flag_of_Switzerland_within_2to3.svg\/40px-Flag_of_Switzerland_within_2to3.svg.png 2x\" alt=\"\" width=\"20\" height=\"13\" data-file-width=\"450\" data-file-height=\"300\" \/> <\/a><\/b>Elin Ott\u00a0mit\u00a0<i>Nanu II,<\/i> \u00a0Niklaus Schurtenberger\u00a0mit\u00a0<i>Quincassi, <\/i>Edwin Smits\u00a0mit\u00a0<i>Best of Berlin, <\/i>Alain Jufer\u00a0mit\u00a0<i>Dante<\/i><\/li>\n<li>2023: <strong>NLD<\/strong> <a title=\"\" href=\"https:\/\/de.wikipedia.org\/wiki\/Albert_Zoer\"><img decoding=\"async\" class=\"noviewer thumbborder\" src=\"https:\/\/upload.wikimedia.org\/wikipedia\/commons\/thumb\/2\/20\/Flag_of_the_Netherlands.svg\/20px-Flag_of_the_Netherlands.svg.png\" srcset=\"\/\/upload.wikimedia.org\/wikipedia\/commons\/thumb\/2\/20\/Flag_of_the_Netherlands.svg\/30px-Flag_of_the_Netherlands.svg.png 1.5x, \/\/upload.wikimedia.org\/wikipedia\/commons\/thumb\/2\/20\/Flag_of_the_Netherlands.svg\/40px-Flag_of_the_Netherlands.svg.png 2x\" alt=\"\" width=\"20\" height=\"13\" data-file-width=\"900\" data-file-height=\"600\" \/><\/a> Willem Greve mit <em>Highway M TN<\/em>, Kevin Jochems mit <em>Flying Jackie<\/em>, Loewie Joppen mit <em>Havel van de Wolfsakker Z<\/em>, Frank Schuttert mit <em>Hawaii-S<\/em><\/li>\n<li>2024: <strong>NLD <a title=\"\" href=\"https:\/\/de.wikipedia.org\/wiki\/Albert_Zoer\"><img decoding=\"async\" class=\"noviewer thumbborder\" src=\"https:\/\/upload.wikimedia.org\/wikipedia\/commons\/thumb\/2\/20\/Flag_of_the_Netherlands.svg\/20px-Flag_of_the_Netherlands.svg.png\" srcset=\"\/\/upload.wikimedia.org\/wikipedia\/commons\/thumb\/2\/20\/Flag_of_the_Netherlands.svg\/30px-Flag_of_the_Netherlands.svg.png 1.5x, \/\/upload.wikimedia.org\/wikipedia\/commons\/thumb\/2\/20\/Flag_of_the_Netherlands.svg\/40px-Flag_of_the_Netherlands.svg.png 2x\" alt=\"\" width=\"20\" height=\"13\" data-file-width=\"900\" data-file-height=\"600\" \/><\/a><\/strong> Willem Greve mit Minute Man, Kevin Jochems mit Flying Jackie, Lars Kersten mit Chuck Marienshof Z, Michael Greeve mit Foxpit Grim<\/li>\n<li>2025: <strong>GER <a title=\"Deutschland\" href=\"https:\/\/de.wikipedia.org\/wiki\/Deutschland\"><img decoding=\"async\" src=\"https:\/\/upload.wikimedia.org\/wikipedia\/commons\/thumb\/b\/ba\/Flag_of_Germany.svg\/20px-Flag_of_Germany.svg.png\" srcset=\"\/\/upload.wikimedia.org\/wikipedia\/commons\/thumb\/b\/ba\/Flag_of_Germany.svg\/30px-Flag_of_Germany.svg.png 1.5x, \/\/upload.wikimedia.org\/wikipedia\/commons\/thumb\/b\/ba\/Flag_of_Germany.svg\/40px-Flag_of_Germany.svg.png 2x\" alt=\"Deutschland\" width=\"20\" height=\"12\" data-file-width=\"1000\" data-file-height=\"600\" \/><\/a><\/strong>Sophie Hinners mit Iron Dames\u202fCombella, Christian Kukuk mit Chageorge, J\u00f6rne Sprehe mit Toys, Gerrit Nieberg mit Ping\u202fPong van\u202fde\u202fLentamel<\/li>\n<li>2026: <strong>GER <a title=\"Deutschland\" href=\"https:\/\/de.wikipedia.org\/wiki\/Deutschland\"><img decoding=\"async\" src=\"https:\/\/upload.wikimedia.org\/wikipedia\/commons\/thumb\/b\/ba\/Flag_of_Germany.svg\/20px-Flag_of_Germany.svg.png\" srcset=\"\/\/upload.wikimedia.org\/wikipedia\/commons\/thumb\/b\/ba\/Flag_of_Germany.svg\/30px-Flag_of_Germany.svg.png 1.5x, \/\/upload.wikimedia.org\/wikipedia\/commons\/thumb\/b\/ba\/Flag_of_Germany.svg\/40px-Flag_of_Germany.svg.png 2x\" alt=\"Deutschland\" width=\"20\" height=\"12\" data-file-width=\"1000\" data-file-height=\"600\" \/> \u00a0 <\/a><\/strong>Jung, Michael \/ Fischerheros Z; Auffahrth, Sandra \/ Quirici H; Engbers, Stefan \/ Baju Nrw; Nieberg, Gerrit \/ IB Queen<\/li>\n<\/ul>\n[\/et_pb_accordion_item][et_pb_accordion_item title=&#8221;Championat&#8221; _builder_version=&#8221;4.27.5&#8243; custom_padding=&#8221;||||false|false&#8221; link_option_url_new_window=&#8221;on&#8221; global_colors_info=&#8221;{}&#8221; open=&#8221;off&#8221;]\n<ul>\n<li>1988:\u00a0<a title=\"Deutschland\" href=\"https:\/\/de.wikipedia.org\/wiki\/Dirk_Hafemeister\"><img decoding=\"async\" src=\"https:\/\/upload.wikimedia.org\/wikipedia\/commons\/thumb\/b\/ba\/Flag_of_Germany.svg\/20px-Flag_of_Germany.svg.png\" srcset=\"\/\/upload.wikimedia.org\/wikipedia\/commons\/thumb\/b\/ba\/Flag_of_Germany.svg\/30px-Flag_of_Germany.svg.png 1.5x, \/\/upload.wikimedia.org\/wikipedia\/commons\/thumb\/b\/ba\/Flag_of_Germany.svg\/40px-Flag_of_Germany.svg.png 2x\" alt=\"Deutschland\" width=\"20\" height=\"12\" data-file-width=\"1000\" data-file-height=\"600\" \/><\/a>\u00a0Dirk Hafemeister\u00a0mit\u00a0<i>Orchidee<\/i><\/li>\n<li>1989:\u00a0<a title=\"Deutschland\" href=\"https:\/\/de.wikipedia.org\/wiki\/Tjark_Nagel\"><img decoding=\"async\" src=\"https:\/\/upload.wikimedia.org\/wikipedia\/commons\/thumb\/b\/ba\/Flag_of_Germany.svg\/20px-Flag_of_Germany.svg.png\" srcset=\"\/\/upload.wikimedia.org\/wikipedia\/commons\/thumb\/b\/ba\/Flag_of_Germany.svg\/30px-Flag_of_Germany.svg.png 1.5x, \/\/upload.wikimedia.org\/wikipedia\/commons\/thumb\/b\/ba\/Flag_of_Germany.svg\/40px-Flag_of_Germany.svg.png 2x\" alt=\"Deutschland\" width=\"20\" height=\"12\" data-file-width=\"1000\" data-file-height=\"600\" \/><\/a>\u00a0Tjark Nagel\u00a0mit\u00a0<i>Bonito<\/i><\/li>\n<li>1990:\u00a0<a title=\"Deutschland\" href=\"https:\/\/de.wikipedia.org\/wiki\/Elmar_Gundel\">\u00a0<img decoding=\"async\" src=\"https:\/\/upload.wikimedia.org\/wikipedia\/commons\/thumb\/b\/ba\/Flag_of_Germany.svg\/20px-Flag_of_Germany.svg.png\" srcset=\"\/\/upload.wikimedia.org\/wikipedia\/commons\/thumb\/b\/ba\/Flag_of_Germany.svg\/30px-Flag_of_Germany.svg.png 1.5x, \/\/upload.wikimedia.org\/wikipedia\/commons\/thumb\/b\/ba\/Flag_of_Germany.svg\/40px-Flag_of_Germany.svg.png 2x\" alt=\"Deutschland\" width=\"20\" height=\"12\" data-file-width=\"1000\" data-file-height=\"600\" \/><\/a>\u00a0Elmar Gundel\u00a0mit\u00a0<i>Life is Life<\/i><\/li>\n<li>1991:\u00a0<a title=\"Deutschland\" href=\"https:\/\/de.wikipedia.org\/wiki\/Gerd_Wiltfang\"><img decoding=\"async\" src=\"https:\/\/upload.wikimedia.org\/wikipedia\/commons\/thumb\/b\/ba\/Flag_of_Germany.svg\/20px-Flag_of_Germany.svg.png\" srcset=\"\/\/upload.wikimedia.org\/wikipedia\/commons\/thumb\/b\/ba\/Flag_of_Germany.svg\/30px-Flag_of_Germany.svg.png 1.5x, \/\/upload.wikimedia.org\/wikipedia\/commons\/thumb\/b\/ba\/Flag_of_Germany.svg\/40px-Flag_of_Germany.svg.png 2x\" alt=\"Deutschland\" width=\"20\" height=\"12\" data-file-width=\"1000\" data-file-height=\"600\" \/><\/a>\u00a0Gerd Wiltfang\u00a0mit\u00a0<i>Warum<\/i><\/li>\n<li>1992:\u00a0<a title=\"Deutschland\" href=\"https:\/\/de.wikipedia.org\/wiki\/S%C3%B6ren_von_R%C3%B6nne\"><img decoding=\"async\" src=\"https:\/\/upload.wikimedia.org\/wikipedia\/commons\/thumb\/b\/ba\/Flag_of_Germany.svg\/20px-Flag_of_Germany.svg.png\" srcset=\"\/\/upload.wikimedia.org\/wikipedia\/commons\/thumb\/b\/ba\/Flag_of_Germany.svg\/30px-Flag_of_Germany.svg.png 1.5x, \/\/upload.wikimedia.org\/wikipedia\/commons\/thumb\/b\/ba\/Flag_of_Germany.svg\/40px-Flag_of_Germany.svg.png 2x\" alt=\"Deutschland\" width=\"20\" height=\"12\" data-file-width=\"1000\" data-file-height=\"600\" \/><\/a>\u00a0S\u00f6ren von R\u00f6nne\u00a0mit\u00a0<i>Taggi<\/i><\/li>\n<li>1993:\u00a0<a title=\"Vereinigte Staaten\" href=\"https:\/\/de.wikipedia.org\/wiki\/Meredith_Michaels-Beerbaum\"><img decoding=\"async\" src=\"https:\/\/upload.wikimedia.org\/wikipedia\/commons\/thumb\/a\/a4\/Flag_of_the_United_States.svg\/20px-Flag_of_the_United_States.svg.png\" srcset=\"\/\/upload.wikimedia.org\/wikipedia\/commons\/thumb\/a\/a4\/Flag_of_the_United_States.svg\/30px-Flag_of_the_United_States.svg.png 1.5x, \/\/upload.wikimedia.org\/wikipedia\/commons\/thumb\/a\/a4\/Flag_of_the_United_States.svg\/40px-Flag_of_the_United_States.svg.png 2x\" alt=\"Vereinigte Staaten\" width=\"20\" height=\"11\" data-file-width=\"1235\" data-file-height=\"650\" \/><\/a>\u00a0Meredith Michaels\u00a0mit\u00a0<i>Quick Star<\/i><\/li>\n<li>1994: \u2063<a title=\"Vereinigte Staaten\" href=\"https:\/\/de.wikipedia.org\/wiki\/Vereinigte_Staaten\"><img decoding=\"async\" src=\"https:\/\/upload.wikimedia.org\/wikipedia\/commons\/thumb\/a\/a4\/Flag_of_the_United_States.svg\/20px-Flag_of_the_United_States.svg.png\" srcset=\"\/\/upload.wikimedia.org\/wikipedia\/commons\/thumb\/a\/a4\/Flag_of_the_United_States.svg\/30px-Flag_of_the_United_States.svg.png 1.5x, \/\/upload.wikimedia.org\/wikipedia\/commons\/thumb\/a\/a4\/Flag_of_the_United_States.svg\/40px-Flag_of_the_United_States.svg.png 2x\" alt=\"Vereinigte Staaten\" width=\"20\" height=\"11\" data-file-width=\"1235\" data-file-height=\"650\" \/><\/a>\u00a0Meredith Michaels mit\u00a0<i>Quick Star<\/i><\/li>\n<li>1995:\u00a0<a title=\"Deutschland\" href=\"https:\/\/de.wikipedia.org\/wiki\/Carsten-Otto_Nagel\"><img decoding=\"async\" src=\"https:\/\/upload.wikimedia.org\/wikipedia\/commons\/thumb\/b\/ba\/Flag_of_Germany.svg\/20px-Flag_of_Germany.svg.png\" srcset=\"\/\/upload.wikimedia.org\/wikipedia\/commons\/thumb\/b\/ba\/Flag_of_Germany.svg\/30px-Flag_of_Germany.svg.png 1.5x, \/\/upload.wikimedia.org\/wikipedia\/commons\/thumb\/b\/ba\/Flag_of_Germany.svg\/40px-Flag_of_Germany.svg.png 2x\" alt=\"Deutschland\" width=\"20\" height=\"12\" data-file-width=\"1000\" data-file-height=\"600\" \/><\/a>\u00a0Carsten-Otto Nagel\u00a0mit\u00a0<i>Wienerwirbel<\/i><\/li>\n<li>1996:\u00a0<a title=\"Deutschland\" href=\"https:\/\/de.wikipedia.org\/wiki\/Franke_Sloothaak\"><img decoding=\"async\" src=\"https:\/\/upload.wikimedia.org\/wikipedia\/commons\/thumb\/b\/ba\/Flag_of_Germany.svg\/20px-Flag_of_Germany.svg.png\" srcset=\"\/\/upload.wikimedia.org\/wikipedia\/commons\/thumb\/b\/ba\/Flag_of_Germany.svg\/30px-Flag_of_Germany.svg.png 1.5x, \/\/upload.wikimedia.org\/wikipedia\/commons\/thumb\/b\/ba\/Flag_of_Germany.svg\/40px-Flag_of_Germany.svg.png 2x\" alt=\"Deutschland\" width=\"20\" height=\"12\" data-file-width=\"1000\" data-file-height=\"600\" \/><\/a>\u00a0Franke Sloothaak\u00a0mit\u00a0<i>Joli Coeur<\/i><\/li>\n<li>1997:\u00a0<a title=\"Deutschland\" href=\"https:\/\/de.wikipedia.org\/wiki\/Ralf_Runge\"><img decoding=\"async\" src=\"https:\/\/upload.wikimedia.org\/wikipedia\/commons\/thumb\/b\/ba\/Flag_of_Germany.svg\/20px-Flag_of_Germany.svg.png\" srcset=\"\/\/upload.wikimedia.org\/wikipedia\/commons\/thumb\/b\/ba\/Flag_of_Germany.svg\/30px-Flag_of_Germany.svg.png 1.5x, \/\/upload.wikimedia.org\/wikipedia\/commons\/thumb\/b\/ba\/Flag_of_Germany.svg\/40px-Flag_of_Germany.svg.png 2x\" alt=\"Deutschland\" width=\"20\" height=\"12\" data-file-width=\"1000\" data-file-height=\"600\" \/><\/a>\u00a0Ralf Runge\u00a0mit\u00a0<i>Baker Street<\/i><\/li>\n<li>1998:\u00a0<a title=\"Deutschland\" href=\"https:\/\/de.wikipedia.org\/wiki\/Thomas_Vo%C3%9F\"><img decoding=\"async\" src=\"https:\/\/upload.wikimedia.org\/wikipedia\/commons\/thumb\/b\/ba\/Flag_of_Germany.svg\/20px-Flag_of_Germany.svg.png\" srcset=\"\/\/upload.wikimedia.org\/wikipedia\/commons\/thumb\/b\/ba\/Flag_of_Germany.svg\/30px-Flag_of_Germany.svg.png 1.5x, \/\/upload.wikimedia.org\/wikipedia\/commons\/thumb\/b\/ba\/Flag_of_Germany.svg\/40px-Flag_of_Germany.svg.png 2x\" alt=\"Deutschland\" width=\"20\" height=\"12\" data-file-width=\"1000\" data-file-height=\"600\" \/><\/a>\u00a0Thomas Vo\u00df\u00a0mit\u00a0<i>Campesino<\/i><\/li>\n<li>1999:\u00a0<a title=\"Deutschland\" href=\"https:\/\/de.wikipedia.org\/wiki\/Marcus_Ehning\"><img decoding=\"async\" src=\"https:\/\/upload.wikimedia.org\/wikipedia\/commons\/thumb\/b\/ba\/Flag_of_Germany.svg\/20px-Flag_of_Germany.svg.png\" srcset=\"\/\/upload.wikimedia.org\/wikipedia\/commons\/thumb\/b\/ba\/Flag_of_Germany.svg\/30px-Flag_of_Germany.svg.png 1.5x, \/\/upload.wikimedia.org\/wikipedia\/commons\/thumb\/b\/ba\/Flag_of_Germany.svg\/40px-Flag_of_Germany.svg.png 2x\" alt=\"Deutschland\" width=\"20\" height=\"12\" data-file-width=\"1000\" data-file-height=\"600\" \/><\/a>\u00a0Marcus Ehning\u00a0mit\u00a0<i>For Pleasure<\/i><\/li>\n<li>2000:<a title=\"Deutschland\" href=\"https:\/\/de.wikipedia.org\/wiki\/Deutschland\">\u00a0<img decoding=\"async\" src=\"https:\/\/upload.wikimedia.org\/wikipedia\/commons\/thumb\/b\/ba\/Flag_of_Germany.svg\/20px-Flag_of_Germany.svg.png\" srcset=\"\/\/upload.wikimedia.org\/wikipedia\/commons\/thumb\/b\/ba\/Flag_of_Germany.svg\/30px-Flag_of_Germany.svg.png 1.5x, \/\/upload.wikimedia.org\/wikipedia\/commons\/thumb\/b\/ba\/Flag_of_Germany.svg\/40px-Flag_of_Germany.svg.png 2x\" alt=\"Deutschland\" width=\"20\" height=\"12\" data-file-width=\"1000\" data-file-height=\"600\" \/><\/a>\u00a0Marcus Ehning mit\u00a0<i>For Pleasure<\/i><\/li>\n<li>2001:\u00a0<a title=\"Deutschland\" href=\"https:\/\/de.wikipedia.org\/wiki\/Ludger_Beerbaum\"><img decoding=\"async\" src=\"https:\/\/upload.wikimedia.org\/wikipedia\/commons\/thumb\/b\/ba\/Flag_of_Germany.svg\/20px-Flag_of_Germany.svg.png\" srcset=\"\/\/upload.wikimedia.org\/wikipedia\/commons\/thumb\/b\/ba\/Flag_of_Germany.svg\/30px-Flag_of_Germany.svg.png 1.5x, \/\/upload.wikimedia.org\/wikipedia\/commons\/thumb\/b\/ba\/Flag_of_Germany.svg\/40px-Flag_of_Germany.svg.png 2x\" alt=\"Deutschland\" width=\"20\" height=\"12\" data-file-width=\"1000\" data-file-height=\"600\" \/><\/a>\u00a0Ludger Beerbaum\u00a0mit\u00a0<i>Gladdys<\/i><\/li>\n<li>2002:\u00a0<a title=\"Deutschland\" href=\"https:\/\/de.wikipedia.org\/wiki\/Thomas_Schepers\"><img decoding=\"async\" src=\"https:\/\/upload.wikimedia.org\/wikipedia\/commons\/thumb\/b\/ba\/Flag_of_Germany.svg\/20px-Flag_of_Germany.svg.png\" srcset=\"\/\/upload.wikimedia.org\/wikipedia\/commons\/thumb\/b\/ba\/Flag_of_Germany.svg\/30px-Flag_of_Germany.svg.png 1.5x, \/\/upload.wikimedia.org\/wikipedia\/commons\/thumb\/b\/ba\/Flag_of_Germany.svg\/40px-Flag_of_Germany.svg.png 2x\" alt=\"Deutschland\" width=\"20\" height=\"12\" data-file-width=\"1000\" data-file-height=\"600\" \/><\/a>\u00a0Thomas Schepers\u00a0mit\u00a0<i>Capital W<\/i><\/li>\n<li>2003:\u00a0<a title=\"Deutschland\" href=\"https:\/\/de.wikipedia.org\/wiki\/Andreas_Ripke\"><img decoding=\"async\" src=\"https:\/\/upload.wikimedia.org\/wikipedia\/commons\/thumb\/b\/ba\/Flag_of_Germany.svg\/20px-Flag_of_Germany.svg.png\" srcset=\"\/\/upload.wikimedia.org\/wikipedia\/commons\/thumb\/b\/ba\/Flag_of_Germany.svg\/30px-Flag_of_Germany.svg.png 1.5x, \/\/upload.wikimedia.org\/wikipedia\/commons\/thumb\/b\/ba\/Flag_of_Germany.svg\/40px-Flag_of_Germany.svg.png 2x\" alt=\"Deutschland\" width=\"20\" height=\"12\" data-file-width=\"1000\" data-file-height=\"600\" \/><\/a>\u00a0Andreas Ripke\u00a0mit\u00a0<i>Holsatia<\/i><\/li>\n<li>2004:\u00a0<a title=\"Deutschland\" href=\"https:\/\/de.wikipedia.org\/wiki\/Ludger_Beerbaum\"><img decoding=\"async\" src=\"https:\/\/upload.wikimedia.org\/wikipedia\/commons\/thumb\/b\/ba\/Flag_of_Germany.svg\/20px-Flag_of_Germany.svg.png\" srcset=\"\/\/upload.wikimedia.org\/wikipedia\/commons\/thumb\/b\/ba\/Flag_of_Germany.svg\/30px-Flag_of_Germany.svg.png 1.5x, \/\/upload.wikimedia.org\/wikipedia\/commons\/thumb\/b\/ba\/Flag_of_Germany.svg\/40px-Flag_of_Germany.svg.png 2x\" alt=\"Deutschland\" width=\"20\" height=\"12\" data-file-width=\"1000\" data-file-height=\"600\" \/><\/a>\u00a0Ludger Beerbaum\u00a0mit\u00a0<i>Gladdys<\/i><\/li>\n<li>2005:\u00a0<a title=\"Deutschland\" href=\"https:\/\/de.wikipedia.org\/wiki\/Armin_Sch%C3%A4fer_jun.\"><img decoding=\"async\" src=\"https:\/\/upload.wikimedia.org\/wikipedia\/commons\/thumb\/b\/ba\/Flag_of_Germany.svg\/20px-Flag_of_Germany.svg.png\" srcset=\"\/\/upload.wikimedia.org\/wikipedia\/commons\/thumb\/b\/ba\/Flag_of_Germany.svg\/30px-Flag_of_Germany.svg.png 1.5x, \/\/upload.wikimedia.org\/wikipedia\/commons\/thumb\/b\/ba\/Flag_of_Germany.svg\/40px-Flag_of_Germany.svg.png 2x\" alt=\"Deutschland\" width=\"20\" height=\"12\" data-file-width=\"1000\" data-file-height=\"600\" \/><\/a>\u00a0Armin Sch\u00e4fer jun.\u00a0mit\u00a0<i>Liberty Boy<\/i><\/li>\n<li>2006:\u00a0<a title=\"Schweiz\" href=\"https:\/\/de.wikipedia.org\/wiki\/Christina_Liebherr\"><img decoding=\"async\" src=\"https:\/\/upload.wikimedia.org\/wikipedia\/commons\/thumb\/e\/e3\/Flag_of_Switzerland_within_2to3.svg\/20px-Flag_of_Switzerland_within_2to3.svg.png\" srcset=\"\/\/upload.wikimedia.org\/wikipedia\/commons\/thumb\/e\/e3\/Flag_of_Switzerland_within_2to3.svg\/30px-Flag_of_Switzerland_within_2to3.svg.png 1.5x, \/\/upload.wikimedia.org\/wikipedia\/commons\/thumb\/e\/e3\/Flag_of_Switzerland_within_2to3.svg\/40px-Flag_of_Switzerland_within_2to3.svg.png 2x\" alt=\"Schweiz\" width=\"20\" height=\"13\" data-file-width=\"450\" data-file-height=\"300\" \/><\/a>\u00a0Christina Liebherr\u00a0mit\u00a0<i>No Mercy<\/i><\/li>\n<li>2007:\u00a0<a title=\"Deutschland\" href=\"https:\/\/de.wikipedia.org\/wiki\/Christian_Ahlmann\"><img decoding=\"async\" src=\"https:\/\/upload.wikimedia.org\/wikipedia\/commons\/thumb\/b\/ba\/Flag_of_Germany.svg\/20px-Flag_of_Germany.svg.png\" srcset=\"\/\/upload.wikimedia.org\/wikipedia\/commons\/thumb\/b\/ba\/Flag_of_Germany.svg\/30px-Flag_of_Germany.svg.png 1.5x, \/\/upload.wikimedia.org\/wikipedia\/commons\/thumb\/b\/ba\/Flag_of_Germany.svg\/40px-Flag_of_Germany.svg.png 2x\" alt=\"Deutschland\" width=\"20\" height=\"12\" data-file-width=\"1000\" data-file-height=\"600\" \/><\/a>\u00a0Christian Ahlmann\u00a0mit\u00a0<i>Firth of Clyde<\/i><\/li>\n<li>2008:\u00a0<a title=\"Irland\" href=\"https:\/\/de.wikipedia.org\/wiki\/Jessica_K%C3%BCrten\"><img decoding=\"async\" class=\"thumbborder\" src=\"https:\/\/upload.wikimedia.org\/wikipedia\/commons\/thumb\/4\/45\/Flag_of_Ireland.svg\/18px-Flag_of_Ireland.svg.png\" srcset=\"\/\/upload.wikimedia.org\/wikipedia\/commons\/thumb\/4\/45\/Flag_of_Ireland.svg\/27px-Flag_of_Ireland.svg.png 1.5x, \/\/upload.wikimedia.org\/wikipedia\/commons\/thumb\/4\/45\/Flag_of_Ireland.svg\/36px-Flag_of_Ireland.svg.png 2x\" alt=\"Irland\" width=\"18\" height=\"9\" data-file-width=\"600\" data-file-height=\"300\" \/><\/a>\u00a0Jessica K\u00fcrten\u00a0mit\u00a0<i>Vivaldo van het Costersveld<\/i><\/li>\n<li>2009:\u00a0<a title=\"Deutschland\" href=\"https:\/\/de.wikipedia.org\/wiki\/Toni_Ha%C3%9Fmann\"><img decoding=\"async\" src=\"https:\/\/upload.wikimedia.org\/wikipedia\/commons\/thumb\/b\/ba\/Flag_of_Germany.svg\/20px-Flag_of_Germany.svg.png\" srcset=\"\/\/upload.wikimedia.org\/wikipedia\/commons\/thumb\/b\/ba\/Flag_of_Germany.svg\/30px-Flag_of_Germany.svg.png 1.5x, \/\/upload.wikimedia.org\/wikipedia\/commons\/thumb\/b\/ba\/Flag_of_Germany.svg\/40px-Flag_of_Germany.svg.png 2x\" alt=\"Deutschland\" width=\"20\" height=\"12\" data-file-width=\"1000\" data-file-height=\"600\" \/><\/a>\u00a0Toni Ha\u00dfmann\u00a0mit\u00a0<i>Laceful<\/i><\/li>\n<li>2010:\u00a0<a title=\"Deutschland\" href=\"https:\/\/de.wikipedia.org\/wiki\/Meredith_Michaels-Beerbaum\"><img decoding=\"async\" src=\"https:\/\/upload.wikimedia.org\/wikipedia\/commons\/thumb\/b\/ba\/Flag_of_Germany.svg\/20px-Flag_of_Germany.svg.png\" srcset=\"\/\/upload.wikimedia.org\/wikipedia\/commons\/thumb\/b\/ba\/Flag_of_Germany.svg\/30px-Flag_of_Germany.svg.png 1.5x, \/\/upload.wikimedia.org\/wikipedia\/commons\/thumb\/b\/ba\/Flag_of_Germany.svg\/40px-Flag_of_Germany.svg.png 2x\" alt=\"Deutschland\" width=\"20\" height=\"12\" data-file-width=\"1000\" data-file-height=\"600\" \/><\/a>\u00a0Meredith Michaels-Beerbaum\u00a0mit\u00a0<i>Shutterfly<\/i><\/li>\n<li>2011:\u00a0<a title=\"Deutschland\" href=\"https:\/\/de.wikipedia.org\/wiki\/Carsten-Otto_Nagel\"><img decoding=\"async\" src=\"https:\/\/upload.wikimedia.org\/wikipedia\/commons\/thumb\/b\/ba\/Flag_of_Germany.svg\/20px-Flag_of_Germany.svg.png\" srcset=\"\/\/upload.wikimedia.org\/wikipedia\/commons\/thumb\/b\/ba\/Flag_of_Germany.svg\/30px-Flag_of_Germany.svg.png 1.5x, \/\/upload.wikimedia.org\/wikipedia\/commons\/thumb\/b\/ba\/Flag_of_Germany.svg\/40px-Flag_of_Germany.svg.png 2x\" alt=\"Deutschland\" width=\"20\" height=\"12\" data-file-width=\"1000\" data-file-height=\"600\" \/><\/a>\u00a0Carsten-Otto Nagel\u00a0mit\u00a0<i>Corradina<\/i><\/li>\n<li>2012:\u00a0<a title=\"Schweden\" href=\"https:\/\/de.wikipedia.org\/wiki\/Angelica_Augustsson\"><img decoding=\"async\" src=\"https:\/\/upload.wikimedia.org\/wikipedia\/commons\/thumb\/4\/4c\/Flag_of_Sweden.svg\/20px-Flag_of_Sweden.svg.png\" srcset=\"\/\/upload.wikimedia.org\/wikipedia\/commons\/thumb\/4\/4c\/Flag_of_Sweden.svg\/30px-Flag_of_Sweden.svg.png 1.5x, \/\/upload.wikimedia.org\/wikipedia\/commons\/thumb\/4\/4c\/Flag_of_Sweden.svg\/40px-Flag_of_Sweden.svg.png 2x\" alt=\"Schweden\" width=\"20\" height=\"13\" data-file-width=\"1600\" data-file-height=\"1000\" \/><\/a>\u00a0Angelica Augustsson\u00a0mit\u00a0<i>Mic Mac du Tillard<\/i><\/li>\n<li>2013:\u00a0<a title=\"Ukraine\" href=\"https:\/\/de.wikipedia.org\/wiki\/Cassio_Rivetti\"><img decoding=\"async\" src=\"https:\/\/upload.wikimedia.org\/wikipedia\/commons\/thumb\/4\/49\/Flag_of_Ukraine.svg\/20px-Flag_of_Ukraine.svg.png\" srcset=\"\/\/upload.wikimedia.org\/wikipedia\/commons\/thumb\/4\/49\/Flag_of_Ukraine.svg\/30px-Flag_of_Ukraine.svg.png 1.5x, \/\/upload.wikimedia.org\/wikipedia\/commons\/thumb\/4\/49\/Flag_of_Ukraine.svg\/40px-Flag_of_Ukraine.svg.png 2x\" alt=\"Ukraine\" width=\"20\" height=\"13\" data-file-width=\"1200\" data-file-height=\"800\" \/><\/a>\u00a0Cassio Rivetti\u00a0mit\u00a0<i>Vivant<\/i><\/li>\n<li>2014:\u00a0<a title=\"Deutschland\" href=\"https:\/\/de.wikipedia.org\/wiki\/Hans-Dieter_Dreher\"><img decoding=\"async\" src=\"https:\/\/upload.wikimedia.org\/wikipedia\/commons\/thumb\/b\/ba\/Flag_of_Germany.svg\/20px-Flag_of_Germany.svg.png\" srcset=\"\/\/upload.wikimedia.org\/wikipedia\/commons\/thumb\/b\/ba\/Flag_of_Germany.svg\/30px-Flag_of_Germany.svg.png 1.5x, \/\/upload.wikimedia.org\/wikipedia\/commons\/thumb\/b\/ba\/Flag_of_Germany.svg\/40px-Flag_of_Germany.svg.png 2x\" alt=\"Deutschland\" width=\"20\" height=\"12\" data-file-width=\"1000\" data-file-height=\"600\" \/><\/a>\u00a0Hans-Dieter Dreher\u00a0mit\u00a0<i>Colore<\/i><\/li>\n<li>2015:\u00a0<a title=\"Deutschland\" href=\"https:\/\/de.wikipedia.org\/wiki\/Mario_Stevens\"><img decoding=\"async\" src=\"https:\/\/upload.wikimedia.org\/wikipedia\/commons\/thumb\/b\/ba\/Flag_of_Germany.svg\/20px-Flag_of_Germany.svg.png\" srcset=\"\/\/upload.wikimedia.org\/wikipedia\/commons\/thumb\/b\/ba\/Flag_of_Germany.svg\/30px-Flag_of_Germany.svg.png 1.5x, \/\/upload.wikimedia.org\/wikipedia\/commons\/thumb\/b\/ba\/Flag_of_Germany.svg\/40px-Flag_of_Germany.svg.png 2x\" alt=\"Deutschland\" width=\"20\" height=\"12\" data-file-width=\"1000\" data-file-height=\"600\" \/><\/a>\u00a0Mario Stevens\u00a0mit\u00a0<i>Brooklyn<\/i><\/li>\n<li>2016:\u00a0<a title=\"Deutschland\" href=\"https:\/\/de.wikipedia.org\/wiki\/Daniel_Deu%C3%9Fer\"><img decoding=\"async\" src=\"https:\/\/upload.wikimedia.org\/wikipedia\/commons\/thumb\/b\/ba\/Flag_of_Germany.svg\/20px-Flag_of_Germany.svg.png\" srcset=\"\/\/upload.wikimedia.org\/wikipedia\/commons\/thumb\/b\/ba\/Flag_of_Germany.svg\/30px-Flag_of_Germany.svg.png 1.5x, \/\/upload.wikimedia.org\/wikipedia\/commons\/thumb\/b\/ba\/Flag_of_Germany.svg\/40px-Flag_of_Germany.svg.png 2x\" alt=\"Deutschland\" width=\"20\" height=\"12\" data-file-width=\"1000\" data-file-height=\"600\" \/><\/a>\u00a0Daniel Deu\u00dfer\u00a0mit\u00a0<i>Hidalgo<\/i><\/li>\n<li>2017:\u00a0<a title=\"Deutschland\" href=\"https:\/\/de.wikipedia.org\/wiki\/Daniel_Deu%C3%9Fer\"><img decoding=\"async\" src=\"https:\/\/upload.wikimedia.org\/wikipedia\/commons\/thumb\/b\/ba\/Flag_of_Germany.svg\/20px-Flag_of_Germany.svg.png\" srcset=\"\/\/upload.wikimedia.org\/wikipedia\/commons\/thumb\/b\/ba\/Flag_of_Germany.svg\/30px-Flag_of_Germany.svg.png 1.5x, \/\/upload.wikimedia.org\/wikipedia\/commons\/thumb\/b\/ba\/Flag_of_Germany.svg\/40px-Flag_of_Germany.svg.png 2x\" alt=\"Deutschland\" width=\"20\" height=\"12\" data-file-width=\"1000\" data-file-height=\"600\" \/><\/a>\u00a0Holger Wulschner\u00a0mit\u00a0<i>BSC Captivity<br \/><\/i><\/li>\n<li>2018:\u00a0<a title=\"Deutschland\" href=\"https:\/\/de.wikipedia.org\/wiki\/J%C3%B6rg_Oppermann\"><img decoding=\"async\" class=\"noviewer\" src=\"https:\/\/upload.wikimedia.org\/wikipedia\/commons\/thumb\/b\/ba\/Flag_of_Germany.svg\/20px-Flag_of_Germany.svg.png\" srcset=\"\/\/upload.wikimedia.org\/wikipedia\/commons\/thumb\/b\/ba\/Flag_of_Germany.svg\/30px-Flag_of_Germany.svg.png 1.5x, \/\/upload.wikimedia.org\/wikipedia\/commons\/thumb\/b\/ba\/Flag_of_Germany.svg\/40px-Flag_of_Germany.svg.png 2x\" alt=\"\" width=\"20\" height=\"12\" data-file-width=\"1000\" data-file-height=\"600\" \/><\/a>\u00a0J\u00f6rg Oppermann\u00a0mit\u00a0<i>Che Guevara<\/i><\/li>\n<li>2019:\u00a0<a title=\"Deutschland\" href=\"https:\/\/de.wikipedia.org\/wiki\/Simone_Blum\"><img decoding=\"async\" class=\"noviewer\" src=\"https:\/\/upload.wikimedia.org\/wikipedia\/commons\/thumb\/b\/ba\/Flag_of_Germany.svg\/20px-Flag_of_Germany.svg.png\" srcset=\"\/\/upload.wikimedia.org\/wikipedia\/commons\/thumb\/b\/ba\/Flag_of_Germany.svg\/30px-Flag_of_Germany.svg.png 1.5x, \/\/upload.wikimedia.org\/wikipedia\/commons\/thumb\/b\/ba\/Flag_of_Germany.svg\/40px-Flag_of_Germany.svg.png 2x\" alt=\"\" width=\"20\" height=\"12\" data-file-width=\"1000\" data-file-height=\"600\" \/><\/a>\u00a0Simone Blum\u00a0mit\u00a0<i>DSP Alice<\/i><\/li>\n<li>2021:\u00a0<a title=\"Schweden\" href=\"https:\/\/de.wikipedia.org\/wiki\/Peder_Fredricson\"><img decoding=\"async\" class=\"noviewer\" src=\"https:\/\/upload.wikimedia.org\/wikipedia\/commons\/thumb\/4\/4c\/Flag_of_Sweden.svg\/20px-Flag_of_Sweden.svg.png\" srcset=\"\/\/upload.wikimedia.org\/wikipedia\/commons\/thumb\/4\/4c\/Flag_of_Sweden.svg\/30px-Flag_of_Sweden.svg.png 1.5x, \/\/upload.wikimedia.org\/wikipedia\/commons\/thumb\/4\/4c\/Flag_of_Sweden.svg\/40px-Flag_of_Sweden.svg.png 2x\" alt=\"\" width=\"20\" height=\"13\" data-file-width=\"512\" data-file-height=\"320\" \/><\/a>\u00a0Peder Fredricson\u00a0mit\u00a0<i>Catch me not S<\/i><\/li>\n<li>2022:\u00a0<a title=\"Deutschland\" href=\"https:\/\/de.wikipedia.org\/wiki\/David_Will_(Reiter)\"><img decoding=\"async\" class=\"noviewer\" src=\"https:\/\/upload.wikimedia.org\/wikipedia\/commons\/thumb\/b\/ba\/Flag_of_Germany.svg\/20px-Flag_of_Germany.svg.png\" srcset=\"\/\/upload.wikimedia.org\/wikipedia\/commons\/thumb\/b\/ba\/Flag_of_Germany.svg\/30px-Flag_of_Germany.svg.png 1.5x, \/\/upload.wikimedia.org\/wikipedia\/commons\/thumb\/b\/ba\/Flag_of_Germany.svg\/40px-Flag_of_Germany.svg.png 2x\" alt=\"\" width=\"20\" height=\"12\" data-file-width=\"1000\" data-file-height=\"600\" \/><\/a>\u00a0David Will\u00a0mit\u00a0<i>Concordia<\/i><\/li>\n<li>2023: <a title=\"Schweiz\" href=\"https:\/\/de.wikipedia.org\/wiki\/Christina_Liebherr\"><img decoding=\"async\" src=\"https:\/\/upload.wikimedia.org\/wikipedia\/commons\/thumb\/e\/e3\/Flag_of_Switzerland_within_2to3.svg\/20px-Flag_of_Switzerland_within_2to3.svg.png\" srcset=\"\/\/upload.wikimedia.org\/wikipedia\/commons\/thumb\/e\/e3\/Flag_of_Switzerland_within_2to3.svg\/30px-Flag_of_Switzerland_within_2to3.svg.png 1.5x, \/\/upload.wikimedia.org\/wikipedia\/commons\/thumb\/e\/e3\/Flag_of_Switzerland_within_2to3.svg\/40px-Flag_of_Switzerland_within_2to3.svg.png 2x\" alt=\"Schweiz\" width=\"20\" height=\"13\" data-file-width=\"450\" data-file-height=\"300\" \/><\/a> Elian Baumann mit <em>Campari Z<\/em><\/li>\n<li>2024: <a title=\"Deutschland\" href=\"https:\/\/de.wikipedia.org\/wiki\/David_Will_(Reiter)\"><img decoding=\"async\" class=\"noviewer\" src=\"https:\/\/upload.wikimedia.org\/wikipedia\/commons\/thumb\/b\/ba\/Flag_of_Germany.svg\/20px-Flag_of_Germany.svg.png\" srcset=\"\/\/upload.wikimedia.org\/wikipedia\/commons\/thumb\/b\/ba\/Flag_of_Germany.svg\/30px-Flag_of_Germany.svg.png 1.5x, \/\/upload.wikimedia.org\/wikipedia\/commons\/thumb\/b\/ba\/Flag_of_Germany.svg\/40px-Flag_of_Germany.svg.png 2x\" alt=\"\" width=\"20\" height=\"12\" data-file-width=\"1000\" data-file-height=\"600\" \/><\/a> Richard Vogel mit Churchill<\/li>\n<li>2025: <a title=\"Deutschland\" href=\"https:\/\/de.wikipedia.org\/wiki\/David_Will_(Reiter)\"><img decoding=\"async\" class=\"noviewer\" src=\"https:\/\/upload.wikimedia.org\/wikipedia\/commons\/thumb\/b\/ba\/Flag_of_Germany.svg\/20px-Flag_of_Germany.svg.png\" srcset=\"\/\/upload.wikimedia.org\/wikipedia\/commons\/thumb\/b\/ba\/Flag_of_Germany.svg\/30px-Flag_of_Germany.svg.png 1.5x, \/\/upload.wikimedia.org\/wikipedia\/commons\/thumb\/b\/ba\/Flag_of_Germany.svg\/40px-Flag_of_Germany.svg.png 2x\" alt=\"\" width=\"20\" height=\"12\" data-file-width=\"1000\" data-file-height=\"600\" \/><\/a> David Will mit Xixo\u202fBorgia<\/li>\n<li>2026: <a title=\"Deutschland\" href=\"https:\/\/de.wikipedia.org\/wiki\/David_Will_(Reiter)\"><img decoding=\"async\" class=\"noviewer\" src=\"https:\/\/upload.wikimedia.org\/wikipedia\/commons\/thumb\/b\/ba\/Flag_of_Germany.svg\/20px-Flag_of_Germany.svg.png\" srcset=\"\/\/upload.wikimedia.org\/wikipedia\/commons\/thumb\/b\/ba\/Flag_of_Germany.svg\/30px-Flag_of_Germany.svg.png 1.5x, \/\/upload.wikimedia.org\/wikipedia\/commons\/thumb\/b\/ba\/Flag_of_Germany.svg\/40px-Flag_of_Germany.svg.png 2x\" alt=\"\" width=\"20\" height=\"12\" data-file-width=\"1000\" data-file-height=\"600\" \/><\/a> Weishaupt, Maximilian \/ Dsp Omerta Incipit<\/li>\n<\/ul>\n[\/et_pb_accordion_item][et_pb_accordion_item title=&#8221;Grand Prix Sp\u00e9cial&#8221; _builder_version=&#8221;4.27.5&#8243; link_option_url_new_window=&#8221;on&#8221; global_colors_info=&#8221;{}&#8221; open=&#8221;off&#8221;]\n<ul>\n<li>2005:\u00a0<a title=\"Deutschland\" href=\"https:\/\/de.wikipedia.org\/wiki\/Alexandra_Simons-de_Ridder\"><img decoding=\"async\" class=\"noviewer\" src=\"https:\/\/upload.wikimedia.org\/wikipedia\/commons\/thumb\/b\/ba\/Flag_of_Germany.svg\/20px-Flag_of_Germany.svg.png\" srcset=\"\/\/upload.wikimedia.org\/wikipedia\/commons\/thumb\/b\/ba\/Flag_of_Germany.svg\/30px-Flag_of_Germany.svg.png 1.5x, \/\/upload.wikimedia.org\/wikipedia\/commons\/thumb\/b\/ba\/Flag_of_Germany.svg\/40px-Flag_of_Germany.svg.png 2x\" alt=\"\" width=\"20\" height=\"12\" data-file-width=\"1000\" data-file-height=\"600\" \/><\/a>\u00a0Alexandra Simons-de Ridder\u00a0mit\u00a0<i>Wellington<\/i><\/li>\n<li>2006:\u00a0<a title=\"Frankreich\" href=\"https:\/\/de.wikipedia.org\/wiki\/Karen_Tebar\"><img decoding=\"async\" class=\"noviewer thumbborder\" src=\"https:\/\/upload.wikimedia.org\/wikipedia\/commons\/thumb\/b\/bc\/Flag_of_France_%281794%E2%80%931815%2C_1830%E2%80%931974%2C_2020%E2%80%93present%29.svg\/20px-Flag_of_France_%281794%E2%80%931815%2C_1830%E2%80%931974%2C_2020%E2%80%93present%29.svg.png\" srcset=\"\/\/upload.wikimedia.org\/wikipedia\/commons\/thumb\/b\/bc\/Flag_of_France_%281794%E2%80%931815%2C_1830%E2%80%931974%2C_2020%E2%80%93present%29.svg\/30px-Flag_of_France_%281794%E2%80%931815%2C_1830%E2%80%931974%2C_2020%E2%80%93present%29.svg.png 1.5x, \/\/upload.wikimedia.org\/wikipedia\/commons\/thumb\/b\/bc\/Flag_of_France_%281794%E2%80%931815%2C_1830%E2%80%931974%2C_2020%E2%80%93present%29.svg\/40px-Flag_of_France_%281794%E2%80%931815%2C_1830%E2%80%931974%2C_2020%E2%80%93present%29.svg.png 2x\" alt=\"\" width=\"20\" height=\"13\" data-file-width=\"900\" data-file-height=\"600\" \/><\/a>\u00a0Karen Tebar\u00a0mit\u00a0<i>Falada M<\/i><\/li>\n<li>2007:\u00a0<a title=\"Deutschland\" href=\"https:\/\/de.wikipedia.org\/wiki\/Isabell_Werth\"><img decoding=\"async\" class=\"noviewer\" src=\"https:\/\/upload.wikimedia.org\/wikipedia\/commons\/thumb\/b\/ba\/Flag_of_Germany.svg\/20px-Flag_of_Germany.svg.png\" srcset=\"\/\/upload.wikimedia.org\/wikipedia\/commons\/thumb\/b\/ba\/Flag_of_Germany.svg\/30px-Flag_of_Germany.svg.png 1.5x, \/\/upload.wikimedia.org\/wikipedia\/commons\/thumb\/b\/ba\/Flag_of_Germany.svg\/40px-Flag_of_Germany.svg.png 2x\" alt=\"\" width=\"20\" height=\"12\" data-file-width=\"1000\" data-file-height=\"600\" \/><\/a>\u00a0Isabell Werth\u00a0mit\u00a0<i>Apache OLD<\/i><\/li>\n<li>2009:\u00a0<a title=\"Deutschland\" href=\"https:\/\/de.wikipedia.org\/wiki\/Isabell_Werth\"><img decoding=\"async\" class=\"noviewer\" src=\"https:\/\/upload.wikimedia.org\/wikipedia\/commons\/thumb\/b\/ba\/Flag_of_Germany.svg\/20px-Flag_of_Germany.svg.png\" srcset=\"\/\/upload.wikimedia.org\/wikipedia\/commons\/thumb\/b\/ba\/Flag_of_Germany.svg\/30px-Flag_of_Germany.svg.png 1.5x, \/\/upload.wikimedia.org\/wikipedia\/commons\/thumb\/b\/ba\/Flag_of_Germany.svg\/40px-Flag_of_Germany.svg.png 2x\" alt=\"\" width=\"20\" height=\"12\" data-file-width=\"1000\" data-file-height=\"600\" \/><\/a>\u00a0Isabell Werth\u00a0mit\u00a0<i>Warum nicht FRH<\/i><\/li>\n<li>2010:\u00a0<a title=\"Deutschland\" href=\"https:\/\/de.wikipedia.org\/wiki\/Deutschland\"><img decoding=\"async\" class=\"noviewer\" src=\"https:\/\/upload.wikimedia.org\/wikipedia\/commons\/thumb\/b\/ba\/Flag_of_Germany.svg\/20px-Flag_of_Germany.svg.png\" srcset=\"\/\/upload.wikimedia.org\/wikipedia\/commons\/thumb\/b\/ba\/Flag_of_Germany.svg\/30px-Flag_of_Germany.svg.png 1.5x, \/\/upload.wikimedia.org\/wikipedia\/commons\/thumb\/b\/ba\/Flag_of_Germany.svg\/40px-Flag_of_Germany.svg.png 2x\" alt=\"\" width=\"20\" height=\"12\" data-file-width=\"1000\" data-file-height=\"600\" \/><\/a>\u00a0Isabell Werth\u00a0mit\u00a0<i>El Santo NRW<\/i><\/li>\n<li>2011:\u00a0<a title=\"Deutschland\" href=\"https:\/\/de.wikipedia.org\/wiki\/Isabell_Werth\"><img decoding=\"async\" class=\"noviewer\" src=\"https:\/\/upload.wikimedia.org\/wikipedia\/commons\/thumb\/b\/ba\/Flag_of_Germany.svg\/20px-Flag_of_Germany.svg.png\" srcset=\"\/\/upload.wikimedia.org\/wikipedia\/commons\/thumb\/b\/ba\/Flag_of_Germany.svg\/30px-Flag_of_Germany.svg.png 1.5x, \/\/upload.wikimedia.org\/wikipedia\/commons\/thumb\/b\/ba\/Flag_of_Germany.svg\/40px-Flag_of_Germany.svg.png 2x\" alt=\"\" width=\"20\" height=\"12\" data-file-width=\"1000\" data-file-height=\"600\" \/><\/a>\u00a0Isabell Werth\u00a0mit\u00a0<i>Don Johnson<\/i><\/li>\n<li>2012:\u00a0<a title=\"D\u00e4nemark\" href=\"https:\/\/de.wikipedia.org\/wiki\/Anna_Kasprzak\"><img decoding=\"async\" src=\"https:\/\/upload.wikimedia.org\/wikipedia\/commons\/thumb\/9\/9c\/Flag_of_Denmark.svg\/20px-Flag_of_Denmark.svg.png\" srcset=\"\/\/upload.wikimedia.org\/wikipedia\/commons\/thumb\/9\/9c\/Flag_of_Denmark.svg\/30px-Flag_of_Denmark.svg.png 1.5x, \/\/upload.wikimedia.org\/wikipedia\/commons\/thumb\/9\/9c\/Flag_of_Denmark.svg\/40px-Flag_of_Denmark.svg.png 2x\" alt=\"\" width=\"20\" height=\"15\" data-file-width=\"512\" data-file-height=\"387\" \/><\/a>\u00a0Anna Kasprzak\u00a0mit\u00a0<i>Donnperignon<\/i><\/li>\n<li>2013:\u00a0<a title=\"D\u00e4nemark\" href=\"https:\/\/de.wikipedia.org\/wiki\/Andreas_Helgstrand\"><img decoding=\"async\" src=\"https:\/\/upload.wikimedia.org\/wikipedia\/commons\/thumb\/9\/9c\/Flag_of_Denmark.svg\/20px-Flag_of_Denmark.svg.png\" srcset=\"\/\/upload.wikimedia.org\/wikipedia\/commons\/thumb\/9\/9c\/Flag_of_Denmark.svg\/30px-Flag_of_Denmark.svg.png 1.5x, \/\/upload.wikimedia.org\/wikipedia\/commons\/thumb\/9\/9c\/Flag_of_Denmark.svg\/40px-Flag_of_Denmark.svg.png 2x\" alt=\"\" width=\"20\" height=\"15\" data-file-width=\"512\" data-file-height=\"387\" \/><\/a>\u00a0Andreas Helgstrand\u00a0mit\u00a0<i>Akeem Foldager<\/i><\/li>\n<li>2014:\u00a0<a title=\"Deutschland\" href=\"https:\/\/de.wikipedia.org\/wiki\/Uta_Gr%C3%A4f\"><img decoding=\"async\" class=\"noviewer\" src=\"https:\/\/upload.wikimedia.org\/wikipedia\/commons\/thumb\/b\/ba\/Flag_of_Germany.svg\/20px-Flag_of_Germany.svg.png\" srcset=\"\/\/upload.wikimedia.org\/wikipedia\/commons\/thumb\/b\/ba\/Flag_of_Germany.svg\/30px-Flag_of_Germany.svg.png 1.5x, \/\/upload.wikimedia.org\/wikipedia\/commons\/thumb\/b\/ba\/Flag_of_Germany.svg\/40px-Flag_of_Germany.svg.png 2x\" alt=\"\" width=\"20\" height=\"12\" data-file-width=\"1000\" data-file-height=\"600\" \/><\/a>\u00a0Uta Gr\u00e4f\u00a0mit\u00a0<i>Dandelion<\/i><\/li>\n<li>2015:\u00a0<a title=\"Schweden\" href=\"https:\/\/de.wikipedia.org\/wiki\/Rose_Mathisen\"><img decoding=\"async\" class=\"noviewer\" src=\"https:\/\/upload.wikimedia.org\/wikipedia\/commons\/thumb\/4\/4c\/Flag_of_Sweden.svg\/20px-Flag_of_Sweden.svg.png\" srcset=\"\/\/upload.wikimedia.org\/wikipedia\/commons\/thumb\/4\/4c\/Flag_of_Sweden.svg\/30px-Flag_of_Sweden.svg.png 1.5x, \/\/upload.wikimedia.org\/wikipedia\/commons\/thumb\/4\/4c\/Flag_of_Sweden.svg\/40px-Flag_of_Sweden.svg.png 2x\" alt=\"\" width=\"20\" height=\"13\" data-file-width=\"512\" data-file-height=\"320\" \/><\/a>\u00a0Rose Mathisen\u00a0mit\u00a0<i>Zuidenwind<\/i><\/li>\n<li>2016:\u00a0<a title=\"Deutschland\" href=\"https:\/\/de.wikipedia.org\/wiki\/Helen_Langehanenberg\"><img decoding=\"async\" class=\"noviewer\" src=\"https:\/\/upload.wikimedia.org\/wikipedia\/commons\/thumb\/b\/ba\/Flag_of_Germany.svg\/20px-Flag_of_Germany.svg.png\" srcset=\"\/\/upload.wikimedia.org\/wikipedia\/commons\/thumb\/b\/ba\/Flag_of_Germany.svg\/30px-Flag_of_Germany.svg.png 1.5x, \/\/upload.wikimedia.org\/wikipedia\/commons\/thumb\/b\/ba\/Flag_of_Germany.svg\/40px-Flag_of_Germany.svg.png 2x\" alt=\"\" width=\"20\" height=\"12\" data-file-width=\"1000\" data-file-height=\"600\" \/><\/a>\u00a0Helen Langehanenberg\u00a0mit\u00a0<i>Damsey FRH<\/i><\/li>\n<li>2017:\u00a0<a title=\"Deutschland\" href=\"https:\/\/de.wikipedia.org\/wiki\/Isabell_Werth\"><img decoding=\"async\" class=\"noviewer\" src=\"https:\/\/upload.wikimedia.org\/wikipedia\/commons\/thumb\/b\/ba\/Flag_of_Germany.svg\/20px-Flag_of_Germany.svg.png\" srcset=\"\/\/upload.wikimedia.org\/wikipedia\/commons\/thumb\/b\/ba\/Flag_of_Germany.svg\/30px-Flag_of_Germany.svg.png 1.5x, \/\/upload.wikimedia.org\/wikipedia\/commons\/thumb\/b\/ba\/Flag_of_Germany.svg\/40px-Flag_of_Germany.svg.png 2x\" alt=\"\" width=\"20\" height=\"12\" data-file-width=\"1000\" data-file-height=\"600\" \/><\/a>\u00a0Isabell Werth\u00a0mit\u00a0<i>Don Johnson<\/i><\/li>\n<li>2018:\u00a0<a title=\"Deutschland\" href=\"https:\/\/de.wikipedia.org\/wiki\/Dorothee_Schneider\"><img decoding=\"async\" class=\"noviewer\" src=\"https:\/\/upload.wikimedia.org\/wikipedia\/commons\/thumb\/b\/ba\/Flag_of_Germany.svg\/20px-Flag_of_Germany.svg.png\" srcset=\"\/\/upload.wikimedia.org\/wikipedia\/commons\/thumb\/b\/ba\/Flag_of_Germany.svg\/30px-Flag_of_Germany.svg.png 1.5x, \/\/upload.wikimedia.org\/wikipedia\/commons\/thumb\/b\/ba\/Flag_of_Germany.svg\/40px-Flag_of_Germany.svg.png 2x\" alt=\"\" width=\"20\" height=\"12\" data-file-width=\"1000\" data-file-height=\"600\" \/><\/a>\u00a0Dorothee Schneider\u00a0mit\u00a0<i>Faustus<\/i><\/li>\n<li>2019:\u00a0<a title=\"Deutschland\" href=\"https:\/\/de.wikipedia.org\/wiki\/Isabell_Werth\"><img decoding=\"async\" class=\"noviewer\" src=\"https:\/\/upload.wikimedia.org\/wikipedia\/commons\/thumb\/b\/ba\/Flag_of_Germany.svg\/20px-Flag_of_Germany.svg.png\" srcset=\"\/\/upload.wikimedia.org\/wikipedia\/commons\/thumb\/b\/ba\/Flag_of_Germany.svg\/30px-Flag_of_Germany.svg.png 1.5x, \/\/upload.wikimedia.org\/wikipedia\/commons\/thumb\/b\/ba\/Flag_of_Germany.svg\/40px-Flag_of_Germany.svg.png 2x\" alt=\"\" width=\"20\" height=\"12\" data-file-width=\"1000\" data-file-height=\"600\" \/><\/a>\u00a0Isabell Werth\u00a0mit\u00a0<i>DSP Quantaz<\/i><br \/><sup id=\"cite_ref-12\" class=\"reference\"><\/sup><\/li>\n<li>2021:\u00a0<a title=\"Deutschland\" href=\"https:\/\/de.wikipedia.org\/wiki\/Isabell_Werth\"><img decoding=\"async\" class=\"noviewer\" src=\"https:\/\/upload.wikimedia.org\/wikipedia\/commons\/thumb\/b\/ba\/Flag_of_Germany.svg\/20px-Flag_of_Germany.svg.png\" srcset=\"\/\/upload.wikimedia.org\/wikipedia\/commons\/thumb\/b\/ba\/Flag_of_Germany.svg\/30px-Flag_of_Germany.svg.png 1.5x, \/\/upload.wikimedia.org\/wikipedia\/commons\/thumb\/b\/ba\/Flag_of_Germany.svg\/40px-Flag_of_Germany.svg.png 2x\" alt=\"\" width=\"20\" height=\"12\" data-file-width=\"1000\" data-file-height=\"600\" \/><\/a>\u00a0Isabell Werth\u00a0mit\u00a0<i>Bella Rose<\/i><\/li>\n<li>2022:\u00a0<a title=\"Deutschland\" href=\"https:\/\/de.wikipedia.org\/wiki\/Matthias_Alexander_Rath\"><img decoding=\"async\" class=\"noviewer\" src=\"https:\/\/upload.wikimedia.org\/wikipedia\/commons\/thumb\/b\/ba\/Flag_of_Germany.svg\/20px-Flag_of_Germany.svg.png\" srcset=\"\/\/upload.wikimedia.org\/wikipedia\/commons\/thumb\/b\/ba\/Flag_of_Germany.svg\/30px-Flag_of_Germany.svg.png 1.5x, \/\/upload.wikimedia.org\/wikipedia\/commons\/thumb\/b\/ba\/Flag_of_Germany.svg\/40px-Flag_of_Germany.svg.png 2x\" alt=\"\" width=\"20\" height=\"12\" data-file-width=\"1000\" data-file-height=\"600\" \/><\/a>\u00a0Matthias Alexander Rath mit <em>Destacado FRH<\/em><\/li>\n<li>2023: <a title=\"\u00d6sterreich\" href=\"https:\/\/de.wikipedia.org\/wiki\/Hugo_Simon_(Reiter)\"><img decoding=\"async\" class=\"noviewer\" src=\"https:\/\/upload.wikimedia.org\/wikipedia\/commons\/thumb\/4\/41\/Flag_of_Austria.svg\/20px-Flag_of_Austria.svg.png\" srcset=\"\/\/upload.wikimedia.org\/wikipedia\/commons\/thumb\/4\/41\/Flag_of_Austria.svg\/30px-Flag_of_Austria.svg.png 1.5x, \/\/upload.wikimedia.org\/wikipedia\/commons\/thumb\/4\/41\/Flag_of_Austria.svg\/40px-Flag_of_Austria.svg.png 2x\" alt=\"\" width=\"20\" height=\"13\" data-file-width=\"900\" data-file-height=\"600\" \/><\/a> Stefan Lehfellner mit <em>Roberto Carlos MT<\/em><\/li>\n<li>2024: <a title=\"Deutschland\" href=\"https:\/\/de.wikipedia.org\/wiki\/Isabell_Werth\"><img decoding=\"async\" class=\"noviewer\" src=\"https:\/\/upload.wikimedia.org\/wikipedia\/commons\/thumb\/b\/ba\/Flag_of_Germany.svg\/20px-Flag_of_Germany.svg.png\" srcset=\"\/\/upload.wikimedia.org\/wikipedia\/commons\/thumb\/b\/ba\/Flag_of_Germany.svg\/30px-Flag_of_Germany.svg.png 1.5x, \/\/upload.wikimedia.org\/wikipedia\/commons\/thumb\/b\/ba\/Flag_of_Germany.svg\/40px-Flag_of_Germany.svg.png 2x\" alt=\"\" width=\"20\" height=\"12\" data-file-width=\"1000\" data-file-height=\"600\" \/><\/a> Isabell Werth mit Wendy de Fontaine<\/li>\n<li>2025: <img decoding=\"async\" class=\"img-fluid gallery-slider-image magnifier-image js-magnifier-image\" title=\"Finnland | Flagge -gleiche Gr\u00f6\u00dfe\" src=\"https:\/\/www.sticker-store24.com\/media\/e9\/c3\/f5\/1604436185\/42-17-046_finnland-png.png\" alt=\"Finnland | Flagge -gleiche Gr\u00f6\u00dfe\" width=\"17\" height=\"11\" data-full-image=\"https:\/\/www.sticker-store24.com\/media\/e9\/c3\/f5\/1604436185\/42-17-046_finnland-png.png\" data-object-fit=\"contain\" \/> Henri\u202fRuoste mit Tiffanys\u202fDiamond<\/li>\n<li>2026: <a title=\"Deutschland\" href=\"https:\/\/de.wikipedia.org\/wiki\/Isabell_Werth\"><img decoding=\"async\" class=\"noviewer\" src=\"https:\/\/upload.wikimedia.org\/wikipedia\/commons\/thumb\/b\/ba\/Flag_of_Germany.svg\/20px-Flag_of_Germany.svg.png\" srcset=\"\/\/upload.wikimedia.org\/wikipedia\/commons\/thumb\/b\/ba\/Flag_of_Germany.svg\/30px-Flag_of_Germany.svg.png 1.5x, \/\/upload.wikimedia.org\/wikipedia\/commons\/thumb\/b\/ba\/Flag_of_Germany.svg\/40px-Flag_of_Germany.svg.png 2x\" alt=\"\" width=\"20\" height=\"12\" data-file-width=\"1000\" data-file-height=\"600\" \/><\/a> Isabell Werth mit Viva Gold OLD<\/li>\n<\/ul>\n[\/et_pb_accordion_item][et_pb_accordion_item title=&#8221;Grand Prix K\u00fcr&#8221; _builder_version=&#8221;4.27.5&#8243; link_option_url_new_window=&#8221;on&#8221; global_colors_info=&#8221;{}&#8221; open=&#8221;off&#8221;]\n<ul>\n<li><strong>2013<\/strong>:\u00a0<a title=\"Deutschland\" href=\"https:\/\/de.wikipedia.org\/wiki\/Jenny_Lang\"><img decoding=\"async\" class=\"noviewer\" src=\"https:\/\/upload.wikimedia.org\/wikipedia\/commons\/thumb\/b\/ba\/Flag_of_Germany.svg\/20px-Flag_of_Germany.svg.png\" srcset=\"\/\/upload.wikimedia.org\/wikipedia\/commons\/thumb\/b\/ba\/Flag_of_Germany.svg\/30px-Flag_of_Germany.svg.png 1.5x, \/\/upload.wikimedia.org\/wikipedia\/commons\/thumb\/b\/ba\/Flag_of_Germany.svg\/40px-Flag_of_Germany.svg.png 2x\" alt=\"\" width=\"20\" height=\"12\" data-file-width=\"1000\" data-file-height=\"600\" \/><\/a>\u00a0Jenny Lang\u00a0mit\u00a0<i>Loverboy<\/i><\/li>\n<li><strong>2014<\/strong>:\u00a0<a title=\"Deutschland\" href=\"https:\/\/de.wikipedia.org\/wiki\/Deutschland\"><img decoding=\"async\" class=\"noviewer\" src=\"https:\/\/upload.wikimedia.org\/wikipedia\/commons\/thumb\/b\/ba\/Flag_of_Germany.svg\/20px-Flag_of_Germany.svg.png\" srcset=\"\/\/upload.wikimedia.org\/wikipedia\/commons\/thumb\/b\/ba\/Flag_of_Germany.svg\/30px-Flag_of_Germany.svg.png 1.5x, \/\/upload.wikimedia.org\/wikipedia\/commons\/thumb\/b\/ba\/Flag_of_Germany.svg\/40px-Flag_of_Germany.svg.png 2x\" alt=\"\" width=\"20\" height=\"12\" data-file-width=\"1000\" data-file-height=\"600\" \/><\/a>\u00a0Jenny Lang\u00a0mit\u00a0<i>Loverboy<\/i><\/li>\n<li><strong>2015<\/strong>:\u00a0<a title=\"Deutschland\" href=\"https:\/\/de.wikipedia.org\/wiki\/Deutschland\"><img decoding=\"async\" class=\"noviewer\" src=\"https:\/\/upload.wikimedia.org\/wikipedia\/commons\/thumb\/b\/ba\/Flag_of_Germany.svg\/20px-Flag_of_Germany.svg.png\" srcset=\"\/\/upload.wikimedia.org\/wikipedia\/commons\/thumb\/b\/ba\/Flag_of_Germany.svg\/30px-Flag_of_Germany.svg.png 1.5x, \/\/upload.wikimedia.org\/wikipedia\/commons\/thumb\/b\/ba\/Flag_of_Germany.svg\/40px-Flag_of_Germany.svg.png 2x\" alt=\"\" width=\"20\" height=\"12\" data-file-width=\"1000\" data-file-height=\"600\" \/><\/a>\u00a0Jenny Lang\u00a0mit\u00a0<i>Loverboy<\/i><\/li>\n<li><strong>2016<\/strong>:\u00a0<a title=\"Deutschland\" href=\"https:\/\/de.wikipedia.org\/wiki\/Deutschland\"><img decoding=\"async\" class=\"noviewer\" src=\"https:\/\/upload.wikimedia.org\/wikipedia\/commons\/thumb\/b\/ba\/Flag_of_Germany.svg\/20px-Flag_of_Germany.svg.png\" srcset=\"\/\/upload.wikimedia.org\/wikipedia\/commons\/thumb\/b\/ba\/Flag_of_Germany.svg\/30px-Flag_of_Germany.svg.png 1.5x, \/\/upload.wikimedia.org\/wikipedia\/commons\/thumb\/b\/ba\/Flag_of_Germany.svg\/40px-Flag_of_Germany.svg.png 2x\" alt=\"\" width=\"20\" height=\"12\" data-file-width=\"1000\" data-file-height=\"600\" \/><\/a>\u00a0Jenny Lang-Nobbe mit\u00a0<i>Loverboy<\/i><\/li>\n<li><strong>2017<\/strong>:\u00a0<a title=\"Deutschland\" href=\"https:\/\/de.wikipedia.org\/wiki\/Helen_Langehanenberg\"><img decoding=\"async\" class=\"noviewer\" src=\"https:\/\/upload.wikimedia.org\/wikipedia\/commons\/thumb\/b\/ba\/Flag_of_Germany.svg\/20px-Flag_of_Germany.svg.png\" srcset=\"\/\/upload.wikimedia.org\/wikipedia\/commons\/thumb\/b\/ba\/Flag_of_Germany.svg\/30px-Flag_of_Germany.svg.png 1.5x, \/\/upload.wikimedia.org\/wikipedia\/commons\/thumb\/b\/ba\/Flag_of_Germany.svg\/40px-Flag_of_Germany.svg.png 2x\" alt=\"\" width=\"20\" height=\"12\" data-file-width=\"1000\" data-file-height=\"600\" \/><\/a>\u00a0Helen Langehanenberg\u00a0mit\u00a0<i>Damsey FRH<\/i><\/li>\n<li><strong>2018<\/strong>:\u00a0<a title=\"Deutschland\" href=\"https:\/\/de.wikipedia.org\/wiki\/Dorothee_Schneider\"><img decoding=\"async\" class=\"noviewer\" src=\"https:\/\/upload.wikimedia.org\/wikipedia\/commons\/thumb\/b\/ba\/Flag_of_Germany.svg\/20px-Flag_of_Germany.svg.png\" srcset=\"\/\/upload.wikimedia.org\/wikipedia\/commons\/thumb\/b\/ba\/Flag_of_Germany.svg\/30px-Flag_of_Germany.svg.png 1.5x, \/\/upload.wikimedia.org\/wikipedia\/commons\/thumb\/b\/ba\/Flag_of_Germany.svg\/40px-Flag_of_Germany.svg.png 2x\" alt=\"\" width=\"20\" height=\"12\" data-file-width=\"1000\" data-file-height=\"600\" \/><\/a>\u00a0Dorothee Schneider\u00a0mit\u00a0<i>Rock\u2019n Rose<\/i><\/li>\n<li><strong>2019<\/strong>:\u00a0<a title=\"Deutschland\" href=\"https:\/\/de.wikipedia.org\/wiki\/Isabell_Werth\"><img decoding=\"async\" class=\"noviewer\" src=\"https:\/\/upload.wikimedia.org\/wikipedia\/commons\/thumb\/b\/ba\/Flag_of_Germany.svg\/20px-Flag_of_Germany.svg.png\" srcset=\"\/\/upload.wikimedia.org\/wikipedia\/commons\/thumb\/b\/ba\/Flag_of_Germany.svg\/30px-Flag_of_Germany.svg.png 1.5x, \/\/upload.wikimedia.org\/wikipedia\/commons\/thumb\/b\/ba\/Flag_of_Germany.svg\/40px-Flag_of_Germany.svg.png 2x\" alt=\"\" width=\"20\" height=\"12\" data-file-width=\"1000\" data-file-height=\"600\" \/><\/a>\u00a0Isabell Werth\u00a0mit\u00a0<i>Don Johnson<\/i><\/li>\n<li><strong>2021<\/strong>:\u00a0<a title=\"Deutschland\" href=\"https:\/\/de.wikipedia.org\/wiki\/Isabell_Werth\"><img decoding=\"async\" class=\"noviewer\" src=\"https:\/\/upload.wikimedia.org\/wikipedia\/commons\/thumb\/b\/ba\/Flag_of_Germany.svg\/20px-Flag_of_Germany.svg.png\" srcset=\"\/\/upload.wikimedia.org\/wikipedia\/commons\/thumb\/b\/ba\/Flag_of_Germany.svg\/30px-Flag_of_Germany.svg.png 1.5x, \/\/upload.wikimedia.org\/wikipedia\/commons\/thumb\/b\/ba\/Flag_of_Germany.svg\/40px-Flag_of_Germany.svg.png 2x\" alt=\"\" width=\"20\" height=\"12\" data-file-width=\"1000\" data-file-height=\"600\" \/><\/a>\u00a0Isabell Werth\u00a0mit\u00a0<i>Weihegold OLD<\/i><\/li>\n<li><strong>2022<\/strong>:\u00a0<a title=\"Deutschland\" href=\"https:\/\/de.wikipedia.org\/wiki\/Dorothee_Schneider\"><img decoding=\"async\" class=\"noviewer\" src=\"https:\/\/upload.wikimedia.org\/wikipedia\/commons\/thumb\/b\/ba\/Flag_of_Germany.svg\/20px-Flag_of_Germany.svg.png\" srcset=\"\/\/upload.wikimedia.org\/wikipedia\/commons\/thumb\/b\/ba\/Flag_of_Germany.svg\/30px-Flag_of_Germany.svg.png 1.5x, \/\/upload.wikimedia.org\/wikipedia\/commons\/thumb\/b\/ba\/Flag_of_Germany.svg\/40px-Flag_of_Germany.svg.png 2x\" alt=\"\" width=\"20\" height=\"12\" data-file-width=\"1000\" data-file-height=\"600\" \/><\/a>\u00a0Dorothee Schneider\u00a0mit\u00a0<i>Faustus<\/i><\/li>\n<li><strong>2023<\/strong>: <a title=\"Deutschland\" href=\"https:\/\/de.wikipedia.org\/wiki\/Isabell_Werth\"><img decoding=\"async\" class=\"noviewer\" src=\"https:\/\/upload.wikimedia.org\/wikipedia\/commons\/thumb\/b\/ba\/Flag_of_Germany.svg\/20px-Flag_of_Germany.svg.png\" srcset=\"\/\/upload.wikimedia.org\/wikipedia\/commons\/thumb\/b\/ba\/Flag_of_Germany.svg\/30px-Flag_of_Germany.svg.png 1.5x, \/\/upload.wikimedia.org\/wikipedia\/commons\/thumb\/b\/ba\/Flag_of_Germany.svg\/40px-Flag_of_Germany.svg.png 2x\" alt=\"\" width=\"20\" height=\"12\" data-file-width=\"1000\" data-file-height=\"600\" \/><\/a>\u00a0Isabell Werth\u00a0mit <i>Emilio\u00a0<\/i><\/li>\n<li><strong>2024<\/strong>: <a title=\"Deutschland\" href=\"https:\/\/de.wikipedia.org\/wiki\/David_Will_(Reiter)\"><img decoding=\"async\" class=\"noviewer\" src=\"https:\/\/upload.wikimedia.org\/wikipedia\/commons\/thumb\/b\/ba\/Flag_of_Germany.svg\/20px-Flag_of_Germany.svg.png\" srcset=\"\/\/upload.wikimedia.org\/wikipedia\/commons\/thumb\/b\/ba\/Flag_of_Germany.svg\/30px-Flag_of_Germany.svg.png 1.5x, \/\/upload.wikimedia.org\/wikipedia\/commons\/thumb\/b\/ba\/Flag_of_Germany.svg\/40px-Flag_of_Germany.svg.png 2x\" alt=\"\" width=\"20\" height=\"12\" data-file-width=\"1000\" data-file-height=\"600\" \/><\/a> Dorothee Schneider mit Dayman<\/li>\n<li><strong>2025<\/strong>: <img decoding=\"async\" class=\"noviewer\" src=\"https:\/\/upload.wikimedia.org\/wikipedia\/commons\/thumb\/b\/ba\/Flag_of_Germany.svg\/20px-Flag_of_Germany.svg.png\" srcset=\"\/\/upload.wikimedia.org\/wikipedia\/commons\/thumb\/b\/ba\/Flag_of_Germany.svg\/30px-Flag_of_Germany.svg.png 1.5x, \/\/upload.wikimedia.org\/wikipedia\/commons\/thumb\/b\/ba\/Flag_of_Germany.svg\/40px-Flag_of_Germany.svg.png 2x\" alt=\"\" width=\"20\" height=\"12\" data-file-width=\"1000\" data-file-height=\"600\" \/> Dorothee Schneider mit Dayman<\/li>\n<li><strong>2026<\/strong>: <img decoding=\"async\" class=\"noviewer\" src=\"https:\/\/upload.wikimedia.org\/wikipedia\/commons\/thumb\/b\/ba\/Flag_of_Germany.svg\/20px-Flag_of_Germany.svg.png\" srcset=\"\/\/upload.wikimedia.org\/wikipedia\/commons\/thumb\/b\/ba\/Flag_of_Germany.svg\/30px-Flag_of_Germany.svg.png 1.5x, \/\/upload.wikimedia.org\/wikipedia\/commons\/thumb\/b\/ba\/Flag_of_Germany.svg\/40px-Flag_of_Germany.svg.png 2x\" alt=\"\" width=\"20\" height=\"12\" data-file-width=\"1000\" data-file-height=\"600\" \/> M\u00fcller, Lisa \/ Gut Wettlkam&#8217;s d&#8217;Avie FRH<\/li>\n<\/ul>\n[\/et_pb_accordion_item][et_pb_accordion_item title=&#8221;Para-Dressur \u2013 Nationenpreis&#8221; _builder_version=&#8221;4.27.5&#8243; link_option_url_new_window=&#8221;on&#8221; global_colors_info=&#8221;{}&#8221; open=&#8221;off&#8221;]\n<ul>\n<li><strong>2014: GER<\/strong>\u00a0<a title=\"Deutschland\" href=\"https:\/\/de.wikipedia.org\/wiki\/Deutschland\"><img decoding=\"async\" class=\"noviewer\" src=\"https:\/\/upload.wikimedia.org\/wikipedia\/commons\/thumb\/b\/ba\/Flag_of_Germany.svg\/20px-Flag_of_Germany.svg.png\" srcset=\"\/\/upload.wikimedia.org\/wikipedia\/commons\/thumb\/b\/ba\/Flag_of_Germany.svg\/30px-Flag_of_Germany.svg.png 1.5x, \/\/upload.wikimedia.org\/wikipedia\/commons\/thumb\/b\/ba\/Flag_of_Germany.svg\/40px-Flag_of_Germany.svg.png 2x\" alt=\"\" width=\"20\" height=\"12\" data-file-width=\"1000\" data-file-height=\"600\" \/><\/a> Elke Philipp mit <i>Regaliz<\/i>,\u00a0Angelika Trabert\u00a0mit\u00a0<i>Ariva Avanti<\/i>,\u00a0Hannelore Brenner\u00a0mit\u00a0<i>Kawango<\/i>,\u00a0Lena Weifen\u00a0mit\u00a0<i>Don Turner<\/i><\/li>\n<li><strong>2015:<\/strong>\u00a0<strong>GER<\/strong>\u00a0<a title=\"Deutschland\" href=\"https:\/\/de.wikipedia.org\/wiki\/Deutschland\"><img decoding=\"async\" class=\"noviewer\" src=\"https:\/\/upload.wikimedia.org\/wikipedia\/commons\/thumb\/b\/ba\/Flag_of_Germany.svg\/20px-Flag_of_Germany.svg.png\" srcset=\"\/\/upload.wikimedia.org\/wikipedia\/commons\/thumb\/b\/ba\/Flag_of_Germany.svg\/30px-Flag_of_Germany.svg.png 1.5x, \/\/upload.wikimedia.org\/wikipedia\/commons\/thumb\/b\/ba\/Flag_of_Germany.svg\/40px-Flag_of_Germany.svg.png 2x\" alt=\"\" width=\"20\" height=\"12\" data-file-width=\"1000\" data-file-height=\"600\" \/><\/a> Elke Philipp mit\u00a0<i>Regaliz<\/i>, Angelika Trabert mit\u00a0<i>First Lady Melody<\/i>, Hannelore Brenner mit\u00a0<i>Women of the World<\/i>, Lena Weifen mit\u00a0<i>Don Turner<\/i><\/li>\n<li><strong>2016:<\/strong> <strong>GER<\/strong>\u00a0<a title=\"Deutschland\" href=\"https:\/\/de.wikipedia.org\/wiki\/Deutschland\"><img decoding=\"async\" class=\"noviewer\" src=\"https:\/\/upload.wikimedia.org\/wikipedia\/commons\/thumb\/b\/ba\/Flag_of_Germany.svg\/20px-Flag_of_Germany.svg.png\" srcset=\"\/\/upload.wikimedia.org\/wikipedia\/commons\/thumb\/b\/ba\/Flag_of_Germany.svg\/30px-Flag_of_Germany.svg.png 1.5x, \/\/upload.wikimedia.org\/wikipedia\/commons\/thumb\/b\/ba\/Flag_of_Germany.svg\/40px-Flag_of_Germany.svg.png 2x\" alt=\"\" width=\"20\" height=\"12\" data-file-width=\"1000\" data-file-height=\"600\" \/><\/a><strong>\u00a0<\/strong>Elke Philipp mit\u00a0<i>Regaliz<\/i>,\u00a0Alina Rosenberg\u00a0mit\u00a0<i>Nea\u2019s Daboun<\/i>,\u00a0Steffen Zeibig\u00a0mit\u00a0<i>Feel Good<\/i>, Hannelore Brenner mit\u00a0<i>Kawango<\/i><sup id=\"cite_ref-17\" class=\"reference\"><\/sup><\/li>\n<li><strong>2017: NL<\/strong> <a title=\"Niederlande\" href=\"https:\/\/de.wikipedia.org\/wiki\/Niederlande\"><img decoding=\"async\" class=\"noviewer thumbborder\" src=\"https:\/\/upload.wikimedia.org\/wikipedia\/commons\/thumb\/2\/20\/Flag_of_the_Netherlands.svg\/20px-Flag_of_the_Netherlands.svg.png\" srcset=\"\/\/upload.wikimedia.org\/wikipedia\/commons\/thumb\/2\/20\/Flag_of_the_Netherlands.svg\/30px-Flag_of_the_Netherlands.svg.png 1.5x, \/\/upload.wikimedia.org\/wikipedia\/commons\/thumb\/2\/20\/Flag_of_the_Netherlands.svg\/40px-Flag_of_the_Netherlands.svg.png 2x\" alt=\"\" width=\"20\" height=\"13\" data-file-width=\"900\" data-file-height=\"600\" \/><\/a>\u00a0Rixt van der Horst\u00a0mit\u00a0<i>Uniek<\/i>,\u00a0Lotte Krijnsen\u00a0mit\u00a0<i>Rosenstolz<\/i>,\u00a0Annemariek Roling\u00a0mit\u00a0<i>Doo Schufro<\/i><sup id=\"cite_ref-18\" class=\"reference\"><\/sup><\/li>\n<li><strong>2018:<\/strong> <strong>GER<\/strong> <a title=\"Deutschland\" href=\"https:\/\/de.wikipedia.org\/wiki\/Deutschland\"><img decoding=\"async\" class=\"noviewer\" src=\"https:\/\/upload.wikimedia.org\/wikipedia\/commons\/thumb\/b\/ba\/Flag_of_Germany.svg\/20px-Flag_of_Germany.svg.png\" srcset=\"\/\/upload.wikimedia.org\/wikipedia\/commons\/thumb\/b\/ba\/Flag_of_Germany.svg\/30px-Flag_of_Germany.svg.png 1.5x, \/\/upload.wikimedia.org\/wikipedia\/commons\/thumb\/b\/ba\/Flag_of_Germany.svg\/40px-Flag_of_Germany.svg.png 2x\" alt=\"\" width=\"20\" height=\"12\" data-file-width=\"1000\" data-file-height=\"600\" \/><\/a>\u00a0Steffen Zeibig\u00a0mit\u00a0<i>Feel Good<\/i>,\u00a0Angelika Trabert\u00a0mit\u00a0<i>Diamond\u2019s Shine<\/i>,\u00a0Hannelore Brenner\u00a0mit\u00a0<i>Belissima M<\/i>, Regine Mispelkamp mit <i>Look At Me Now<\/i><sup id=\"cite_ref-19\" class=\"reference\"><\/sup><\/li>\n<li><strong>2019:<\/strong>\u00a0<strong>GER<\/strong> <a title=\"Deutschland\" href=\"https:\/\/de.wikipedia.org\/wiki\/Deutschland\"><img decoding=\"async\" class=\"noviewer\" src=\"https:\/\/upload.wikimedia.org\/wikipedia\/commons\/thumb\/b\/ba\/Flag_of_Germany.svg\/20px-Flag_of_Germany.svg.png\" srcset=\"\/\/upload.wikimedia.org\/wikipedia\/commons\/thumb\/b\/ba\/Flag_of_Germany.svg\/30px-Flag_of_Germany.svg.png 1.5x, \/\/upload.wikimedia.org\/wikipedia\/commons\/thumb\/b\/ba\/Flag_of_Germany.svg\/40px-Flag_of_Germany.svg.png 2x\" alt=\"\" width=\"20\" height=\"12\" data-file-width=\"1000\" data-file-height=\"600\" \/><\/a>\u00a0Elke Philipp\u00a0mit\u00a0<i>F\u00fcrst Sinclair<\/i>, Steffen Zeibig mit\u00a0<i>Feel Good<\/i>, Hannelore Brenner mit\u00a0<i>Belissima M<\/i>, Regine Mispelkamp mit <i>Look At Me Now<\/i><sup id=\"cite_ref-20\" class=\"reference\"><\/sup><\/li>\n<li><strong>2021: GER<\/strong>\u00a0<a title=\"Deutschland\" href=\"https:\/\/de.wikipedia.org\/wiki\/Deutschland\"><img decoding=\"async\" class=\"noviewer\" src=\"https:\/\/upload.wikimedia.org\/wikipedia\/commons\/thumb\/b\/ba\/Flag_of_Germany.svg\/20px-Flag_of_Germany.svg.png\" srcset=\"\/\/upload.wikimedia.org\/wikipedia\/commons\/thumb\/b\/ba\/Flag_of_Germany.svg\/30px-Flag_of_Germany.svg.png 1.5x, \/\/upload.wikimedia.org\/wikipedia\/commons\/thumb\/b\/ba\/Flag_of_Germany.svg\/40px-Flag_of_Germany.svg.png 2x\" alt=\"\" width=\"20\" height=\"12\" data-file-width=\"1000\" data-file-height=\"600\" \/><\/a>\u00a0Heidemarie Dresing mit\u00a0<i>La Boum<\/i>, Steffen Zeibig mit\u00a0<i>Feel Good<\/i>, Saskia Deutz mit\u00a0<i>Soyala<\/i>, Regine Mispelkamp mit <i>Highlander Delight\u2019s<\/i><\/li>\n<li><strong>2022:\u00a0GER <\/strong><a title=\"Deutschland\" href=\"https:\/\/de.wikipedia.org\/wiki\/Deutschland\"><img decoding=\"async\" class=\"noviewer\" src=\"https:\/\/upload.wikimedia.org\/wikipedia\/commons\/thumb\/b\/ba\/Flag_of_Germany.svg\/20px-Flag_of_Germany.svg.png\" srcset=\"\/\/upload.wikimedia.org\/wikipedia\/commons\/thumb\/b\/ba\/Flag_of_Germany.svg\/30px-Flag_of_Germany.svg.png 1.5x, \/\/upload.wikimedia.org\/wikipedia\/commons\/thumb\/b\/ba\/Flag_of_Germany.svg\/40px-Flag_of_Germany.svg.png 2x\" alt=\"\" width=\"20\" height=\"12\" data-file-width=\"1000\" data-file-height=\"600\" \/><\/a>\u00a0 Gianna Regenbrecht mit\u00a0<i>Fuerst Sinclair<\/i>, Martina Benzinger mit\u00a0<i>Nautika<\/i>, Heidemarie Dresing mit\u00a0<i>La Boum<\/i>, Regine Mispelkamp mit <i>Highlander Delight&#8217;s<\/i><sup id=\"cite_ref-20\" class=\"reference\"><\/sup><\/li>\n<li><strong>2023: GER <\/strong><a title=\"Deutschland\" href=\"https:\/\/de.wikipedia.org\/wiki\/Deutschland\"><img decoding=\"async\" class=\"noviewer\" src=\"https:\/\/upload.wikimedia.org\/wikipedia\/commons\/thumb\/b\/ba\/Flag_of_Germany.svg\/20px-Flag_of_Germany.svg.png\" srcset=\"\/\/upload.wikimedia.org\/wikipedia\/commons\/thumb\/b\/ba\/Flag_of_Germany.svg\/30px-Flag_of_Germany.svg.png 1.5x, \/\/upload.wikimedia.org\/wikipedia\/commons\/thumb\/b\/ba\/Flag_of_Germany.svg\/40px-Flag_of_Germany.svg.png 2x\" alt=\"\" width=\"20\" height=\"12\" data-file-width=\"1000\" data-file-height=\"600\" \/><\/a>\u00a0 Martina Benzinger mit\u00a0<i>Nautika<\/i>, Heidemarie Dresing mit <em>Horse24 Dooloop<\/em>, Melanie Wienand mit <em>Lemony`s Loverboy,<\/em> Regine Mispelkamp mit <i>Highlander Delight&#8217;s<\/i><\/li>\n<li><strong>2024: USA<\/strong> <a title=\"Vereinigte Staaten\" href=\"https:\/\/de.wikipedia.org\/wiki\/Meredith_Michaels-Beerbaum\"><img decoding=\"async\" src=\"https:\/\/upload.wikimedia.org\/wikipedia\/commons\/thumb\/a\/a4\/Flag_of_the_United_States.svg\/20px-Flag_of_the_United_States.svg.png\" srcset=\"\/\/upload.wikimedia.org\/wikipedia\/commons\/thumb\/a\/a4\/Flag_of_the_United_States.svg\/30px-Flag_of_the_United_States.svg.png 1.5x, \/\/upload.wikimedia.org\/wikipedia\/commons\/thumb\/a\/a4\/Flag_of_the_United_States.svg\/40px-Flag_of_the_United_States.svg.png 2x\" alt=\"Vereinigte Staaten\" width=\"20\" height=\"11\" data-file-width=\"1235\" data-file-height=\"650\" \/> <\/a>Fiona Howard mit Diamond Dunes, Beatrice de Lavaletta mit Sixth Sense, Rebecca Hart mit Floratina, Kate Shoemaker mit Vianne<\/li>\n<li><strong>2025: GER <a title=\"Deutschland\" href=\"https:\/\/de.wikipedia.org\/wiki\/Deutschland\"><img decoding=\"async\" class=\"noviewer\" src=\"https:\/\/upload.wikimedia.org\/wikipedia\/commons\/thumb\/b\/ba\/Flag_of_Germany.svg\/20px-Flag_of_Germany.svg.png\" srcset=\"\/\/upload.wikimedia.org\/wikipedia\/commons\/thumb\/b\/ba\/Flag_of_Germany.svg\/30px-Flag_of_Germany.svg.png 1.5x, \/\/upload.wikimedia.org\/wikipedia\/commons\/thumb\/b\/ba\/Flag_of_Germany.svg\/40px-Flag_of_Germany.svg.png 2x\" alt=\"\" width=\"20\" height=\"12\" data-file-width=\"1000\" data-file-height=\"600\" \/><\/a><\/strong>Heidemarie\u202fDresing mit Dooloop, Noah\u202fKuhlmann mit Staatslegende, Regine\u202fMispelkamp mit Pramwaldhof\u2019s\u202fBayala, Melanie\u202fWienand mit Lemony\u2019s\u202fLoverboy<\/li>\n<li><strong>2026: GER <a title=\"Deutschland\" href=\"https:\/\/de.wikipedia.org\/wiki\/Deutschland\"><img decoding=\"async\" class=\"noviewer\" src=\"https:\/\/upload.wikimedia.org\/wikipedia\/commons\/thumb\/b\/ba\/Flag_of_Germany.svg\/20px-Flag_of_Germany.svg.png\" srcset=\"\/\/upload.wikimedia.org\/wikipedia\/commons\/thumb\/b\/ba\/Flag_of_Germany.svg\/30px-Flag_of_Germany.svg.png 1.5x, \/\/upload.wikimedia.org\/wikipedia\/commons\/thumb\/b\/ba\/Flag_of_Germany.svg\/40px-Flag_of_Germany.svg.png 2x\" alt=\"\" width=\"20\" height=\"12\" data-file-width=\"1000\" data-file-height=\"600\" \/><\/a><\/strong>Regine Mispelkamp auf Highlander Delight\u2018s, Melanie Wienand auf Lemony\u2019s Loverboy, Heidemarie Dressing auf Poesie, Martina Benzinger auf Imperia\u00a0<\/li>\n<\/ul>\n[\/et_pb_accordion_item][\/et_pb_accordion][\/et_pb_column][\/et_pb_row][\/et_pb_section][et_pb_section fb_built=&#8221;1&#8243; _builder_version=&#8221;4.20.2&#8243; _module_preset=&#8221;default&#8221; background_color=&#8221;#88BCE7&#8243; collapsed=&#8221;off&#8221; global_colors_info=&#8221;{}&#8221;][et_pb_row column_structure=&#8221;1_2,1_2&#8243; use_custom_gutter=&#8221;on&#8221; make_equal=&#8221;on&#8221; admin_label=&#8221;Zeile&#8221; _builder_version=&#8221;4.16&#8243; _module_preset=&#8221;default&#8221; width=&#8221;auto&#8221; max_width=&#8221;1200px&#8221; module_alignment=&#8221;center&#8221; custom_margin=&#8221;||||false|false&#8221; custom_padding=&#8221;||||false|false&#8221; global_colors_info=&#8221;{}&#8221;][et_pb_column type=&#8221;1_2&#8243; _builder_version=&#8221;4.16&#8243; _module_preset=&#8221;default&#8221; custom_padding=&#8221;||||false|false&#8221; global_colors_info=&#8221;{}&#8221;][et_pb_text disabled_on=&#8221;off|off|off&#8221; admin_label=&#8221;Text&#8221; _builder_version=&#8221;4.20.2&#8243; _module_preset=&#8221;default&#8221; header_2_text_color=&#8221;#002744&#8243; custom_margin=&#8221;||||false|false&#8221; custom_padding=&#8221;||||false|false&#8221; sticky_limit_bottom=&#8221;column&#8221; global_colors_info=&#8221;{}&#8221;]\n<p>Die <strong>Meldestelle<\/strong> erreichen Sie in der Zeit des Turniers<\/p>\n<ul>\n<li>telefonisch unter <a href=\"tel:+4962176211686\">+49 621 17855623<\/a><\/li>\n<li>unter der Mailadresse <a href=\"mailto:mannheim@hippodata.net\">mannheim@hippodata.net<\/a><\/li>\n<\/ul>\n[\/et_pb_text][\/et_pb_column][et_pb_column type=&#8221;1_2&#8243; _builder_version=&#8221;4.16&#8243; _module_preset=&#8221;default&#8221; custom_padding=&#8221;||||false|false&#8221; global_colors_info=&#8221;{}&#8221;][et_pb_text disabled_on=&#8221;off|off|off&#8221; admin_label=&#8221;Text&#8221; _builder_version=&#8221;4.20.2&#8243; _module_preset=&#8221;default&#8221; header_2_text_color=&#8221;#002744&#8243; custom_margin=&#8221;||||false|false&#8221; custom_padding=&#8221;||||false|false&#8221; sticky_limit_bottom=&#8221;column&#8221; global_colors_info=&#8221;{}&#8221;]\n<p>Das <strong>Turnierb\u00fcro<\/strong> erreichen Sie<\/p>\n<ul>\n<li>telefonisch unter <a href=\"tel:+4962171792247\">+49 621 40175877<\/a><\/li>\n<li>unter der Mailadresse <a href=\"mailto:mail@maimarkt-turnier.de\">mail@maimarkt-turnier.de<\/a><\/li>\n<\/ul>\n[\/et_pb_text][\/et_pb_column][\/et_pb_row][\/et_pb_section][et_pb_section fb_built=&#8221;1&#8243; custom_padding_last_edited=&#8221;on|desktop&#8221; admin_label=&#8221;Footer NEU&#8221; _builder_version=&#8221;4.14.8&#8243; _module_preset=&#8221;default&#8221; background_color=&#8221;#002744&#8243; custom_padding=&#8221;40px||0px||false|false&#8221; custom_padding_tablet=&#8221;40px||0px||false|false&#8221; custom_padding_phone=&#8221;40px||0px||false|false&#8221; global_module=&#8221;8546&#8243; saved_tabs=&#8221;all&#8221; global_colors_info=&#8221;{}&#8221;][et_pb_row column_structure=&#8221;1_4,1_4,1_4,1_4&#8243; use_custom_gutter=&#8221;on&#8221; make_equal=&#8221;on&#8221; custom_padding_last_edited=&#8221;on|tablet&#8221; admin_label=&#8221;Footer Infos&#8221; _builder_version=&#8221;4.16&#8243; _module_preset=&#8221;default&#8221; background_size=&#8221;initial&#8221; background_position=&#8221;top_left&#8221; background_repeat=&#8221;repeat&#8221; width=&#8221;100%&#8221; max_width=&#8221;1200px&#8221; module_alignment=&#8221;center&#8221; custom_margin=&#8221;||||false|false&#8221; custom_margin_tablet=&#8221;||||false|false&#8221; custom_margin_phone=&#8221;||||false|false&#8221; custom_margin_last_edited=&#8221;on|desktop&#8221; custom_padding=&#8221;|25px|0px|25px|false|false&#8221; custom_padding_tablet=&#8221;|25px|0|25px|false|false&#8221; custom_padding_phone=&#8221;|20px||20px|false|false&#8221; module_alignment_tablet=&#8221;center&#8221; module_alignment_phone=&#8221;center&#8221; module_alignment_last_edited=&#8221;on|phone&#8221; global_colors_info=&#8221;{}&#8221;][et_pb_column type=&#8221;1_4&#8243; _builder_version=&#8221;4.16&#8243; _module_preset=&#8221;default&#8221; custom_padding=&#8221;||||false|false&#8221; custom_padding_tablet=&#8221;||20px||false|false&#8221; custom_padding_phone=&#8221;||20px||false|false&#8221; custom_padding_last_edited=&#8221;on|phone&#8221; global_colors_info=&#8221;{}&#8221;][et_pb_text disabled_on=&#8221;on|off|off&#8221; _builder_version=&#8221;4.16&#8243; _module_preset=&#8221;default&#8221; text_text_color=&#8221;#FFFFFF&#8221; background_layout=&#8221;dark&#8221; text_orientation_tablet=&#8221;left&#8221; text_orientation_phone=&#8221;center&#8221; text_orientation_last_edited=&#8221;on|tablet&#8221; locked=&#8221;off&#8221; global_colors_info=&#8221;{}&#8221;]\n<h2>Maimarkt-<br \/>Turnier<br \/>Mannheim<\/h2>\n[\/et_pb_text][et_pb_text disabled_on=&#8221;off|on|on&#8221; _builder_version=&#8221;4.16&#8243; _module_preset=&#8221;default&#8221; text_text_color=&#8221;#FFFFFF&#8221; background_layout=&#8221;dark&#8221; text_orientation_tablet=&#8221;&#8221; text_orientation_phone=&#8221;center&#8221; text_orientation_last_edited=&#8221;on|tablet&#8221; locked=&#8221;off&#8221; global_colors_info=&#8221;{}&#8221;]\n<h2>Maimarkt-Turnier Mannheim<\/h2>\n[\/et_pb_text][\/et_pb_column][et_pb_column type=&#8221;1_4&#8243; _builder_version=&#8221;4.16&#8243; _module_preset=&#8221;default&#8221; custom_padding=&#8221;||||false|false&#8221; custom_padding_tablet=&#8221;||20px||false|false&#8221; custom_padding_phone=&#8221;||20px||false|false&#8221; custom_padding_last_edited=&#8221;on|phone&#8221; global_colors_info=&#8221;{}&#8221;][et_pb_text _builder_version=&#8221;4.16&#8243; _module_preset=&#8221;default&#8221; text_font=&#8221;||||||||&#8221; text_text_color=&#8221;#FFFFFF&#8221; text_font_size=&#8221;14px&#8221; text_line_height=&#8221;2em&#8221; text_orientation_tablet=&#8221;&#8221; text_orientation_phone=&#8221;center&#8221; text_orientation_last_edited=&#8221;on|phone&#8221; global_colors_info=&#8221;{}&#8221;]\n<p><b>EquinMA Reitsport Veranstaltungs GmbH<br \/><\/b>Bassermannstrasse 65<br \/>68165 Mannheim<\/p>\n[\/et_pb_text][\/et_pb_column][et_pb_column type=&#8221;1_4&#8243; _builder_version=&#8221;4.16&#8243; _module_preset=&#8221;default&#8221; global_colors_info=&#8221;{}&#8221;][et_pb_text _builder_version=&#8221;4.27.5&#8243; _module_preset=&#8221;default&#8221; text_text_color=&#8221;#FFFFFF&#8221; text_font_size=&#8221;14px&#8221; text_line_height=&#8221;2em&#8221; link_option_url_new_window=&#8221;on&#8221; text_orientation_tablet=&#8221;left&#8221; text_orientation_phone=&#8221;center&#8221; text_orientation_last_edited=&#8221;on|tablet&#8221; global_colors_info=&#8221;{}&#8221;]\n<p>Tel.: <span style=\"color: #cf2f28;\">0621 8786012<\/span><br \/>E-Mail: <a href=\"mailto:info@maimarkt-turnier-mannheim.de\">info@maimarkt-turnier-mannheim.de<\/a><\/p>\n[\/et_pb_text][\/et_pb_column][et_pb_column type=&#8221;1_4&#8243; _builder_version=&#8221;4.16&#8243; _module_preset=&#8221;default&#8221; custom_padding=&#8221;0px||||false|false&#8221; custom_padding_tablet=&#8221;0px||||false|false&#8221; custom_padding_phone=&#8221;20px||||false|false&#8221; custom_padding_last_edited=&#8221;on|phone&#8221; global_colors_info=&#8221;{}&#8221;][et_pb_button button_text=&#8221;Jetzt Tickets bestellen&#8221; button_alignment=&#8221;left&#8221; button_alignment_tablet=&#8221;right&#8221; button_alignment_phone=&#8221;center&#8221; button_alignment_last_edited=&#8221;on|phone&#8221; _builder_version=&#8221;4.16&#8243; _module_preset=&#8221;default&#8221; global_colors_info=&#8221;{}&#8221;][\/et_pb_button][et_pb_text _builder_version=&#8221;4.16&#8243; _module_preset=&#8221;default&#8221; text_text_color=&#8221;#FFFFFF&#8221; text_font_size=&#8221;14px&#8221; text_line_height=&#8221;2em&#8221; link_text_color=&#8221;#CF2F28&#8243; custom_padding_tablet=&#8221;||||false|false&#8221; custom_padding_phone=&#8221;||||false|false&#8221; custom_padding_last_edited=&#8221;on|tablet&#8221; link_option_url_new_window=&#8221;on&#8221; text_orientation_tablet=&#8221;right&#8221; text_orientation_phone=&#8221;center&#8221; text_orientation_last_edited=&#8221;on|phone&#8221; global_colors_info=&#8221;{}&#8221;]\n<p><a href=\"https:\/\/www.maimarkt-turnier.de\/kontaktanfahrt\/\">Kontakt Reitturnier<\/a><\/p>\n[\/et_pb_text][et_pb_social_media_follow icon_color=&#8221;#CF2F28&#8243; use_icon_font_size=&#8221;on&#8221; icon_font_size=&#8221;24px&#8221; admin_label=&#8221;Social Media&#8221; _builder_version=&#8221;4.16&#8243; _module_preset=&#8221;default&#8221; text_orientation=&#8221;left&#8221; custom_margin=&#8221;||||false|false&#8221; custom_padding=&#8221;0px||0px||false|false&#8221; custom_padding_tablet=&#8221;0px||0px||false|false&#8221; custom_padding_phone=&#8221;0px||0px||false|false&#8221; custom_padding_last_edited=&#8221;on|phone&#8221; text_orientation_tablet=&#8221;right&#8221; text_orientation_phone=&#8221;center&#8221; text_orientation_last_edited=&#8221;on|phone&#8221; border_radii=&#8221;on|0px|0px|0px|0px&#8221; global_colors_info=&#8221;{}&#8221;][et_pb_social_media_follow_network social_network=&#8221;instagram&#8221; url=&#8221;https:\/\/instagram.com\/maimarktturniermannheim&#8221; _builder_version=&#8221;4.16&#8243; _module_preset=&#8221;default&#8221; border_radii=&#8221;on|0px|0px|0px|0px&#8221; border_color_all=&#8221;RGBA(255,255,255,0)&#8221; global_colors_info=&#8221;{}&#8221; follow_button=&#8221;off&#8221; url_new_window=&#8221;on&#8221;]instagram[\/et_pb_social_media_follow_network][et_pb_social_media_follow_network social_network=&#8221;facebook&#8221; url=&#8221;https:\/\/www.facebook.com\/maimarktturniermannheim&#8221; _builder_version=&#8221;4.16&#8243; _module_preset=&#8221;default&#8221; global_colors_info=&#8221;{}&#8221; follow_button=&#8221;off&#8221; url_new_window=&#8221;on&#8221;]facebook[\/et_pb_social_media_follow_network][\/et_pb_social_media_follow][\/et_pb_column][\/et_pb_row][et_pb_row column_structure=&#8221;1_2,1_2&#8243; use_custom_gutter=&#8221;on&#8221; gutter_width=&#8221;1&#8243; admin_label=&#8221;Impressum Datenschutz&#8221; _builder_version=&#8221;4.16&#8243; _module_preset=&#8221;default&#8221; background_color=&#8221;#88BCE7&#8243; width=&#8221;100%&#8221; max_width=&#8221;none&#8221; module_alignment=&#8221;center&#8221; custom_margin=&#8221;40px||||false|false&#8221; custom_padding=&#8221;8px||8px||false|false&#8221; custom_css_main_element=&#8221;display: flex;&#8221; global_colors_info=&#8221;{}&#8221;][et_pb_column type=&#8221;1_2&#8243; _builder_version=&#8221;4.16&#8243; _module_preset=&#8221;default&#8221; global_colors_info=&#8221;{}&#8221;][et_pb_text _builder_version=&#8221;4.16&#8243; _module_preset=&#8221;default&#8221; text_text_color=&#8221;#002744&#8243; text_font_size=&#8221;14px&#8221; text_line_height=&#8221;2em&#8221; link_text_color=&#8221;#002744&#8243; text_orientation=&#8221;right&#8221; module_alignment=&#8221;right&#8221; custom_margin=&#8221;0px||0px||false|false&#8221; custom_padding=&#8221;0px|16px|0px|0px|false|false&#8221; link_option_url=&#8221;https:\/\/www.maimarkt-turnier.de\/kontaktanfahrt\/&#8221; link_option_url_new_window=&#8221;on&#8221; global_colors_info=&#8221;{}&#8221;]\n<p style=\"text-align: right;\"><a href=\"https:\/\/www.maimarkt-turnier.de\/impressum\/\">Impressum<\/a><\/p>\n[\/et_pb_text][\/et_pb_column][et_pb_column type=&#8221;1_2&#8243; _builder_version=&#8221;4.16&#8243; _module_preset=&#8221;default&#8221; global_colors_info=&#8221;{}&#8221;][et_pb_text _builder_version=&#8221;4.16&#8243; _module_preset=&#8221;default&#8221; text_text_color=&#8221;#002744&#8243; text_font_size=&#8221;14px&#8221; text_line_height=&#8221;2em&#8221; link_text_color=&#8221;#002744&#8243; custom_margin=&#8221;0px||0px||false|false&#8221; custom_padding=&#8221;0px|0px|0px|16px|false|false&#8221; link_option_url=&#8221;https:\/\/www.maimarkt-turnier.de\/kontaktanfahrt\/&#8221; link_option_url_new_window=&#8221;on&#8221; global_colors_info=&#8221;{}&#8221;]\n<p><a href=\"https:\/\/www.maimarkt-turnier.de\/datenschutz\/\">Datenschutz<\/a><\/p>\n[\/et_pb_text][\/et_pb_column][\/et_pb_row][\/et_pb_section]\n","protected":false},"excerpt":{"rendered":"<p>Sport beim Maimarkt-TurnierDisziplinenSeit 1964 ist das Maimarkt-Turnier eines der wichtigsten Reitturniere f\u00fcr den deutschen und europ\u00e4ischen Pferdesport. Neben den internationalen Spring- und Dressurpr\u00fcfungen auf 4*-Niveau, werden auch national ausgeschriebene Dressur- und Springpr\u00fcfungen bis hin zur schweren Klasse durchgef\u00fchrt. Dar\u00fcber hinaus ist Mannheim ein weltweiter Vorreiter auf dem Gebiet der Inklusion und Integration von Reitern mit [&hellip;]<\/p>\n","protected":false},"author":21,"featured_media":0,"parent":0,"menu_order":20,"comment_status":"closed","ping_status":"closed","template":"","meta":{"_acf_changed":false,"_et_pb_use_builder":"on","_et_pb_old_content":"","_et_gb_content_width":"","footnotes":"","_members_access_role":[],"_members_access_error":""},"class_list":["post-8550","page","type-page","status-publish","hentry"],"acf":[],"yoast_head":"<!-- This site is optimized with the Yoast SEO plugin v28.0 - https:\/\/yoast.com\/product\/yoast-seo-wordpress\/ -->\n<title>Sport - Maimarkt Turnier<\/title>\n<meta name=\"robots\" content=\"index, follow, max-snippet:-1, max-image-preview:large, max-video-preview:-1\" \/>\n<link rel=\"canonical\" href=\"https:\/\/www.maimarkt-turnier.de\/sport\/\" \/>\n<meta property=\"og:locale\" content=\"de_DE\" \/>\n<meta property=\"og:type\" content=\"article\" \/>\n<meta property=\"og:title\" content=\"Sport - Maimarkt Turnier\" \/>\n<meta property=\"og:description\" content=\"Sport beim Maimarkt-TurnierDisziplinenSeit 1964 ist das Maimarkt-Turnier eines der wichtigsten Reitturniere f\u00fcr den deutschen und europ\u00e4ischen Pferdesport. Neben den internationalen Spring- und Dressurpr\u00fcfungen auf 4*-Niveau, werden auch national ausgeschriebene Dressur- und Springpr\u00fcfungen bis hin zur schweren Klasse durchgef\u00fchrt. Dar\u00fcber hinaus ist Mannheim ein weltweiter Vorreiter auf dem Gebiet der Inklusion und Integration von Reitern mit [&hellip;]\" \/>\n<meta property=\"og:url\" content=\"https:\/\/www.maimarkt-turnier.de\/sport\/\" \/>\n<meta property=\"og:site_name\" content=\"Maimarkt Turnier\" \/>\n<meta property=\"article:modified_time\" content=\"2026-06-12T09:02:26+00:00\" \/>\n<meta property=\"og:image\" content=\"https:\/\/upload.wikimedia.org\/wikipedia\/commons\/thumb\/b\/ba\/Flag_of_Germany.svg\/20px-Flag_of_Germany.svg.png\" \/>\n<meta name=\"twitter:label1\" content=\"Gesch\u00e4tzte Lesezeit\" \/>\n\t<meta name=\"twitter:data1\" content=\"38\u00a0Minuten\" \/>\n<script type=\"application\/ld+json\" class=\"yoast-schema-graph\">{\"@context\":\"https:\\\/\\\/schema.org\",\"@graph\":[{\"@type\":\"WebPage\",\"@id\":\"https:\\\/\\\/www.maimarkt-turnier.de\\\/sport\\\/\",\"url\":\"https:\\\/\\\/www.maimarkt-turnier.de\\\/sport\\\/\",\"name\":\"Sport - Maimarkt Turnier\",\"isPartOf\":{\"@id\":\"https:\\\/\\\/www.maimarkt-turnier.de\\\/#website\"},\"primaryImageOfPage\":{\"@id\":\"https:\\\/\\\/www.maimarkt-turnier.de\\\/sport\\\/#primaryimage\"},\"image\":{\"@id\":\"https:\\\/\\\/www.maimarkt-turnier.de\\\/sport\\\/#primaryimage\"},\"thumbnailUrl\":\"https:\\\/\\\/upload.wikimedia.org\\\/wikipedia\\\/commons\\\/thumb\\\/b\\\/ba\\\/Flag_of_Germany.svg\\\/20px-Flag_of_Germany.svg.png\",\"datePublished\":\"2023-01-18T15:06:45+00:00\",\"dateModified\":\"2026-06-12T09:02:26+00:00\",\"breadcrumb\":{\"@id\":\"https:\\\/\\\/www.maimarkt-turnier.de\\\/sport\\\/#breadcrumb\"},\"inLanguage\":\"de\",\"potentialAction\":[{\"@type\":\"ReadAction\",\"target\":[\"https:\\\/\\\/www.maimarkt-turnier.de\\\/sport\\\/\"]}]},{\"@type\":\"ImageObject\",\"inLanguage\":\"de\",\"@id\":\"https:\\\/\\\/www.maimarkt-turnier.de\\\/sport\\\/#primaryimage\",\"url\":\"https:\\\/\\\/upload.wikimedia.org\\\/wikipedia\\\/commons\\\/thumb\\\/b\\\/ba\\\/Flag_of_Germany.svg\\\/20px-Flag_of_Germany.svg.png\",\"contentUrl\":\"https:\\\/\\\/upload.wikimedia.org\\\/wikipedia\\\/commons\\\/thumb\\\/b\\\/ba\\\/Flag_of_Germany.svg\\\/20px-Flag_of_Germany.svg.png\"},{\"@type\":\"BreadcrumbList\",\"@id\":\"https:\\\/\\\/www.maimarkt-turnier.de\\\/sport\\\/#breadcrumb\",\"itemListElement\":[{\"@type\":\"ListItem\",\"position\":1,\"name\":\"Startseite\",\"item\":\"https:\\\/\\\/www.maimarkt-turnier.de\\\/\"},{\"@type\":\"ListItem\",\"position\":2,\"name\":\"Sport\"}]},{\"@type\":\"WebSite\",\"@id\":\"https:\\\/\\\/www.maimarkt-turnier.de\\\/#website\",\"url\":\"https:\\\/\\\/www.maimarkt-turnier.de\\\/\",\"name\":\"Maimarkt Turnier\",\"description\":\"62. MAIMARKT-TURNIER AM 01. \u2013 06. MAI 2026\",\"publisher\":{\"@id\":\"https:\\\/\\\/www.maimarkt-turnier.de\\\/#organization\"},\"potentialAction\":[{\"@type\":\"SearchAction\",\"target\":{\"@type\":\"EntryPoint\",\"urlTemplate\":\"https:\\\/\\\/www.maimarkt-turnier.de\\\/?s={search_term_string}\"},\"query-input\":{\"@type\":\"PropertyValueSpecification\",\"valueRequired\":true,\"valueName\":\"search_term_string\"}}],\"inLanguage\":\"de\"},{\"@type\":\"Organization\",\"@id\":\"https:\\\/\\\/www.maimarkt-turnier.de\\\/#organization\",\"name\":\"Maimarkt Turnier\",\"url\":\"https:\\\/\\\/www.maimarkt-turnier.de\\\/\",\"logo\":{\"@type\":\"ImageObject\",\"inLanguage\":\"de\",\"@id\":\"https:\\\/\\\/www.maimarkt-turnier.de\\\/#\\\/schema\\\/logo\\\/image\\\/\",\"url\":\"https:\\\/\\\/www.maimarkt-turnier.de\\\/wp-content\\\/uploads\\\/2022\\\/03\\\/MMT_Logo_footer_2022.png\",\"contentUrl\":\"https:\\\/\\\/www.maimarkt-turnier.de\\\/wp-content\\\/uploads\\\/2022\\\/03\\\/MMT_Logo_footer_2022.png\",\"width\":2560,\"height\":2382,\"caption\":\"Maimarkt Turnier\"},\"image\":{\"@id\":\"https:\\\/\\\/www.maimarkt-turnier.de\\\/#\\\/schema\\\/logo\\\/image\\\/\"}}]}<\/script>\n<!-- \/ Yoast SEO plugin. -->","yoast_head_json":{"title":"Sport - Maimarkt Turnier","robots":{"index":"index","follow":"follow","max-snippet":"max-snippet:-1","max-image-preview":"max-image-preview:large","max-video-preview":"max-video-preview:-1"},"canonical":"https:\/\/www.maimarkt-turnier.de\/sport\/","og_locale":"de_DE","og_type":"article","og_title":"Sport - Maimarkt Turnier","og_description":"Sport beim Maimarkt-TurnierDisziplinenSeit 1964 ist das Maimarkt-Turnier eines der wichtigsten Reitturniere f\u00fcr den deutschen und europ\u00e4ischen Pferdesport. Neben den internationalen Spring- und Dressurpr\u00fcfungen auf 4*-Niveau, werden auch national ausgeschriebene Dressur- und Springpr\u00fcfungen bis hin zur schweren Klasse durchgef\u00fchrt. Dar\u00fcber hinaus ist Mannheim ein weltweiter Vorreiter auf dem Gebiet der Inklusion und Integration von Reitern mit [&hellip;]","og_url":"https:\/\/www.maimarkt-turnier.de\/sport\/","og_site_name":"Maimarkt Turnier","article_modified_time":"2026-06-12T09:02:26+00:00","og_image":[{"url":"https:\/\/upload.wikimedia.org\/wikipedia\/commons\/thumb\/b\/ba\/Flag_of_Germany.svg\/20px-Flag_of_Germany.svg.png","type":"","width":"","height":""}],"twitter_misc":{"Gesch\u00e4tzte Lesezeit":"38\u00a0Minuten"},"schema":{"@context":"https:\/\/schema.org","@graph":[{"@type":"WebPage","@id":"https:\/\/www.maimarkt-turnier.de\/sport\/","url":"https:\/\/www.maimarkt-turnier.de\/sport\/","name":"Sport - Maimarkt Turnier","isPartOf":{"@id":"https:\/\/www.maimarkt-turnier.de\/#website"},"primaryImageOfPage":{"@id":"https:\/\/www.maimarkt-turnier.de\/sport\/#primaryimage"},"image":{"@id":"https:\/\/www.maimarkt-turnier.de\/sport\/#primaryimage"},"thumbnailUrl":"https:\/\/upload.wikimedia.org\/wikipedia\/commons\/thumb\/b\/ba\/Flag_of_Germany.svg\/20px-Flag_of_Germany.svg.png","datePublished":"2023-01-18T15:06:45+00:00","dateModified":"2026-06-12T09:02:26+00:00","breadcrumb":{"@id":"https:\/\/www.maimarkt-turnier.de\/sport\/#breadcrumb"},"inLanguage":"de","potentialAction":[{"@type":"ReadAction","target":["https:\/\/www.maimarkt-turnier.de\/sport\/"]}]},{"@type":"ImageObject","inLanguage":"de","@id":"https:\/\/www.maimarkt-turnier.de\/sport\/#primaryimage","url":"https:\/\/upload.wikimedia.org\/wikipedia\/commons\/thumb\/b\/ba\/Flag_of_Germany.svg\/20px-Flag_of_Germany.svg.png","contentUrl":"https:\/\/upload.wikimedia.org\/wikipedia\/commons\/thumb\/b\/ba\/Flag_of_Germany.svg\/20px-Flag_of_Germany.svg.png"},{"@type":"BreadcrumbList","@id":"https:\/\/www.maimarkt-turnier.de\/sport\/#breadcrumb","itemListElement":[{"@type":"ListItem","position":1,"name":"Startseite","item":"https:\/\/www.maimarkt-turnier.de\/"},{"@type":"ListItem","position":2,"name":"Sport"}]},{"@type":"WebSite","@id":"https:\/\/www.maimarkt-turnier.de\/#website","url":"https:\/\/www.maimarkt-turnier.de\/","name":"Maimarkt Turnier","description":"62. MAIMARKT-TURNIER AM 01. \u2013 06. MAI 2026","publisher":{"@id":"https:\/\/www.maimarkt-turnier.de\/#organization"},"potentialAction":[{"@type":"SearchAction","target":{"@type":"EntryPoint","urlTemplate":"https:\/\/www.maimarkt-turnier.de\/?s={search_term_string}"},"query-input":{"@type":"PropertyValueSpecification","valueRequired":true,"valueName":"search_term_string"}}],"inLanguage":"de"},{"@type":"Organization","@id":"https:\/\/www.maimarkt-turnier.de\/#organization","name":"Maimarkt Turnier","url":"https:\/\/www.maimarkt-turnier.de\/","logo":{"@type":"ImageObject","inLanguage":"de","@id":"https:\/\/www.maimarkt-turnier.de\/#\/schema\/logo\/image\/","url":"https:\/\/www.maimarkt-turnier.de\/wp-content\/uploads\/2022\/03\/MMT_Logo_footer_2022.png","contentUrl":"https:\/\/www.maimarkt-turnier.de\/wp-content\/uploads\/2022\/03\/MMT_Logo_footer_2022.png","width":2560,"height":2382,"caption":"Maimarkt Turnier"},"image":{"@id":"https:\/\/www.maimarkt-turnier.de\/#\/schema\/logo\/image\/"}}]}},"_links":{"self":[{"href":"https:\/\/www.maimarkt-turnier.de\/wp-json\/wp\/v2\/pages\/8550","targetHints":{"allow":["GET"]}}],"collection":[{"href":"https:\/\/www.maimarkt-turnier.de\/wp-json\/wp\/v2\/pages"}],"about":[{"href":"https:\/\/www.maimarkt-turnier.de\/wp-json\/wp\/v2\/types\/page"}],"author":[{"embeddable":true,"href":"https:\/\/www.maimarkt-turnier.de\/wp-json\/wp\/v2\/users\/21"}],"replies":[{"embeddable":true,"href":"https:\/\/www.maimarkt-turnier.de\/wp-json\/wp\/v2\/comments?post=8550"}],"version-history":[{"count":12,"href":"https:\/\/www.maimarkt-turnier.de\/wp-json\/wp\/v2\/pages\/8550\/revisions"}],"predecessor-version":[{"id":10951,"href":"https:\/\/www.maimarkt-turnier.de\/wp-json\/wp\/v2\/pages\/8550\/revisions\/10951"}],"wp:attachment":[{"href":"https:\/\/www.maimarkt-turnier.de\/wp-json\/wp\/v2\/media?parent=8550"}],"curies":[{"name":"wp","href":"https:\/\/api.w.org\/{rel}","templated":true}]}}